{"id":3619,"date":"2018-05-13T15:21:55","date_gmt":"2018-05-13T19:21:55","guid":{"rendered":"https:\/\/www.globecar.com\/locations\/%wpseo_locations_category%\/centre-ville-montreal-berri-uqam-village-gai\/"},"modified":"2025-09-05T12:32:11","modified_gmt":"2025-09-05T16:32:11","slug":"centre-ville-berri-uqam-village-gai","status":"publish","type":"wpseo_locations","link":"https:\/\/www.globecar.com\/fr\/succursale\/canada\/quebec\/montreal\/centre-ville-berri-uqam-village-gai\/","title":{"rendered":"Centre-ville de Montr\u00e9al &#8211; Berri-UQAM \/ Village Gai"},"content":{"rendered":"","protected":false},"excerpt":{"rendered":"<p>Notre succursale Berri-UQAM est situ\u00e9e \u00e0 l&rsquo;int\u00e9rieur de la Place Dupuis et dessert l&rsquo;UQAM (Universit\u00e9 du Qu\u00e9bec \u00e0 Montr\u00e9al), le village gai, la rue St-Denis, l&rsquo;H\u00f4tel des Gouverneurs et le terminus d&rsquo;autocar de Montr\u00e9al<\/p>\n","protected":false},"author":1,"featured_media":0,"parent":0,"menu_order":0,"template":"","meta":{"_acf_changed":false,"_genesis_hide_title":false,"_genesis_hide_breadcrumbs":false,"_genesis_hide_singular_image":false,"_genesis_hide_footer_widgets":false,"_genesis_custom_body_class":"","_genesis_custom_post_class":"","_genesis_layout":"","jetpack_post_was_ever_published":false,"footnotes":""},"wpseo_locations_category":[4320,4324,4323],"class_list":{"0":"post-3619","1":"wpseo_locations","2":"type-wpseo_locations","3":"status-publish","5":"wpseo_locations_category-canada","6":"wpseo_locations_category-montreal","7":"wpseo_locations_category-quebec","8":"entry","9":"has-post-thumbnail"},"acf":[],"yoast_head":"<!-- This site is optimized with the Yoast SEO Premium plugin v27.1 (Yoast SEO v27.1.1) - https:\/\/yoast.com\/product\/yoast-seo-premium-wordpress\/ -->\n<title>Centre-ville Montr\u00e9al - Berri-UQAM | Globe Location de Voitures &amp; Camions \u00e0 Montr\u00e9al<\/title>\n<meta name=\"description\" content=\"Notre succursale Berri-UQAM est situ\u00e9e \u00e0 l&#039;int\u00e9rieur de la Place Dupuis et dessert l&#039;UQAM (Universit\u00e9 du Qu\u00e9bec \u00e0 Montr\u00e9al), lel village gai, la rue St-Denis, l&#039;H\u00f4tel des Gouverneurs et le terminus d&#039;autocar de Montr\u00e9al\" \/>\n<meta name=\"robots\" content=\"index, follow, max-snippet:-1, max-image-preview:large, max-video-preview:-1\" \/>\n<link rel=\"canonical\" href=\"https:\/\/www.globecar.com\/fr\/succursale\/canada\/quebec\/montreal\/centre-ville-berri-uqam-village-gai\/\" \/>\n<meta property=\"og:locale\" content=\"fr_CA\" \/>\n<meta property=\"og:type\" content=\"article\" \/>\n<meta property=\"og:title\" content=\"Centre-ville de Montr\u00e9al - Berri-UQAM \/ Village Gai\" \/>\n<meta property=\"og:description\" content=\"Notre succursale Berri-UQAM est situ\u00e9e \u00e0 l&#039;int\u00e9rieur de la Place Dupuis et dessert l&#039;UQAM (Universit\u00e9 du Qu\u00e9bec \u00e0 Montr\u00e9al), le village gai, la rue St-Denis, l&#039;H\u00f4tel des Gouverneurs et le terminus d&#039;autocar de Montr\u00e9al\" \/>\n<meta property=\"og:url\" content=\"https:\/\/www.globecar.com\/fr\/succursale\/canada\/quebec\/montreal\/centre-ville-berri-uqam-village-gai\/\" \/>\n<meta property=\"og:site_name\" content=\"Globe Location de Voitures &amp; Camions \u00e0 Montr\u00e9al\" \/>\n<meta property=\"article:publisher\" content=\"https:\/\/www.facebook.com\/GlobeCar\" \/>\n<meta property=\"article:modified_time\" content=\"2025-09-05T16:32:11+00:00\" \/>\n<meta property=\"og:image\" content=\"https:\/\/www.globecar.com\/wp-content\/uploads\/2023\/12\/thumbnail_logo_final-1.jpg\" \/>\n\t<meta property=\"og:image:width\" content=\"555\" \/>\n\t<meta property=\"og:image:height\" content=\"555\" \/>\n\t<meta property=\"og:image:type\" content=\"image\/jpeg\" \/>\n<meta name=\"twitter:card\" content=\"summary_large_image\" \/>\n<meta name=\"twitter:site\" content=\"@GlobeCar\" \/>\n<meta name=\"twitter:label1\" content=\"Estimation du temps de lecture\" \/>\n\t<meta name=\"twitter:data1\" content=\"7 minutes\" \/>\n<script type=\"application\/ld+json\" class=\"yoast-schema-graph\">{\"@context\":\"https:\/\/schema.org\",\"@graph\":[{\"@type\":\"WebPage\",\"@id\":\"https:\/\/www.globecar.com\/fr\/succursale\/canada\/quebec\/montreal\/centre-ville-berri-uqam-village-gai\/\",\"url\":\"https:\/\/www.globecar.com\/fr\/succursale\/canada\/quebec\/montreal\/centre-ville-berri-uqam-village-gai\/\",\"name\":\"Centre-ville Montr\u00e9al - Berri-UQAM | Globe Location de Voitures &amp; Camions \u00e0 Montr\u00e9al\",\"isPartOf\":{\"@id\":\"https:\/\/www.globecar.com\/fr\/#website\"},\"datePublished\":\"2018-05-13T19:21:55+00:00\",\"dateModified\":\"2025-09-05T16:32:11+00:00\",\"description\":\"Notre succursale Berri-UQAM est situ\u00e9e \u00e0 l'int\u00e9rieur de la Place Dupuis et dessert l'UQAM (Universit\u00e9 du Qu\u00e9bec \u00e0 Montr\u00e9al), lel village gai, la rue St-Denis, l'H\u00f4tel des Gouverneurs et le terminus d'autocar de Montr\u00e9al\",\"breadcrumb\":{\"@id\":\"https:\/\/www.globecar.com\/fr\/succursale\/canada\/quebec\/montreal\/centre-ville-berri-uqam-village-gai\/#breadcrumb\"},\"inLanguage\":\"fr-CA\",\"potentialAction\":[{\"@type\":\"ReadAction\",\"target\":[\"https:\/\/www.globecar.com\/fr\/succursale\/canada\/quebec\/montreal\/centre-ville-berri-uqam-village-gai\/\"]}]},{\"@type\":\"BreadcrumbList\",\"@id\":\"https:\/\/www.globecar.com\/fr\/succursale\/canada\/quebec\/montreal\/centre-ville-berri-uqam-village-gai\/#breadcrumb\",\"itemListElement\":[{\"@type\":\"ListItem\",\"position\":1,\"name\":\"Accueil\",\"item\":\"https:\/\/www.globecar.com\/fr\/\"},{\"@type\":\"ListItem\",\"position\":2,\"name\":\"Succursales\",\"item\":\"https:\/\/www.globecar.com\/fr\/locations\/\"},{\"@type\":\"ListItem\",\"position\":3,\"name\":\"Canada\",\"item\":\"https:\/\/www.globecar.com\/fr\/succursales\/canada\/\"},{\"@type\":\"ListItem\",\"position\":4,\"name\":\"Qu\u00e9bec\",\"item\":\"https:\/\/www.globecar.com\/fr\/succursales\/quebec\/\"},{\"@type\":\"ListItem\",\"position\":5,\"name\":\"Montr\u00e9al\",\"item\":\"https:\/\/www.globecar.com\/fr\/succursales\/montreal\/\"},{\"@type\":\"ListItem\",\"position\":6,\"name\":\"Centre-ville de Montr\u00e9al &#8211; Berri-UQAM \/ Village Gai\"}]},{\"@type\":\"WebSite\",\"@id\":\"https:\/\/www.globecar.com\/fr\/#website\",\"url\":\"https:\/\/www.globecar.com\/fr\/\",\"name\":\"Globe Location d'Autos et Camions \u00e0 Montr\u00e9al\",\"description\":\"Drive 4 Less\",\"publisher\":{\"@id\":\"https:\/\/www.globecar.com\/fr\/#organization\"},\"alternateName\":\"GlobeCar\",\"potentialAction\":[{\"@type\":\"SearchAction\",\"target\":{\"@type\":\"EntryPoint\",\"urlTemplate\":\"https:\/\/www.globecar.com\/fr\/?s={search_term_string}\"},\"query-input\":{\"@type\":\"PropertyValueSpecification\",\"valueRequired\":true,\"valueName\":\"search_term_string\"}}],\"inLanguage\":\"fr-CA\"},{\"@type\":\"Organization\",\"@id\":\"https:\/\/www.globecar.com\/fr\/#organization\",\"name\":\"Globe Car & Truck Rental\",\"alternateName\":\"GlobeCar\",\"url\":\"https:\/\/www.globecar.com\/fr\/\",\"logo\":{\"@type\":\"ImageObject\",\"inLanguage\":\"fr-CA\",\"@id\":\"https:\/\/www.globecar.com\/fr\/#\/schema\/logo\/image\/\",\"url\":\"https:\/\/www.globecar.com\/wp-content\/uploads\/2023\/12\/thumbnail_logo_final-1.jpg\",\"contentUrl\":\"https:\/\/www.globecar.com\/wp-content\/uploads\/2023\/12\/thumbnail_logo_final-1.jpg\",\"width\":555,\"height\":555,\"caption\":\"Globe Car & Truck Rental\"},\"image\":{\"@id\":\"https:\/\/www.globecar.com\/fr\/#\/schema\/logo\/image\/\"},\"sameAs\":[\"https:\/\/www.facebook.com\/GlobeCar\",\"https:\/\/x.com\/GlobeCar\",\"https:\/\/mastodon.social\/@globecar\",\"https:\/\/www.instagram.com\/globecar\/\",\"https:\/\/www.linkedin.com\/company\/globecar\/\",\"https:\/\/www.pinterest.com\/globecar\",\"https:\/\/www.youtube.com\/c\/GlobecarRentals\"]}]}<\/script>\n<meta name=\"geo.placename\" content=\"Montr\u00e9al\" \/>\n<meta name=\"geo.position\" content=\"45.515952;-73.55868429999998\" \/>\n<meta name=\"geo.region\" content=\"Canada\" \/>\n<!-- \/ Yoast SEO Premium plugin. -->","yoast_head_json":{"title":"Centre-ville Montr\u00e9al - Berri-UQAM | Globe Location de Voitures &amp; Camions \u00e0 Montr\u00e9al","description":"Notre succursale Berri-UQAM est situ\u00e9e \u00e0 l'int\u00e9rieur de la Place Dupuis et dessert l'UQAM (Universit\u00e9 du Qu\u00e9bec \u00e0 Montr\u00e9al), lel village gai, la rue St-Denis, l'H\u00f4tel des Gouverneurs et le terminus d'autocar de Montr\u00e9al","robots":{"index":"index","follow":"follow","max-snippet":"max-snippet:-1","max-image-preview":"max-image-preview:large","max-video-preview":"max-video-preview:-1"},"canonical":"https:\/\/www.globecar.com\/fr\/succursale\/canada\/quebec\/montreal\/centre-ville-berri-uqam-village-gai\/","og_locale":"fr_CA","og_type":"article","og_title":"Centre-ville de Montr\u00e9al - Berri-UQAM \/ Village Gai","og_description":"Notre succursale Berri-UQAM est situ\u00e9e \u00e0 l'int\u00e9rieur de la Place Dupuis et dessert l'UQAM (Universit\u00e9 du Qu\u00e9bec \u00e0 Montr\u00e9al), le village gai, la rue St-Denis, l'H\u00f4tel des Gouverneurs et le terminus d'autocar de Montr\u00e9al","og_url":"https:\/\/www.globecar.com\/fr\/succursale\/canada\/quebec\/montreal\/centre-ville-berri-uqam-village-gai\/","og_site_name":"Globe Location de Voitures &amp; Camions \u00e0 Montr\u00e9al","article_publisher":"https:\/\/www.facebook.com\/GlobeCar","article_modified_time":"2025-09-05T16:32:11+00:00","og_image":[{"width":555,"height":555,"url":"https:\/\/www.globecar.com\/wp-content\/uploads\/2023\/12\/thumbnail_logo_final-1.jpg","type":"image\/jpeg"}],"twitter_card":"summary_large_image","twitter_site":"@GlobeCar","twitter_misc":{"Estimation du temps de lecture":"7 minutes"},"schema":{"@context":"https:\/\/schema.org","@graph":[{"@type":"WebPage","@id":"https:\/\/www.globecar.com\/fr\/succursale\/canada\/quebec\/montreal\/centre-ville-berri-uqam-village-gai\/","url":"https:\/\/www.globecar.com\/fr\/succursale\/canada\/quebec\/montreal\/centre-ville-berri-uqam-village-gai\/","name":"Centre-ville Montr\u00e9al - Berri-UQAM | Globe Location de Voitures &amp; Camions \u00e0 Montr\u00e9al","isPartOf":{"@id":"https:\/\/www.globecar.com\/fr\/#website"},"datePublished":"2018-05-13T19:21:55+00:00","dateModified":"2025-09-05T16:32:11+00:00","description":"Notre succursale Berri-UQAM est situ\u00e9e \u00e0 l'int\u00e9rieur de la Place Dupuis et dessert l'UQAM (Universit\u00e9 du Qu\u00e9bec \u00e0 Montr\u00e9al), lel village gai, la rue St-Denis, l'H\u00f4tel des Gouverneurs et le terminus d'autocar de Montr\u00e9al","breadcrumb":{"@id":"https:\/\/www.globecar.com\/fr\/succursale\/canada\/quebec\/montreal\/centre-ville-berri-uqam-village-gai\/#breadcrumb"},"inLanguage":"fr-CA","potentialAction":[{"@type":"ReadAction","target":["https:\/\/www.globecar.com\/fr\/succursale\/canada\/quebec\/montreal\/centre-ville-berri-uqam-village-gai\/"]}]},{"@type":"BreadcrumbList","@id":"https:\/\/www.globecar.com\/fr\/succursale\/canada\/quebec\/montreal\/centre-ville-berri-uqam-village-gai\/#breadcrumb","itemListElement":[{"@type":"ListItem","position":1,"name":"Accueil","item":"https:\/\/www.globecar.com\/fr\/"},{"@type":"ListItem","position":2,"name":"Succursales","item":"https:\/\/www.globecar.com\/fr\/locations\/"},{"@type":"ListItem","position":3,"name":"Canada","item":"https:\/\/www.globecar.com\/fr\/succursales\/canada\/"},{"@type":"ListItem","position":4,"name":"Qu\u00e9bec","item":"https:\/\/www.globecar.com\/fr\/succursales\/quebec\/"},{"@type":"ListItem","position":5,"name":"Montr\u00e9al","item":"https:\/\/www.globecar.com\/fr\/succursales\/montreal\/"},{"@type":"ListItem","position":6,"name":"Centre-ville de Montr\u00e9al &#8211; Berri-UQAM \/ Village Gai"}]},{"@type":"WebSite","@id":"https:\/\/www.globecar.com\/fr\/#website","url":"https:\/\/www.globecar.com\/fr\/","name":"Globe Location d'Autos et Camions \u00e0 Montr\u00e9al","description":"Drive 4 Less","publisher":{"@id":"https:\/\/www.globecar.com\/fr\/#organization"},"alternateName":"GlobeCar","potentialAction":[{"@type":"SearchAction","target":{"@type":"EntryPoint","urlTemplate":"https:\/\/www.globecar.com\/fr\/?s={search_term_string}"},"query-input":{"@type":"PropertyValueSpecification","valueRequired":true,"valueName":"search_term_string"}}],"inLanguage":"fr-CA"},{"@type":"Organization","@id":"https:\/\/www.globecar.com\/fr\/#organization","name":"Globe Car & Truck Rental","alternateName":"GlobeCar","url":"https:\/\/www.globecar.com\/fr\/","logo":{"@type":"ImageObject","inLanguage":"fr-CA","@id":"https:\/\/www.globecar.com\/fr\/#\/schema\/logo\/image\/","url":"https:\/\/www.globecar.com\/wp-content\/uploads\/2023\/12\/thumbnail_logo_final-1.jpg","contentUrl":"https:\/\/www.globecar.com\/wp-content\/uploads\/2023\/12\/thumbnail_logo_final-1.jpg","width":555,"height":555,"caption":"Globe Car & Truck Rental"},"image":{"@id":"https:\/\/www.globecar.com\/fr\/#\/schema\/logo\/image\/"},"sameAs":["https:\/\/www.facebook.com\/GlobeCar","https:\/\/x.com\/GlobeCar","https:\/\/mastodon.social\/@globecar","https:\/\/www.instagram.com\/globecar\/","https:\/\/www.linkedin.com\/company\/globecar\/","https:\/\/www.pinterest.com\/globecar","https:\/\/www.youtube.com\/c\/GlobecarRentals"]}]},"geo.placename":"Montr\u00e9al","geo.position":{"lat":"45.515952","long":"-73.55868429999998"},"geo.region":"Canada"},"jetpack_sharing_enabled":true,"_links":{"self":[{"href":"https:\/\/www.globecar.com\/fr\/wp-json\/wp\/v2\/wpseo_locations\/3619","targetHints":{"allow":["GET"]}}],"collection":[{"href":"https:\/\/www.globecar.com\/fr\/wp-json\/wp\/v2\/wpseo_locations"}],"about":[{"href":"https:\/\/www.globecar.com\/fr\/wp-json\/wp\/v2\/types\/wpseo_locations"}],"author":[{"embeddable":true,"href":"https:\/\/www.globecar.com\/fr\/wp-json\/wp\/v2\/users\/1"}],"version-history":[{"count":0,"href":"https:\/\/www.globecar.com\/fr\/wp-json\/wp\/v2\/wpseo_locations\/3619\/revisions"}],"wp:attachment":[{"href":"https:\/\/www.globecar.com\/fr\/wp-json\/wp\/v2\/media?parent=3619"}],"wp:term":[{"taxonomy":"wpseo_locations_category","embeddable":true,"href":"https:\/\/www.globecar.com\/fr\/wp-json\/wp\/v2\/wpseo_locations_category?post=3619"}],"curies":[{"name":"wp","href":"https:\/\/api.w.org\/{rel}","templated":true}]}}