{"id":5121,"date":"2018-08-20T15:15:28","date_gmt":"2018-08-20T19:15:28","guid":{"rendered":"https:\/\/www.globecar.com\/assurances-pour-vehicules-de-location\/"},"modified":"2025-04-21T11:45:06","modified_gmt":"2025-04-21T15:45:06","slug":"couverture","status":"publish","type":"page","link":"https:\/\/www.globecar.com\/fr\/couverture\/","title":{"rendered":"Couverture pour v\u00e9hicules de location"},"content":{"rendered":"<div class=\"wpb-content-wrapper\"><p>[vc_row is_header=\u00a0\u00bbtrue\u00a0\u00bb][vc_column width=\u00a0\u00bb1\/2&Prime;][vc_column_text]<\/p>\n<h1>Assurance auto<\/h1>\n<h2>La cl\u00e9 pour votre tranquillit\u00e9 d&rsquo;esprit!<\/h2>\n<p>Vous ne trouverez aucune autre entreprise de location de v\u00e9hicules dont la politique d&rsquo;assurance est plus transparente que celle de Globe. Pour assurer notre protection et celle de nos clients, nous demandons que tous <a href=\"https:\/\/www.globecar.com\/fr\/vehicules\/\">nos v\u00e9hicules<\/a> soient bien assur\u00e9s. Votre tranquillit\u00e9 d&rsquo;esprit est notre priorit\u00e9. En cliquant sur chaque \u00ab i \u00bb vous r\u00e9v\u00e9lerez toutes les informations de chaque rubrique. Nous n&rsquo;avons rien oubli\u00e9!![\/vc_column_text][\/vc_column][vc_column width=\u00a0\u00bb1\/2&Prime;][vc_single_image image=\u00a0\u00bb2817&Prime; img_size=\u00a0\u00bbfull\u00a0\u00bb alignment=\u00a0\u00bbright\u00a0\u00bb][\/vc_column][\/vc_row][vc_row][vc_column][vc_wp_custommenu nav_menu=\u00a0\u00bb2428&Prime;][\/vc_column][\/vc_row][vc_section is_container=\u00a0\u00bbtrue\u00a0\u00bb][vc_row][vc_column][vc_column_text css=\u00a0\u00bb\u00a0\u00bb]<\/p>\n<table>\n<tbody>\n<tr>\n<td style=\"vertical-align: top;\">\n<h3>Couverture auto<br \/>\nD\u00e9tails<\/h3>\n<\/td>\n<td style=\"background-color: #f8f9f7; text-align: center; vertical-align: top;\">\n<h3>Excellente <span class=\"tooltip\" data-tooltip-content=\"#tooltip_content4520\"><i class=\"fa fa-info-circle\" aria-hidden=\"true\"><\/i><\/span><div class=\"tooltip_templates\"><div id=\"tooltip_content4520\"><h4>Sup\u00e9rieure : EDC + PAP (0 $ de franchise)<\/h4><p><strong>Le meilleur choix!<\/strong> Cette couverture vous garantit une tranquillit\u00e9 d&rsquo;esprit totale. Aucune r\u00e9clamation, aucun formulaire, aucun souci avec votre compagnie de carte de cr\u00e9dit. Vous n&rsquo;avez qu&rsquo;\u00e0 prendre possession de votre v\u00e9hicule et partir. Et ce qui est encore mieux c&rsquo;est le plan \u00e0 0$ de franchise en cas d&rsquo;accident, accompagn\u00e9 de compensations pour interruptions de voyage.<\/p>\n<\/div><\/div><\/h3>\n<div class=\"disclaimer\">\n<p>EDC + PAP<br \/>\n(0$ de Franchise)<\/p>\n<\/div>\n<\/td>\n<td style=\"text-align: center; vertical-align: top;\">\n<h3>Tr\u00e8s bien <span class=\"tooltip\" data-tooltip-content=\"#tooltip_content4550\"><i class=\"fa fa-info-circle\" aria-hidden=\"true\"><\/i><\/span><div class=\"tooltip_templates\"><div id=\"tooltip_content4550\"><h4>Meilleure : EDC (franchise 500 $)<\/h4><p><strong>L&rsquo;EDC<\/strong>\u00a0(Exon\u00e9ration de Dommage par Collision) couvre le v\u00e9hicule de location en cas d&rsquo;accident ou de vol. Il s&rsquo;agit de l&rsquo;assurance la plus \u00e9conomique disponible.<\/p>\n<\/div><\/div><\/h3>\n<div class=\"disclaimer\">\n<p>EDC<br \/>\n(Franchise de 500$,<br \/>\n1000$ pour les camions)<\/p>\n<\/div>\n<\/td>\n<td style=\"background-color: #f8f9f7; text-align: center; vertical-align: top;\">\n<h3>Bien<\/h3>\n<h3><span class=\"tooltip\" data-tooltip-content=\"#tooltip_content4549\"><i class=\"fa fa-info-circle\" aria-hidden=\"true\"><\/i><\/span><div class=\"tooltip_templates\"><div id=\"tooltip_content4549\"><h4>Bien : Assurance avec votre carte de cr\u00e9dit + PAP<\/h4><p><strong>L&rsquo;assurance avec votre carte de cr\u00e9dit + PAP<\/strong> (Protection Assistance Plus) est une assurance hybride. Le plan PAP permet d&rsquo;ajouter certains avantages \u00e0 l&rsquo;assurance offerte par votre carte de cr\u00e9dit, incluant la couverture pour interruption de voyage.<\/p>\n<\/div><\/div><\/h3>\n<div class=\"disclaimer\">\n<p>Assurance<\/p>\n<p>Carte de Cr\u00e9dit + PAP<\/p>\n<\/div>\n<\/td>\n<td style=\"text-align: center; vertical-align: top;\">\n<h3>Moyenne <span class=\"tooltip\" data-tooltip-content=\"#tooltip_content4548\"><i class=\"fa fa-info-circle\" aria-hidden=\"true\"><\/i><\/span><div class=\"tooltip_templates\"><div id=\"tooltip_content4548\"><h4>Moyenne : Assurance de votre carte de cr\u00e9dit<\/h4><p><strong>L&rsquo;assurance offerte par votre carte de cr\u00e9dit<\/strong> seulement est un choix risqu\u00e9! Certaines cartes de cr\u00e9dit peuvent assurer le v\u00e9hicule lou\u00e9, mais elles imposent souvent des conditions particuli\u00e8res ainsi que des limites de couverture. Dans le cas d&rsquo;une r\u00e9clamation refus\u00e9e par la compagnie de carte de cr\u00e9dit, c&rsquo;est la personne qui a lou\u00e9 le v\u00e9hicule qui devra assumer l&rsquo;enti\u00e8re responsabilit\u00e9 pour le vol ou les dommages au v\u00e9hicule.<\/p>\n<\/div><\/div><\/h3>\n<div class=\"disclaimer\">\n<p>Assurance<br \/>\nCarte de Cr\u00e9dit<\/p>\n<\/div>\n<\/td>\n<td style=\"background-color: #f8f9f7; text-align: center; vertical-align: top;\">\n<h3>M\u00e9diocre <span class=\"tooltip\" data-tooltip-content=\"#tooltip_content4584\"><i class=\"fa fa-info-circle\" aria-hidden=\"true\"><\/i><\/span><div class=\"tooltip_templates\"><div id=\"tooltip_content4584\"><h4>M\u00e9diocre : Assurance-auto personnelle<\/h4><p><strong>Assurance-auto personnelle &#8211;<\/strong> les deux principaux probl\u00e8mes que repr\u00e9sente l&rsquo;utilisation de votre assurance-auto personnelle pour assurer un v\u00e9hicule de location sont les suivants :<br \/>\n1) Toute r\u00e9clamation sera trait\u00e9e comme s&rsquo;il s&rsquo;agissait de votre v\u00e9hicule personnel<br \/>\n2) En cas de r\u00e9clamation, votre prime d&rsquo;assurance va augmenter chaque ann\u00e9e<br \/>\nLes restrictions, la franchise, etc. vont s&rsquo;appliquer au v\u00e9hicule que vous louez. Toute erreur sera consid\u00e9r\u00e9e comme la responsabilit\u00e9 du conducteur.<\/p>\n<\/div><\/div><\/h3>\n<div class=\"disclaimer\">\n<p>Assurance auto<br \/>\npersonnelle<\/p>\n<\/div>\n<\/td>\n<\/tr>\n<tr>\n<td>Tranquillit\u00e9 d&rsquo;esprit <span class=\"tooltip\" data-tooltip-content=\"#tooltip_content4522\"><i class=\"fa fa-info-circle\" aria-hidden=\"true\"><\/i><\/span><div class=\"tooltip_templates\"><div id=\"tooltip_content4522\"><h4>La Tranquillit\u00e9 d&rsquo;esprit<\/h4><p><strong>L&rsquo;EDC<\/strong>\u00a0(Exon\u00e9ration de Dommage par Collision) offerte par Globe est une v\u00e9ritable protection sans souci. Il s&rsquo;agit de la meilleure alternative en mati\u00e8re de protection puisqu&rsquo;elle vous d\u00e9gage de toute responsabilit\u00e9 en cas d&rsquo;accident, que vous soyez responsable ou pas. Remarque : une franchise de 500 $ est pr\u00e9vue \u00e0 moins que vous ne choisissiez l&rsquo;option PAP qui r\u00e9duit votre responsabilit\u00e9 \u00e0 0 $.<\/p>\n<p>Les <strong>compagnies de cartes de cr\u00e9dit<\/strong> vous demandent de remplir des formulaires \u00e0 n&rsquo;en plus finir et de fournir une douzaine de justificatifs avant de prendre pr\u00e8s de six mois en moyenne pour r\u00e9gler une r\u00e9clamation.<\/p>\n<p>Votre\u00a0<strong>assurance-auto personnelle<\/strong>\u00a0vous fera ouvrir une r\u00e9clamation comme si vous aviez eu un accident avec votre propre voiture. Vous devez aussi payer une franchise et vos primes d&rsquo;assurance seront augment\u00e9es l&rsquo;ann\u00e9e suivante (et toutes les ann\u00e9es subs\u00e9quentes).<\/p>\n<\/div><\/div><\/td>\n<td style=\"background-color: #f8f9f7; text-align: center; vertical-align: middle;\"><i class=\"fa fa-check \" ><\/i><\/td>\n<td style=\"text-align: center; vertical-align: middle;\"><i class=\"fa fa-check \" ><\/i><\/td>\n<td style=\"background-color: #f8f9f7; text-align: center; vertical-align: middle;\"><\/td>\n<td style=\"text-align: center; vertical-align: middle;\"><\/td>\n<td style=\"background-color: #f8f9f7; text-align: center; vertical-align: middle;\"><\/td>\n<\/tr>\n<tr>\n<td>Nombre illimit\u00e9 de jours de location <span class=\"tooltip\" data-tooltip-content=\"#tooltip_content4521\"><i class=\"fa fa-info-circle\" aria-hidden=\"true\"><\/i><\/span><div class=\"tooltip_templates\"><div id=\"tooltip_content4521\"><h4>Nombre illimit\u00e9 de jours de location<\/h4><p><strong>\u00a0L&rsquo;EDC et la PAP<\/strong> offrent des locations \u00e0 dur\u00e9e illimit\u00e9e.<\/p>\n<p>Les locations avec <strong>carte de cr\u00e9dit<\/strong> sont limit\u00e9es \u00e0 une p\u00e9riode de 28 \u00e0 48 jours. Le non-respect de cette condition peut entra\u00eener le rejet d&rsquo;une r\u00e9clamation aupr\u00e8s de votre compagnie de carte de cr\u00e9dit.<\/p>\n<p><strong>L&rsquo;assurance-auto personnelle<\/strong> peut varier d&rsquo;une compagnie et d&rsquo;une province \u00e0 l&rsquo;autre. Veuillez v\u00e9rifier les dispositions de votre assurance-auto personnelle aupr\u00e8s de votre compagnie d&rsquo;assurance.<\/p>\n<\/div><\/div><\/td>\n<td style=\"background-color: #f8f9f7; text-align: center; vertical-align: middle;\"><i class=\"fa fa-check \" ><\/i><\/td>\n<td style=\"text-align: center; vertical-align: middle;\"><i class=\"fa fa-check \" ><\/i><\/td>\n<td style=\"background-color: #f8f9f7; text-align: center; vertical-align: middle;\"><\/td>\n<td style=\"text-align: center; vertical-align: middle;\"><\/td>\n<td style=\"background-color: #f8f9f7; text-align: center; vertical-align: middle;\"><\/td>\n<\/tr>\n<tr>\n<td>Valeur illimit\u00e9e du PDSF <span class=\"tooltip\" data-tooltip-content=\"#tooltip_content4583\"><i class=\"fa fa-info-circle\" aria-hidden=\"true\"><\/i><\/span><div class=\"tooltip_templates\"><div id=\"tooltip_content4583\"><h4>Valeur illimit\u00e9e du PDSF<\/h4><p><strong>L&rsquo;EDC et la PAP<\/strong> fournis par Globe n&rsquo;appliquent pas une valeur plafond au v\u00e9hicule.<\/p>\n<p><strong>L&rsquo;assurance-auto des cartes de cr\u00e9dit <\/strong> applique une valeur plafond au PDSF (prix de d\u00e9tail sugg\u00e9r\u00e9 par le fabricant). Cela signifie que si l&rsquo;assurance-auto de votre carte de cr\u00e9dit offre une valeur maximale de 35 000$ pour le v\u00e9hicule lou\u00e9, alors que sa valeur r\u00e9elle est de 42 000$, c&rsquo;est vous qui devrez payer la diff\u00e9rence.<\/p>\n<p><strong>Les assurances-auto personnelles<\/strong> imposent aussi une limite en fonction de la valeur de votre voiture personnelle. Ce qui veut dire que si la valeur du v\u00e9hicule que vous louez est sup\u00e9rieure \u00e0 celle de votre v\u00e9hicule personnel (comme dans le cas d&rsquo;un v\u00e9hicule de cat\u00e9gorie sup\u00e9rieure), la diff\u00e9rence de prix en cas de r\u00e9clamation sera aux frais du conducteur.<\/p>\n<\/div><\/div><\/td>\n<td style=\"background-color: #f8f9f7; text-align: center; vertical-align: middle;\"><i class=\"fa fa-check \" ><\/i><\/td>\n<td style=\"text-align: center; vertical-align: middle;\"><i class=\"fa fa-check \" ><\/i><\/td>\n<td style=\"background-color: #f8f9f7; text-align: center; vertical-align: middle;\"><\/td>\n<td style=\"text-align: center; vertical-align: middle;\"><\/td>\n<td style=\"background-color: #f8f9f7; text-align: center; vertical-align: middle;\"><\/td>\n<\/tr>\n<tr>\n<td>Couverture conducteurs additionnels <span class=\"tooltip\" data-tooltip-content=\"#tooltip_content4582\"><i class=\"fa fa-info-circle\" aria-hidden=\"true\"><\/i><\/span><div class=\"tooltip_templates\"><div id=\"tooltip_content4582\"><h4>Couverture conducteurs additionnels<\/h4><p><strong>L&rsquo;EDC et la PAP<\/strong> offerts par Globe s&rsquo;appliquent \u00e0 tous les conducteurs dont le nom appara\u00eet sur le contrat de location.<\/p>\n<p><strong>L&rsquo;assurance-auto d&rsquo;une carte de cr\u00e9dit<\/strong> n&rsquo;offre pas n\u00e9cessairement une protection pour les conducteurs additionnels. Veuillez v\u00e9rifier avec votre compagnie de carte de cr\u00e9dit.<\/p>\n<p><strong>L&rsquo;assurance-auto personnelle<\/strong> n&rsquo;offre pas n\u00e9cessairement une protection pour les conducteurs additionnels, plus particuli\u00e8rement si leur nom n&rsquo;appara\u00eet pas sur votre contrat. Veuillez v\u00e9rifier avec votre compagnie d&rsquo;assurance.<\/p>\n<\/div><\/div><\/td>\n<td style=\"background-color: #f8f9f7; text-align: center; vertical-align: middle;\"><i class=\"fa fa-check \" ><\/i><\/td>\n<td style=\"text-align: center; vertical-align: middle;\"><i class=\"fa fa-check \" ><\/i><\/td>\n<td style=\"background-color: #f8f9f7; text-align: center; vertical-align: middle;\"><\/td>\n<td style=\"text-align: center; vertical-align: middle;\"><\/td>\n<td style=\"background-color: #f8f9f7; text-align: center; vertical-align: middle;\"><\/td>\n<\/tr>\n<tr>\n<td>Couverture\u00a0 VUS <span class=\"tooltip\" data-tooltip-content=\"#tooltip_content4581\"><i class=\"fa fa-info-circle\" aria-hidden=\"true\"><\/i><\/span><div class=\"tooltip_templates\"><div id=\"tooltip_content4581\"><h4>Couverture VUS<\/h4><p><strong>L&rsquo;EDC et la PAP<\/strong> offerts par Globe couvrent tous les types de location, y compris tous les VUS disponibles dans sa flotte de v\u00e9hicules.<\/p>\n<p><strong>Les assurances de cartes de cr\u00e9dit<\/strong> ne couvent pas n\u00e9cessairement la location d&rsquo;un VUS (v\u00e9hicules 4&#215;4). Veuillez v\u00e9rifier avec votre compagnie de carte de cr\u00e9dit.<\/p>\n<p><strong>Certaines assurances-auto personnelles<\/strong> n&rsquo;offrent pas l&rsquo;assurance des VUS de location (v\u00e9hicules 4&#215;4) \u00e0 moins que votre v\u00e9hicule personnel soit un VUS ou un v\u00e9hicule de la m\u00eame classe et de la m\u00eame valeur. Veuillez v\u00e9rifier aupr\u00e8s de votre compagnie d&rsquo;assurance personnelle.<\/p>\n<\/div><\/div><\/td>\n<td style=\"background-color: #f8f9f7; text-align: center; vertical-align: middle;\"><i class=\"fa fa-check \" ><\/i><\/td>\n<td style=\"text-align: center; vertical-align: middle;\"><i class=\"fa fa-check \" ><\/i><\/td>\n<td style=\"background-color: #f8f9f7; text-align: center; vertical-align: middle;\"><\/td>\n<td style=\"text-align: center; vertical-align: middle;\"><\/td>\n<td style=\"background-color: #f8f9f7; text-align: center; vertical-align: middle;\"><\/td>\n<\/tr>\n<tr>\n<td>Couverture collision <span class=\"tooltip\" data-tooltip-content=\"#tooltip_content4678\"><i class=\"fa fa-info-circle\" aria-hidden=\"true\"><\/i><\/span><div class=\"tooltip_templates\"><div id=\"tooltip_content4678\"><h4>Assurance collision<\/h4><p><strong>L&rsquo;EDC et la PAP<\/strong> offerts par Globe vous assurent une protection contre d&rsquo;\u00e9ventuels dommages ou le vol de votre v\u00e9hicule de location.<\/p>\n<p><strong>L&rsquo;assurance offerte par une carte de cr\u00e9dit<\/strong> peut varier d&rsquo;une compagnie \u00e0 l&rsquo;autre &#8211; certaines offrent une assurance collision et d&rsquo;autres non. Le titulaire de la carte de cr\u00e9dit a la responsabilit\u00e9 de valider son degr\u00e9 de couverture. Nous n&rsquo;assumons aucune responsabilit\u00e9 quant aux couvertures offertes car il s&rsquo;agit l\u00e0 d&rsquo;un contrat qui vous lie \u00e0 eux. Certaines compagnies de carte de cr\u00e9dit vous offrent une protection dans votre pays d&rsquo;origine seulement. Ce type de protection pourrait ne pas \u00eatre valide \u00e0 l&rsquo;\u00e9tranger. De plus, certaines n&rsquo;offrent pas de protection pour les VUS et les 4&#215;4. Il est important donc de v\u00e9rifier les d\u00e9tails de l&rsquo;assurance que vous offre votre carte de cr\u00e9dit avant de louer un v\u00e9hicule.<\/p>\n<p><strong>Les assurances-auto personnelles<\/strong> doivent poss\u00e9der un avenant de remplacement (aussi connu sous le code FAQ 27, QEF27, FEQ etc) dans la police d&rsquo;assurance pour \u00eatre valides. Pour assurer votre protection, nous avons besoin d&rsquo;une copie de votre police d&rsquo;assurance-auto personnelle au moment o\u00f9 vous r\u00e9cup\u00e8rerez le v\u00e9hicule de location. Veuillez faire les v\u00e9rifications n\u00e9cessaires aupr\u00e8s de votre compagnie d&rsquo;assurance-auto.<\/p>\n<\/div><\/div><\/td>\n<td style=\"background-color: #f8f9f7; text-align: center; vertical-align: middle;\"><i class=\"fa fa-check \" ><\/i><\/td>\n<td style=\"text-align: center; vertical-align: middle;\"><i class=\"fa fa-check \" ><\/i><\/td>\n<td style=\"background-color: #f8f9f7; text-align: center; vertical-align: middle;\"><i class=\"fa fa-check \" ><\/i><\/td>\n<td style=\"text-align: center; vertical-align: middle;\"><\/td>\n<td style=\"background-color: #f8f9f7; text-align: center; vertical-align: middle;\"><\/td>\n<\/tr>\n<tr>\n<td>Protection-vol <span class=\"tooltip\" data-tooltip-content=\"#tooltip_content4669\"><i class=\"fa fa-info-circle\" aria-hidden=\"true\"><\/i><\/span><div class=\"tooltip_templates\"><div id=\"tooltip_content4669\"><h4>Protection-vol<\/h4><p><strong>L&rsquo;EDC et la PAP<\/strong> offerts par Globe couvrent le vol pour toutes les cat\u00e9gories de v\u00e9hicule de sa flotte.<\/p>\n<p><strong>Les compagnies de carte de cr\u00e9dit<\/strong> ne couvrent pas n\u00e9cessairement le vol d&rsquo;une voiture de location. Veuillez v\u00e9rifier cette information aupr\u00e8s de votre compagnie de carte de cr\u00e9dit.<\/p>\n<p><strong>Les assurances-auto personnelles<\/strong> ne couvrent pas n\u00e9cessairement le vol d&rsquo;une voiture de location \u00e0 moins que votre v\u00e9hicule personnel soit de la m\u00eame cat\u00e9gorie et qu&rsquo;il ait la m\u00eame valeur que le v\u00e9hicule que vous louez. Veuillez v\u00e9rifier ces informations aupr\u00e8s de votre compagnie d&rsquo;assurance.<\/p>\n<\/div><\/div><\/td>\n<td style=\"background-color: #f8f9f7; text-align: center; vertical-align: middle;\"><i class=\"fa fa-check \" ><\/i><\/td>\n<td style=\"text-align: center; vertical-align: middle;\"><i class=\"fa fa-check \" ><\/i><\/td>\n<td style=\"background-color: #f8f9f7; text-align: center; vertical-align: middle;\"><i class=\"fa fa-check \" ><\/i><\/td>\n<td style=\"text-align: center; vertical-align: middle;\"><i class=\"fa fa-check \" ><\/i><\/td>\n<td style=\"background-color: #f8f9f7; text-align: center; vertical-align: middle;\"><\/td>\n<\/tr>\n<tr>\n<td>Pas d&rsquo;augmentation de vos<br \/>\nprimes d&rsquo;assurance auto <span class=\"tooltip\" data-tooltip-content=\"#tooltip_content4676\"><i class=\"fa fa-info-circle\" aria-hidden=\"true\"><\/i><\/span><div class=\"tooltip_templates\"><div id=\"tooltip_content4676\"><h4>Aucune augmentation de vos primes d&rsquo;assurance<\/h4><p><strong>L&rsquo;EDC et la PAP<\/strong> n&rsquo;affectent pas vos primes d&rsquo;assurance-auto annuelles dans le cas d&rsquo;une r\u00e9clamation<\/p>\n<p><strong>La couverture par carte de cr\u00e9dit<\/strong> n&rsquo;affecte pas non plus vos primes annuelles d&rsquo;assurance-auto personnelle.<\/p>\n<p><strong>Votre assurance-auto personnelle<\/strong> <u>aura un effet direct<\/u>. Les r\u00e9clamations sont ajout\u00e9es \u00e0 votre dossier de r\u00e9clamations et cela peut se traduire par une augmentation des primes d&rsquo;assurance des ann\u00e9es \u00e0 venir.<\/p>\n<\/div><\/div><\/td>\n<td style=\"background-color: #f8f9f7; text-align: center; vertical-align: middle;\"><i class=\"fa fa-check \" ><\/i><\/td>\n<td style=\"text-align: center; vertical-align: middle;\"><i class=\"fa fa-check \" ><\/i><\/td>\n<td style=\"background-color: #f8f9f7; text-align: center; vertical-align: middle;\"><i class=\"fa fa-check \" ><\/i><\/td>\n<td style=\"text-align: center; vertical-align: middle;\"><i class=\"fa fa-check \" ><\/i><\/td>\n<td style=\"background-color: #f8f9f7; text-align: center; vertical-align: middle;\"><\/td>\n<\/tr>\n<tr>\n<td>Aucune franchise <span class=\"tooltip\" data-tooltip-content=\"#tooltip_content4675\"><i class=\"fa fa-info-circle\" aria-hidden=\"true\"><\/i><\/span><div class=\"tooltip_templates\"><div id=\"tooltip_content4675\"><h4>Aucune franchise<\/h4><p><strong>L&rsquo;EDC et la PAP<\/strong> offrent une protection combin\u00e9e \u00e0 0$ de franchise en cas de collision avec le v\u00e9hicule lou\u00e9. La PAP offre aussi la couverture pour l&rsquo;interruption de voyage. L&rsquo;EDC choisie sans la PAP limite votre responsabilit\u00e9 \u00e0 500$ par incident.<\/p>\n<p><strong>Les compagnies de carte de cr\u00e9dit<\/strong> peuvent offrir une protection avec ou sans franchise. Veuillez v\u00e9rifier ces informations aupr\u00e8s de votre compagnie de carte de cr\u00e9dit.<\/p>\n<p><strong>Les assurances-auto personnelles<\/strong> imposent des franchises allant de 250 \u00e0 3000$. Les polices d&rsquo;assurance les plus ch\u00e8res n&rsquo;imposent aucune franchise. Veuillez v\u00e9rifier ces informations aupr\u00e8s de votre compagnie d&rsquo;assurance.<\/p>\n<\/div><\/div><\/td>\n<td style=\"background-color: #f8f9f7; text-align: center; vertical-align: middle;\"><i class=\"fa fa-check \" ><\/i><\/td>\n<td style=\"text-align: center; vertical-align: middle;\"><\/td>\n<td style=\"background-color: #f8f9f7; text-align: center; vertical-align: middle;\"><i class=\"fa fa-check \" ><\/i><\/td>\n<td style=\"text-align: center; vertical-align: middle;\"><i class=\"fa fa-check \" ><\/i><\/td>\n<td style=\"background-color: #f8f9f7; text-align: center; vertical-align: middle;\"><\/td>\n<\/tr>\n<tr>\n<td>Protection Pneus <span class=\"tooltip\" data-tooltip-content=\"#tooltip_content4674\"><i class=\"fa fa-info-circle\" aria-hidden=\"true\"><\/i><\/span><div class=\"tooltip_templates\"><div id=\"tooltip_content4674\"><h4>Protection des pneus<\/h4><p>La\u00a0<strong>PAP<\/strong> remboursera les co\u00fbts r\u00e9sultant de tout dommage caus\u00e9 aux pneus comme une crevaison, un bris caus\u00e9 par le frottement sur un trottoir ou une d\u00e9chirure.<\/p>\n<p><strong>Les compagnies de carte de cr\u00e9dit<\/strong> n&rsquo;offrent pas de protection contre les dommages aux pneus caus\u00e9s par la chauss\u00e9e.<\/p>\n<p><strong>Les compagnies d&rsquo;assurance-auto personnelles<\/strong> n&rsquo;offrent pas ce type de protection.<\/p>\n<\/div><\/div><\/td>\n<td style=\"background-color: #f8f9f7; text-align: center; vertical-align: middle;\"><i class=\"fa fa-check \" ><\/i><\/td>\n<td style=\"text-align: center; vertical-align: middle;\"><\/td>\n<td style=\"background-color: #f8f9f7; text-align: center; vertical-align: middle;\"><i class=\"fa fa-check \" ><\/i><\/td>\n<td style=\"text-align: center; vertical-align: middle;\"><\/td>\n<td style=\"background-color: #f8f9f7; text-align: center; vertical-align: middle;\"><\/td>\n<\/tr>\n<tr>\n<td>Protection Pare-Brise <span class=\"tooltip\" data-tooltip-content=\"#tooltip_content4673\"><i class=\"fa fa-info-circle\" aria-hidden=\"true\"><\/i><\/span><div class=\"tooltip_templates\"><div id=\"tooltip_content4673\"><h4>Protection pare-brise<\/h4><p>La\u00a0<strong>PAP<\/strong> paiera ou remboursera les frais de remplacement suite \u00e0 un bris, un \u00e9clat ou une fissure sur un pare-brise caus\u00e9 par l&rsquo;impact d&rsquo;un caillou sur la route. Malheureusement, en raison des durs hivers canadiens, tout bris caus\u00e9 \u00e0 un pare-brise n\u00e9cessite le remplacement de celui-ci car une simple r\u00e9paration engendrerait forc\u00e9ment la formation d&rsquo;une fissure.<\/p>\n<p><strong>Les assurances avec carte de cr\u00e9dit <\/strong> ne couvrent pas n\u00e9cessairement les dommages au pare-brise. Veuillez v\u00e9rifier ces informations aupr\u00e8s de votre compagnie de carte de cr\u00e9dit.<\/p>\n<p><strong>Les assurances-auto personnelles<\/strong> ne couvrent pas n\u00e9cessairement les dommages au pare-brise. Et si elles le font, une franchise s&rsquo;applique. Veuillez v\u00e9rifier ces informations aupr\u00e8s de votre compagnie d&rsquo;assurance.<\/p>\n<\/div><\/div><\/td>\n<td style=\"background-color: #f8f9f7; text-align: center; vertical-align: middle;\"><i class=\"fa fa-check \" ><\/i><\/td>\n<td style=\"text-align: center; vertical-align: middle;\"><\/td>\n<td style=\"background-color: #f8f9f7; text-align: center; vertical-align: middle;\"><i class=\"fa fa-check \" ><\/i><\/td>\n<td style=\"text-align: center; vertical-align: middle;\"><\/td>\n<td style=\"background-color: #f8f9f7; text-align: center; vertical-align: middle;\"><\/td>\n<\/tr>\n<tr>\n<td>Service d&rsquo;assistance-routi\u00e8re d&rsquo;urgence <span class=\"tooltip\" data-tooltip-content=\"#tooltip_content4672\"><i class=\"fa fa-info-circle\" aria-hidden=\"true\"><\/i><\/span><div class=\"tooltip_templates\"><div id=\"tooltip_content4672\"><h4>Service d&rsquo;assistance routi\u00e8re d&rsquo;urgence<\/h4><p><strong>La PAP <\/strong> comprend un service d&rsquo;assistance routi\u00e8re pour vous aider dans le cas o\u00f9 vous oubliez vos cl\u00e9s \u00e0 l&rsquo;int\u00e9rieur du v\u00e9hicule, si vous \u00eates en panne d&rsquo;essence, si vous avez laiss\u00e9 les phares allum\u00e9s, si vous \u00eates pris dans la neige ou si votre v\u00e9hicule \u00e9prouve des probl\u00e8mes m\u00e9caniques. Vous n&rsquo;avez qu&rsquo;\u00e0 appeler au num\u00e9ro qui se trouve au dos du porte-cl\u00e9 du v\u00e9hicule.<\/p>\n<p><strong>Les compagnies de carte de cr\u00e9dit <\/strong> n&rsquo;offrent pas de service d&rsquo;assistance routi\u00e8re pour les v\u00e9hicules de location.<\/p>\n<p><strong>Les assurances-auto personnelles<\/strong> n&rsquo;offrent pas de service d&rsquo;assistance routi\u00e8re pour les v\u00e9hicules de location.<\/p>\n<\/div><\/div><\/td>\n<td style=\"background-color: #f8f9f7; text-align: center; vertical-align: middle;\"><i class=\"fa fa-check \" ><\/i><\/td>\n<td style=\"text-align: center; vertical-align: middle;\"><\/td>\n<td style=\"background-color: #f8f9f7; text-align: center; vertical-align: middle;\"><i class=\"fa fa-check \" ><\/i><\/td>\n<td style=\"text-align: center; vertical-align: middle;\"><\/td>\n<td style=\"background-color: #f8f9f7; text-align: center; vertical-align: middle;\"><\/td>\n<\/tr>\n<tr>\n<td>Remorquage en cas d&rsquo;Accident <span class=\"tooltip\" data-tooltip-content=\"#tooltip_content4671\"><i class=\"fa fa-info-circle\" aria-hidden=\"true\"><\/i><\/span><div class=\"tooltip_templates\"><div id=\"tooltip_content4671\"><h4>Remorquage en cas d&rsquo;accident<\/h4><p><strong>Le PAP<\/strong> comprend un service de remorquage si vous \u00eates impliqu\u00e9s dans un accident de la route et que le v\u00e9hicule de location n&rsquo;est plus en \u00e9tat de marche. Le remorquage vous sera offert sans frais. Sur les autoroutes canadiennes, les services de remorquage sont exclusifs, ce qui signifie que seuls les policiers sont autoris\u00e9s \u00e0 choisir l&rsquo;entreprise de remorquage. Il n&rsquo;est pas rare que des entreprises de remorquage imposent des tarifs aussi \u00e9lev\u00e9s que 750$, pour aider des v\u00e9hicules enlis\u00e9s, pour les kilom\u00e8tres de remorquage parcourus, etc.<\/p>\n<p><strong>Les assurances des compagnies de carte de cr\u00e9dit<\/strong> ne couvrent pas n\u00e9cessairement les frais de remorquage. Veuillez v\u00e9rifier ces informations aupr\u00e8s de votre compagnie de carte de cr\u00e9dit.<\/p>\n<p><strong>Les assurances-auto personnelles<\/strong> ne couvrent pas n\u00e9cessairement les frais de remorquage pour un v\u00e9hicule de location. Si elles le font, une franchise est applicable \u00e0 l&rsquo;ensemble de la r\u00e9clamation. Veuillez v\u00e9rifier ces informations aupr\u00e8s de votre compagnie d&rsquo;assurance.<\/p>\n<\/div><\/div><\/td>\n<td style=\"background-color: #f8f9f7; text-align: center; vertical-align: middle;\"><i class=\"fa fa-check \" ><\/i><\/td>\n<td style=\"text-align: center; vertical-align: middle;\"><\/td>\n<td style=\"background-color: #f8f9f7; text-align: center; vertical-align: middle;\"><i class=\"fa fa-check \" ><\/i><\/td>\n<td style=\"text-align: center; vertical-align: middle;\"><\/td>\n<td style=\"background-color: #f8f9f7; text-align: center; vertical-align: middle;\"><\/td>\n<\/tr>\n<tr>\n<td>Transport d&rsquo;Urgence<br \/>\n(Taxi,\u00a0 etc&#8230;) <span class=\"tooltip\" data-tooltip-content=\"#tooltip_content4670\"><i class=\"fa fa-info-circle\" aria-hidden=\"true\"><\/i><\/span><div class=\"tooltip_templates\"><div id=\"tooltip_content4670\"><h4>Transport d&rsquo;urgence<\/h4><p><strong>La PAP <\/strong> comprend l&rsquo;interruption de voyage caus\u00e9e par un accident ou un probl\u00e8me d&rsquo;ordre m\u00e9canique. Globe remboursera les frais de taxi, transport d&rsquo;urgence, etc. jusqu&rsquo;\u00e0 concurrence de 125$ (incluant les frais et les taxes).<\/p>\n<p><strong>Les compagnies de carte de cr\u00e9dit<\/strong> n&rsquo;offrent pas de compensation pour interruption de voyage pour des raisons d&rsquo;accident ou de retards en lien avec une location de v\u00e9hicule.<\/p>\n<p><strong>Les assurances-auto personnelles<\/strong> n&rsquo;offrent pas de compensation pour interruption de voyage pour des raisons d&rsquo;accident ou de retards en lien avec une location de v\u00e9hicule.<\/p>\n<\/div><\/div><\/td>\n<td style=\"background-color: #f8f9f7; text-align: center; vertical-align: middle;\"><i class=\"fa fa-check \" ><\/i><\/td>\n<td style=\"text-align: center; vertical-align: middle;\"><\/td>\n<td style=\"background-color: #f8f9f7; text-align: center; vertical-align: middle;\"><i class=\"fa fa-check \" ><\/i><\/td>\n<td style=\"text-align: center; vertical-align: middle;\"><\/td>\n<td style=\"background-color: #f8f9f7; text-align: center; vertical-align: middle;\"><\/td>\n<\/tr>\n<tr>\n<td>H\u00e9bergement en h\u00f4tel <span class=\"tooltip\" data-tooltip-content=\"#tooltip_content4668\"><i class=\"fa fa-info-circle\" aria-hidden=\"true\"><\/i><\/span><div class=\"tooltip_templates\"><div id=\"tooltip_content4668\"><h4>H\u00e9bergement en h\u00f4tel<\/h4><p><strong>La PAP<\/strong> comprend le remboursement des frais d&rsquo;h\u00f4tel si jamais vous \u00eates impliqu\u00e9s dans un accident ou si votre v\u00e9hicule n\u00e9cessite une r\u00e9paration ne pouvant \u00eatre faite le jour m\u00eame. Globe remboursera les frais d&rsquo;h\u00f4tel jusqu&rsquo;\u00e0 concurrence de 125$ (incluant les frais et les taxes).<\/p>\n<p><strong>Les compagnies de carte de cr\u00e9dit<\/strong> n&rsquo;offrent pas de compensation pour l&rsquo;h\u00e9bergement en h\u00f4tel en cas d&rsquo;accident ou de retards.<\/p>\n<p><strong>Les assurances-auto personnelles<\/strong> n&rsquo;offrent pas n\u00e9cessairement de compensation pour l&rsquo;h\u00e9bergement en h\u00f4tel en cas d&rsquo;accident ou de retards.<\/p>\n<\/div><\/div><\/td>\n<td style=\"background-color: #f8f9f7; text-align: center; vertical-align: middle;\"><i class=\"fa fa-check \" ><\/i><\/td>\n<td style=\"text-align: center; vertical-align: middle;\"><\/td>\n<td style=\"background-color: #f8f9f7; text-align: center; vertical-align: middle;\"><i class=\"fa fa-check \" ><\/i><\/td>\n<td style=\"text-align: center; vertical-align: middle;\"><\/td>\n<td style=\"background-color: #f8f9f7; text-align: center; vertical-align: middle;\"><\/td>\n<\/tr>\n<tr>\n<td>Frais d&rsquo;Immobilisation <span class=\"tooltip\" data-tooltip-content=\"#tooltip_content4667\"><i class=\"fa fa-info-circle\" aria-hidden=\"true\"><\/i><\/span><div class=\"tooltip_templates\"><div id=\"tooltip_content4667\"><h4>Frais d&rsquo;immobilisation<\/h4><p><strong>La PAP<\/strong> exempte le conducteur du v\u00e9hicule ainsi que tous les conducteurs additionnels pour toute perte de revenu de location r\u00e9sultant d&rsquo;un accident alors que le v\u00e9hicule est pris en charge pour une r\u00e9paration.<\/p>\n<p><strong>Les compagnies de carte de cr\u00e9dit <\/strong> ne couvrent pas n\u00e9cessairement les frais d&rsquo;immobilisation d&rsquo;un v\u00e9hicule de location. Veuillez v\u00e9rifier cette information aupr\u00e8s de votre compagnie d&rsquo;assurance.<\/p>\n<p><strong>Les assurances-auto personnelles<\/strong> n&rsquo;offrent pas de protection pour les frais d&rsquo;immobilisation.<\/p>\n<\/div><\/div><\/td>\n<td style=\"background-color: #f8f9f7; text-align: center; vertical-align: middle;\"><i class=\"fa fa-check \" ><\/i><\/td>\n<td style=\"text-align: center; vertical-align: middle;\"><\/td>\n<td style=\"background-color: #f8f9f7; text-align: center; vertical-align: middle;\"><i class=\"fa fa-check \" ><\/i><\/td>\n<td style=\"text-align: center; vertical-align: middle;\"><\/td>\n<td style=\"background-color: #f8f9f7; text-align: center; vertical-align: middle;\"><\/td>\n<\/tr>\n<tr>\n<td>Exon\u00e9ration de franchise, assurance-auto personnelle <span class=\"tooltip\" data-tooltip-content=\"#tooltip_content4666\"><i class=\"fa fa-info-circle\" aria-hidden=\"true\"><\/i><\/span><div class=\"tooltip_templates\"><div id=\"tooltip_content4666\"><h4>Exon\u00e9ration de franchise<\/h4><p><strong>L&rsquo;exon\u00e9ration de franchise<\/strong> offerte par Globe s&rsquo;applique uniquement aux clients qui choisissent d&rsquo;utiliser leur police d&rsquo;assurance personnelle pour leur location de voiture \u00e0 Montr\u00e9al. L&rsquo;option d&rsquo;\u00e9conomie sur la franchise permet de payer le montant de la franchise (jusqu&rsquo;\u00e0 un maximum de 1000$) exig\u00e9 par leur police d&rsquo;assurance personnelle en cas de r\u00e9clamation pour le v\u00e9hicule lou\u00e9.<\/p>\n<\/div><\/div><\/td>\n<td style=\"background-color: #f8f9f7; text-align: center; vertical-align: middle;\"><i class=\"fa fa-check \" ><\/i><\/td>\n<td style=\"text-align: center; vertical-align: middle;\"><\/td>\n<td style=\"background-color: #f8f9f7; text-align: center; vertical-align: middle;\"><i class=\"fa fa-check \" ><\/i><\/td>\n<td style=\"text-align: center; vertical-align: middle;\"><\/td>\n<td style=\"background-color: #f8f9f7; text-align: center; vertical-align: middle;\"><\/td>\n<\/tr>\n<tr>\n<td>Dommage caus\u00e9 \u00e0 l&rsquo;int\u00e9rieur du v\u00e9hicule lou\u00e9 <span class=\"tooltip\" data-tooltip-content=\"#tooltip_content4665\"><i class=\"fa fa-info-circle\" aria-hidden=\"true\"><\/i><\/span><div class=\"tooltip_templates\"><div id=\"tooltip_content4665\"><h4>Dommage caus\u00e9 \u00e0 l&rsquo;int\u00e9rieur du v\u00e9hicule lou\u00e9<\/h4><p>La protection offerte par la\u00a0<strong>PAP<\/strong> d\u00e9gage le client de sa responsabilit\u00e9 pour tout dommage non-intentionnel caus\u00e9 \u00e0 l&rsquo;int\u00e9rieur du v\u00e9hicule de location tel que le fait de renverser du liquide ou des aliments. Cette protection est limit\u00e9e \u00e0 un montant maximal de 400$ (incluant les frais et les taxes) pour chaque contrat de location.<\/p>\n<\/div><\/div><\/td>\n<td style=\"background-color: #f8f9f7; text-align: center; vertical-align: middle;\"><i class=\"fa fa-check \" ><\/i><\/td>\n<td style=\"text-align: center; vertical-align: middle;\"><\/td>\n<td style=\"background-color: #f8f9f7; text-align: center; vertical-align: middle;\"><i class=\"fa fa-check \" ><\/i><\/td>\n<td style=\"text-align: center; vertical-align: middle;\"><\/td>\n<td style=\"background-color: #f8f9f7; text-align: center; vertical-align: middle;\"><\/td>\n<\/tr>\n<tr>\n<td>Protection d&rsquo;effets personnels <span class=\"tooltip\" data-tooltip-content=\"#tooltip_content4664\"><i class=\"fa fa-info-circle\" aria-hidden=\"true\"><\/i><\/span><div class=\"tooltip_templates\"><div id=\"tooltip_content4664\"><h4>Protection des effets personnels<\/h4><p>La\u00a0<strong>PAP<\/strong> offre le remboursement pour tout bris aux articles et effets personnels (incluant les GPS et CELLULAIRES) se trouvant dans le v\u00e9hicule lou\u00e9. Cette protection est limit\u00e9e \u00e0 un montant maximum de 400$ (incluant les taxes et les frais) par contrat de location. Certaines conditions s&rsquo;appliquent.<\/p>\n<\/div><\/div><\/td>\n<td style=\"background-color: #f8f9f7; text-align: center; vertical-align: middle;\"><i class=\"fa fa-check \" ><\/i><\/td>\n<td style=\"text-align: center; vertical-align: middle;\"><\/td>\n<td style=\"background-color: #f8f9f7; text-align: center; vertical-align: middle;\"><i class=\"fa fa-check \" ><\/i><\/td>\n<td style=\"text-align: center; vertical-align: middle;\"><\/td>\n<td style=\"background-color: #f8f9f7; text-align: center; vertical-align: middle;\"><\/td>\n<\/tr>\n<tr>\n<td>Vols d&rsquo;effets personnels <span class=\"tooltip\" data-tooltip-content=\"#tooltip_content4663\"><i class=\"fa fa-info-circle\" aria-hidden=\"true\"><\/i><\/span><div class=\"tooltip_templates\"><div id=\"tooltip_content4663\"><h4>Vol d&rsquo;effets personnels<\/h4><p>La\u00a0<strong>PAP<\/strong> offre une compensation pour le vol de tout article ou effet personnel (incluant les GPS et CELLULAIRES) laiss\u00e9 dans le v\u00e9hicule lou\u00e9. Le montant de la compensation est limit\u00e9 \u00e0 400$ (incluant les frais et les taxes). Certaines conditions s&rsquo;appliquent.<\/p>\n<\/div><\/div><\/td>\n<td style=\"background-color: #f8f9f7; text-align: center; vertical-align: middle;\"><i class=\"fa fa-check \" ><\/i><\/td>\n<td style=\"text-align: center; vertical-align: middle;\"><\/td>\n<td style=\"background-color: #f8f9f7; text-align: center; vertical-align: middle;\"><i class=\"fa fa-check \" ><\/i><\/td>\n<td style=\"text-align: center; vertical-align: middle;\"><\/td>\n<td style=\"background-color: #f8f9f7; text-align: center; vertical-align: middle;\"><\/td>\n<\/tr>\n<\/tbody>\n<\/table>\n<div class=\"disclaimer\">\n<p style=\"text-align: right;\"><span class=\"red\">L&rsquo;achat de l&rsquo;EDC et\/ou de la PAP n&rsquo;est pas obligatoire. Par contre, une preuve d&rsquo;assurance auto compl\u00e9mentaire est exig\u00e9e.<br \/>\nPAP = Protection Assistance plus\u00a0 EDC<\/span> = Exon\u00e9ration de dommage par Collision<\/p>\n<\/div>\n<p>[\/vc_column_text][\/vc_column][\/vc_row][\/vc_section][vc_section][vc_row full_width=\u00a0\u00bbstretch_row\u00a0\u00bb][vc_column]\n\t\t<div class=\"simple-banner \">\n\t\t\t<img decoding=\"async\" width=\"1574\" height=\"390\" src=\"https:\/\/www.globecar.com\/wp-content\/uploads\/2017\/08\/ready-to-drive.jpg\" class=\"attachment-full size-full\" alt=\"ready-to-drive\" srcset=\"https:\/\/www.globecar.com\/wp-content\/uploads\/2017\/08\/ready-to-drive.jpg 1574w, https:\/\/www.globecar.com\/wp-content\/uploads\/2017\/08\/ready-to-drive-150x37.jpg 150w, https:\/\/www.globecar.com\/wp-content\/uploads\/2017\/08\/ready-to-drive-300x74.jpg 300w, https:\/\/www.globecar.com\/wp-content\/uploads\/2017\/08\/ready-to-drive-768x190.jpg 768w, https:\/\/www.globecar.com\/wp-content\/uploads\/2017\/08\/ready-to-drive-1024x254.jpg 1024w, https:\/\/www.globecar.com\/wp-content\/uploads\/2017\/08\/ready-to-drive-300x74@2x.jpg 600w, https:\/\/www.globecar.com\/wp-content\/uploads\/2017\/08\/ready-to-drive-768x190@2x.jpg 1536w\" sizes=\"(max-width: 1574px) 100vw, 1574px\" \/>\n\t\t\t<div class=\"wrap\"><div class=\"mini-wrap\"><h3>\u00cates-vous pr\u00eat \u00e0 partir?<\/h3><\/div><a class=\"button onDark full large\" href=\"https:\/\/reserve.globecar.com\/fr\/location-voiture\">Louer un v\u00e9hicule<\/a>\t<\/div><\/div>[\/vc_column][\/vc_row][\/vc_section]<\/p>\n<\/div>","protected":false},"excerpt":{"rendered":"<p>[vc_row is_header=\u00a0\u00bbtrue\u00a0\u00bb][vc_column width=\u00a0\u00bb1\/2&Prime;][vc_column_text] Assurance auto La cl\u00e9 pour votre tranquillit\u00e9 d&rsquo;esprit! Vous ne trouverez aucune autre entreprise de location de v\u00e9hicules dont la politique d&rsquo;assurance est plus transparente que celle de Globe. Pour assurer notre protection et celle de nos clients, nous demandons que tous nos v\u00e9hicules soient bien assur\u00e9s. Votre tranquillit\u00e9 d&rsquo;esprit est notre [&hellip;]<\/p>\n","protected":false},"author":1,"featured_media":0,"parent":0,"menu_order":0,"comment_status":"closed","ping_status":"closed","template":"","meta":{"_acf_changed":false,"_genesis_hide_title":false,"_genesis_hide_breadcrumbs":false,"_genesis_hide_singular_image":false,"_genesis_hide_footer_widgets":false,"_genesis_custom_body_class":"","_genesis_custom_post_class":"","_genesis_layout":"","jetpack_post_was_ever_published":false,"footnotes":""},"class_list":{"0":"post-5121","1":"page","2":"type-page","3":"status-publish","5":"entry","6":"has-post-thumbnail"},"acf":[],"yoast_head":"<!-- This site is optimized with the Yoast SEO Premium plugin v27.1 (Yoast SEO v27.1.1) - https:\/\/yoast.com\/product\/yoast-seo-premium-wordpress\/ -->\n<title>Couverture de v\u00e9hicules de location | Globe Location de Voitures &amp; Camions \u00e0 Montr\u00e9al<\/title>\n<meta name=\"description\" content=\"Explication et comparaison des options de couverture d&#039;assurance sur les v\u00e9hicules de location. Soyez prot\u00e9g\u00e9 en choisissant notre protection auto compl\u00e8te!\" \/>\n<meta name=\"robots\" content=\"index, follow, max-snippet:-1, max-image-preview:large, max-video-preview:-1\" \/>\n<link rel=\"canonical\" href=\"https:\/\/www.globecar.com\/fr\/couverture\/\" \/>\n<meta property=\"og:locale\" content=\"fr_CA\" \/>\n<meta property=\"og:type\" content=\"article\" \/>\n<meta property=\"og:title\" content=\"Couverture pour v\u00e9hicules de location\" \/>\n<meta property=\"og:description\" content=\"Assurance auto La cl\u00e9 pour votre tranquillit\u00e9 d&#039;esprit! Vous ne trouverez aucune autre entreprise de location de v\u00e9hicules dont la politique d&#039;assurance\" \/>\n<meta property=\"og:url\" content=\"https:\/\/www.globecar.com\/fr\/couverture\/\" \/>\n<meta property=\"og:site_name\" content=\"Globe Location de Voitures &amp; Camions \u00e0 Montr\u00e9al\" \/>\n<meta property=\"article:publisher\" content=\"https:\/\/www.facebook.com\/GlobeCar\" \/>\n<meta property=\"article:modified_time\" content=\"2025-04-21T15:45:06+00:00\" \/>\n<meta property=\"og:image\" content=\"https:\/\/www.globecar.com\/wp-content\/uploads\/2023\/12\/thumbnail_logo_final-1.jpg\" \/>\n\t<meta property=\"og:image:width\" content=\"555\" \/>\n\t<meta property=\"og:image:height\" content=\"555\" \/>\n\t<meta property=\"og:image:type\" content=\"image\/jpeg\" \/>\n<meta name=\"twitter:card\" content=\"summary_large_image\" \/>\n<meta name=\"twitter:site\" content=\"@GlobeCar\" \/>\n<meta name=\"twitter:label1\" content=\"Estimation du temps de lecture\" \/>\n\t<meta name=\"twitter:data1\" content=\"3 minutes\" \/>\n<script type=\"application\/ld+json\" class=\"yoast-schema-graph\">{\"@context\":\"https:\/\/schema.org\",\"@graph\":[{\"@type\":\"WebPage\",\"@id\":\"https:\/\/www.globecar.com\/fr\/couverture\/\",\"url\":\"https:\/\/www.globecar.com\/fr\/couverture\/\",\"name\":\"Couverture de v\u00e9hicules de location | Globe Location de Voitures &amp; Camions \u00e0 Montr\u00e9al\",\"isPartOf\":{\"@id\":\"https:\/\/www.globecar.com\/fr\/#website\"},\"datePublished\":\"2018-08-20T19:15:28+00:00\",\"dateModified\":\"2025-04-21T15:45:06+00:00\",\"description\":\"Explication et comparaison des options de couverture d'assurance sur les v\u00e9hicules de location. Soyez prot\u00e9g\u00e9 en choisissant notre protection auto compl\u00e8te!\",\"breadcrumb\":{\"@id\":\"https:\/\/www.globecar.com\/fr\/couverture\/#breadcrumb\"},\"inLanguage\":\"fr-CA\",\"potentialAction\":[{\"@type\":\"ReadAction\",\"target\":[\"https:\/\/www.globecar.com\/fr\/couverture\/\"]}]},{\"@type\":\"BreadcrumbList\",\"@id\":\"https:\/\/www.globecar.com\/fr\/couverture\/#breadcrumb\",\"itemListElement\":[{\"@type\":\"ListItem\",\"position\":1,\"name\":\"Accueil\",\"item\":\"https:\/\/www.globecar.com\/fr\/\"},{\"@type\":\"ListItem\",\"position\":2,\"name\":\"Assurances pour v\u00e9hicules de location\"}]},{\"@type\":\"WebSite\",\"@id\":\"https:\/\/www.globecar.com\/fr\/#website\",\"url\":\"https:\/\/www.globecar.com\/fr\/\",\"name\":\"Globe Location d'Autos et Camions \u00e0 Montr\u00e9al\",\"description\":\"Drive 4 Less\",\"publisher\":{\"@id\":\"https:\/\/www.globecar.com\/fr\/#organization\"},\"alternateName\":\"GlobeCar\",\"potentialAction\":[{\"@type\":\"SearchAction\",\"target\":{\"@type\":\"EntryPoint\",\"urlTemplate\":\"https:\/\/www.globecar.com\/fr\/?s={search_term_string}\"},\"query-input\":{\"@type\":\"PropertyValueSpecification\",\"valueRequired\":true,\"valueName\":\"search_term_string\"}}],\"inLanguage\":\"fr-CA\"},{\"@type\":\"Organization\",\"@id\":\"https:\/\/www.globecar.com\/fr\/#organization\",\"name\":\"Globe Car & Truck Rental\",\"alternateName\":\"GlobeCar\",\"url\":\"https:\/\/www.globecar.com\/fr\/\",\"logo\":{\"@type\":\"ImageObject\",\"inLanguage\":\"fr-CA\",\"@id\":\"https:\/\/www.globecar.com\/fr\/#\/schema\/logo\/image\/\",\"url\":\"https:\/\/www.globecar.com\/wp-content\/uploads\/2023\/12\/thumbnail_logo_final-1.jpg\",\"contentUrl\":\"https:\/\/www.globecar.com\/wp-content\/uploads\/2023\/12\/thumbnail_logo_final-1.jpg\",\"width\":555,\"height\":555,\"caption\":\"Globe Car & Truck Rental\"},\"image\":{\"@id\":\"https:\/\/www.globecar.com\/fr\/#\/schema\/logo\/image\/\"},\"sameAs\":[\"https:\/\/www.facebook.com\/GlobeCar\",\"https:\/\/x.com\/GlobeCar\",\"https:\/\/mastodon.social\/@globecar\",\"https:\/\/www.instagram.com\/globecar\/\",\"https:\/\/www.linkedin.com\/company\/globecar\/\",\"https:\/\/www.pinterest.com\/globecar\",\"https:\/\/www.youtube.com\/c\/GlobecarRentals\"]}]}<\/script>\n<!-- \/ Yoast SEO Premium plugin. -->","yoast_head_json":{"title":"Couverture de v\u00e9hicules de location | Globe Location de Voitures &amp; Camions \u00e0 Montr\u00e9al","description":"Explication et comparaison des options de couverture d'assurance sur les v\u00e9hicules de location. Soyez prot\u00e9g\u00e9 en choisissant notre protection auto compl\u00e8te!","robots":{"index":"index","follow":"follow","max-snippet":"max-snippet:-1","max-image-preview":"max-image-preview:large","max-video-preview":"max-video-preview:-1"},"canonical":"https:\/\/www.globecar.com\/fr\/couverture\/","og_locale":"fr_CA","og_type":"article","og_title":"Couverture pour v\u00e9hicules de location","og_description":"Assurance auto La cl\u00e9 pour votre tranquillit\u00e9 d'esprit! Vous ne trouverez aucune autre entreprise de location de v\u00e9hicules dont la politique d'assurance","og_url":"https:\/\/www.globecar.com\/fr\/couverture\/","og_site_name":"Globe Location de Voitures &amp; Camions \u00e0 Montr\u00e9al","article_publisher":"https:\/\/www.facebook.com\/GlobeCar","article_modified_time":"2025-04-21T15:45:06+00:00","og_image":[{"width":555,"height":555,"url":"https:\/\/www.globecar.com\/wp-content\/uploads\/2023\/12\/thumbnail_logo_final-1.jpg","type":"image\/jpeg"}],"twitter_card":"summary_large_image","twitter_site":"@GlobeCar","twitter_misc":{"Estimation du temps de lecture":"3 minutes"},"schema":{"@context":"https:\/\/schema.org","@graph":[{"@type":"WebPage","@id":"https:\/\/www.globecar.com\/fr\/couverture\/","url":"https:\/\/www.globecar.com\/fr\/couverture\/","name":"Couverture de v\u00e9hicules de location | Globe Location de Voitures &amp; Camions \u00e0 Montr\u00e9al","isPartOf":{"@id":"https:\/\/www.globecar.com\/fr\/#website"},"datePublished":"2018-08-20T19:15:28+00:00","dateModified":"2025-04-21T15:45:06+00:00","description":"Explication et comparaison des options de couverture d'assurance sur les v\u00e9hicules de location. Soyez prot\u00e9g\u00e9 en choisissant notre protection auto compl\u00e8te!","breadcrumb":{"@id":"https:\/\/www.globecar.com\/fr\/couverture\/#breadcrumb"},"inLanguage":"fr-CA","potentialAction":[{"@type":"ReadAction","target":["https:\/\/www.globecar.com\/fr\/couverture\/"]}]},{"@type":"BreadcrumbList","@id":"https:\/\/www.globecar.com\/fr\/couverture\/#breadcrumb","itemListElement":[{"@type":"ListItem","position":1,"name":"Accueil","item":"https:\/\/www.globecar.com\/fr\/"},{"@type":"ListItem","position":2,"name":"Assurances pour v\u00e9hicules de location"}]},{"@type":"WebSite","@id":"https:\/\/www.globecar.com\/fr\/#website","url":"https:\/\/www.globecar.com\/fr\/","name":"Globe Location d'Autos et Camions \u00e0 Montr\u00e9al","description":"Drive 4 Less","publisher":{"@id":"https:\/\/www.globecar.com\/fr\/#organization"},"alternateName":"GlobeCar","potentialAction":[{"@type":"SearchAction","target":{"@type":"EntryPoint","urlTemplate":"https:\/\/www.globecar.com\/fr\/?s={search_term_string}"},"query-input":{"@type":"PropertyValueSpecification","valueRequired":true,"valueName":"search_term_string"}}],"inLanguage":"fr-CA"},{"@type":"Organization","@id":"https:\/\/www.globecar.com\/fr\/#organization","name":"Globe Car & Truck Rental","alternateName":"GlobeCar","url":"https:\/\/www.globecar.com\/fr\/","logo":{"@type":"ImageObject","inLanguage":"fr-CA","@id":"https:\/\/www.globecar.com\/fr\/#\/schema\/logo\/image\/","url":"https:\/\/www.globecar.com\/wp-content\/uploads\/2023\/12\/thumbnail_logo_final-1.jpg","contentUrl":"https:\/\/www.globecar.com\/wp-content\/uploads\/2023\/12\/thumbnail_logo_final-1.jpg","width":555,"height":555,"caption":"Globe Car & Truck Rental"},"image":{"@id":"https:\/\/www.globecar.com\/fr\/#\/schema\/logo\/image\/"},"sameAs":["https:\/\/www.facebook.com\/GlobeCar","https:\/\/x.com\/GlobeCar","https:\/\/mastodon.social\/@globecar","https:\/\/www.instagram.com\/globecar\/","https:\/\/www.linkedin.com\/company\/globecar\/","https:\/\/www.pinterest.com\/globecar","https:\/\/www.youtube.com\/c\/GlobecarRentals"]}]}},"jetpack_sharing_enabled":true,"jetpack_shortlink":"https:\/\/wp.me\/PaiT2D-1kB","_links":{"self":[{"href":"https:\/\/www.globecar.com\/fr\/wp-json\/wp\/v2\/pages\/5121","targetHints":{"allow":["GET"]}}],"collection":[{"href":"https:\/\/www.globecar.com\/fr\/wp-json\/wp\/v2\/pages"}],"about":[{"href":"https:\/\/www.globecar.com\/fr\/wp-json\/wp\/v2\/types\/page"}],"author":[{"embeddable":true,"href":"https:\/\/www.globecar.com\/fr\/wp-json\/wp\/v2\/users\/1"}],"replies":[{"embeddable":true,"href":"https:\/\/www.globecar.com\/fr\/wp-json\/wp\/v2\/comments?post=5121"}],"version-history":[{"count":0,"href":"https:\/\/www.globecar.com\/fr\/wp-json\/wp\/v2\/pages\/5121\/revisions"}],"wp:attachment":[{"href":"https:\/\/www.globecar.com\/fr\/wp-json\/wp\/v2\/media?parent=5121"}],"curies":[{"name":"wp","href":"https:\/\/api.w.org\/{rel}","templated":true}]}}