{"id":3782,"date":"2018-05-14T17:01:22","date_gmt":"2018-05-14T21:01:22","guid":{"rendered":"https:\/\/www.globecar.com\/sieges-dappoint-et-sieges-pour-enfants\/"},"modified":"2024-05-08T08:37:01","modified_gmt":"2024-05-08T12:37:01","slug":"sieges-pour-enfants","status":"publish","type":"page","link":"https:\/\/www.globecar.com\/fr\/services-additionnels\/sieges-pour-enfants\/","title":{"rendered":"Si\u00e8ges d&rsquo;appoint et si\u00e8ges pour enfants"},"content":{"rendered":"<div class=\"wpb-content-wrapper\"><p>[vc_row content_placement=\u00a0\u00bbmiddle\u00a0\u00bb is_header=\u00a0\u00bbtrue\u00a0\u00bb][vc_column width=\u00a0\u00bb2\/3&Prime; css=\u00a0\u00bb.vc_custom_1507234915243{padding-top: 3em !important;padding-bottom: 3em !important;}\u00a0\u00bb][vc_column_text]<\/p>\n<h1>VOUS AVEZ BESOIN D&rsquo;UN SI\u00c8GE D&rsquo;APPOINT OU D&rsquo;UN SI\u00c8GE POUR ENFANT?<\/h1>\n<h2>La s\u00e9curit\u00e9 de votre enfant est la priorit\u00e9 num\u00e9ro 1 lorsque vous louvez un v\u00e9hicule \u00e0 Montr\u00e9al.<\/h2>\n<p>Choisir le bon si\u00e8ge pour votre enfant garanti sa s\u00e9curit\u00e9 pour tout le trajet. Nous les offrons en location, mais prenez note que notre politique est de ne jamais les installer en raison de questions d&rsquo;assurance. La plupart de nos employ\u00e9s n&rsquo;ont pas d&rsquo;enfants et ne savent pas comment installer ad\u00e9quatement les si\u00e8ges adapt\u00e9s pour les enfants. Nous vous demandons donc de vous informer en consultant le site du <a href=\"https:\/\/www.tc.gc.ca\/fr\/services\/routier\/securite-sieges-auto-enfants.html\" target=\"_blank\" rel=\"noopener\">Gouvernement du Canada<\/a> ou en visitant le poste de police ou la succursale d&rsquo;un magasin Canadian Tire la plus pr\u00e8s pour obtenir des informations.[\/vc_column_text][\/vc_column][vc_column width=\u00a0\u00bb1\/3&Prime;][vc_single_image image=\u00a0\u00bb3079&Prime; img_size=\u00a0\u00bbfull\u00a0\u00bb alignment=\u00a0\u00bbcenter\u00a0\u00bb][\/vc_column][\/vc_row][vc_section is_container=\u00a0\u00bbtrue\u00a0\u00bb][vc_row][vc_column][vc_column_text]La loi exige que tout enfant d&rsquo;un certain poids prenant place \u00e0 bord d&rsquo;un v\u00e9hicule lou\u00e9 soit assis sur un si\u00e8ge adapt\u00e9 \u00e0 son poids. Globe offre des si\u00e8ges d&rsquo;appoint et des si\u00e8ges pour enfants. Pour savoir si vous avez besoin d&rsquo;un si\u00e8ge d&rsquo;appoint ou d&rsquo;un si\u00e8ge pour enfant, veuillez consulter la <a href=\"https:\/\/saaq.gouv.qc.ca\/securite-routiere\/comportements\/sieges-auto-enfants\/\" target=\"_blank\" rel=\"noopener\">r\u00e9glementation provinciale du Qu\u00e9bec<\/a> applicable \u00e0 Montr\u00e9al. Les deux sites offrents des mises \u00e0 jour r\u00e9centes de la r\u00e9glementation. Nous n&rsquo;offrons pas de si\u00e8ges portables (\u00e0 l&rsquo;intention des enfants d&rsquo;un an ou moins), \u00e9tant donn\u00e9 que la plupart des parents de jeunes enfants en poss\u00e8dent d\u00e9j\u00e0.<\/p>\n<h3>Apportez seulement ce dont vous avez besoin. Et rien d&rsquo;autre.<\/h3>\n<p><strong>Voyagez l\u00e9ger :<\/strong> pourquoi transporter des si\u00e8ges lourds dans le m\u00e9tro ou les a\u00e9roports? Globe a tout ce qu&rsquo;il faut et est pr\u00eat \u00e0 toute \u00e9ventualit\u00e9! \u00c9vitez les frais de surcharge de bagage et les bris lorsque vous voyagez.<\/p>\n<p><strong>Si\u00e8ge pour enfant &#8211; position face vers l&rsquo;avant :<\/strong> les si\u00e8ges pour enfant plac\u00e9s face vers l&rsquo;avant disponibles chez Globe sont munis coussins et de rembourrage qui offrent une protection lat\u00e9rale accrue. Ils peuvent \u00eatre plac\u00e9s dans diff\u00e9rentes positions sans d\u00e9ranger votre enfant. De plus, lorsque le si\u00e8ge est install\u00e9 ad\u00e9quatement, le syst\u00e8me de contr\u00f4le angulaire permet de r\u00e9duire le mouvement vers l&rsquo;avant en cas d&rsquo;accident.<\/p>\n<p><strong>Si\u00e8ge d&rsquo;appoint :<\/strong> les si\u00e8ges d&rsquo;appoint sont con\u00e7us pour les enfants plus \u00e2g\u00e9s afin de leur procurer une position sur\u00e9lev\u00e9e permettant d&rsquo;utiliser ad\u00e9quatement la ceinture de s\u00e9curit\u00e9. Les si\u00e8ges d&rsquo;appoint permettent d&rsquo;asseoir votre enfant de mani\u00e8re s\u00e9curitaire \u00e0 l&rsquo;arri\u00e8re du v\u00e9hicule, en utilisant une ceinture de s\u00e9curit\u00e9 pour adulte dans une position naturelle, ceinturant l&rsquo;\u00e9paule et le bassin.<\/p>\n<p>Pour ajouter un si\u00e8ge pour enfant ou un si\u00e8ge d&rsquo;appoint \u00e0 votre location, veuillez le s\u00e9lectionner \u00e0 l&rsquo;\u00e9tape 2 de notre processus de r\u00e9servation.[\/vc_column_text][\/vc_column][\/vc_row][\/vc_section]<\/p>\n<\/div>","protected":false},"excerpt":{"rendered":"<p>[vc_row content_placement=\u00a0\u00bbmiddle\u00a0\u00bb is_header=\u00a0\u00bbtrue\u00a0\u00bb][vc_column width=\u00a0\u00bb2\/3&Prime; css=\u00a0\u00bb.vc_custom_1507234915243{padding-top: 3em !important;padding-bottom: 3em !important;}\u00a0\u00bb][vc_column_text] VOUS AVEZ BESOIN D&rsquo;UN SI\u00c8GE D&rsquo;APPOINT OU D&rsquo;UN SI\u00c8GE POUR ENFANT? La s\u00e9curit\u00e9 de votre enfant est la priorit\u00e9 num\u00e9ro 1 lorsque vous louvez un v\u00e9hicule \u00e0 Montr\u00e9al. Choisir le bon si\u00e8ge pour votre enfant garanti sa s\u00e9curit\u00e9 pour tout le trajet. Nous les offrons en [&hellip;]<\/p>\n","protected":false},"author":1,"featured_media":0,"parent":3864,"menu_order":0,"comment_status":"closed","ping_status":"closed","template":"","meta":{"_acf_changed":false,"_genesis_hide_title":false,"_genesis_hide_breadcrumbs":false,"_genesis_hide_singular_image":false,"_genesis_hide_footer_widgets":false,"_genesis_custom_body_class":"","_genesis_custom_post_class":"","_genesis_layout":"","jetpack_post_was_ever_published":false,"footnotes":""},"class_list":{"0":"post-3782","1":"page","2":"type-page","3":"status-publish","5":"entry","6":"has-post-thumbnail"},"acf":[],"yoast_head":"<!-- This site is optimized with the Yoast SEO Premium plugin v27.1 (Yoast SEO v27.1.1) - https:\/\/yoast.com\/product\/yoast-seo-premium-wordpress\/ -->\n<title>Si\u00e8ges d&#039;Appoint et pour Enfants | Globe Location de Voitures &amp; Camions \u00e0 Montr\u00e9al<\/title>\n<meta name=\"description\" content=\"Informations sure les si\u00e8ges d&#039;appoint et les si\u00e8ges pour enfants sont offerts avec toutes les cat\u00e9gories de v\u00e9hicule.\" \/>\n<meta name=\"robots\" content=\"index, follow, max-snippet:-1, max-image-preview:large, max-video-preview:-1\" \/>\n<link rel=\"canonical\" href=\"https:\/\/www.globecar.com\/fr\/services-additionnels\/sieges-pour-enfants\/\" \/>\n<meta property=\"og:locale\" content=\"fr_CA\" \/>\n<meta property=\"og:type\" content=\"article\" \/>\n<meta property=\"og:title\" content=\"Si\u00e8ges d&#039;appoint et si\u00e8ges pour enfants\" \/>\n<meta property=\"og:description\" content=\"VOUS AVEZ BESOIN D&#039;UN SI\u00c8GE D&#039;APPOINT OU D&#039;UN SI\u00c8GE POUR ENFANT? La s\u00e9curit\u00e9 de votre enfant est la priorit\u00e9 num\u00e9ro 1 lorsque vous louvez un v\u00e9hicule \u00e0\" \/>\n<meta property=\"og:url\" content=\"https:\/\/www.globecar.com\/fr\/services-additionnels\/sieges-pour-enfants\/\" \/>\n<meta property=\"og:site_name\" content=\"Globe Location de Voitures &amp; Camions \u00e0 Montr\u00e9al\" \/>\n<meta property=\"article:publisher\" content=\"https:\/\/www.facebook.com\/GlobeCar\" \/>\n<meta property=\"article:modified_time\" content=\"2024-05-08T12:37:01+00:00\" \/>\n<meta property=\"og:image\" content=\"https:\/\/www.globecar.com\/wp-content\/uploads\/2023\/12\/thumbnail_logo_final-1.jpg\" \/>\n\t<meta property=\"og:image:width\" content=\"555\" \/>\n\t<meta property=\"og:image:height\" content=\"555\" \/>\n\t<meta property=\"og:image:type\" content=\"image\/jpeg\" \/>\n<meta name=\"twitter:card\" content=\"summary_large_image\" \/>\n<meta name=\"twitter:site\" content=\"@GlobeCar\" \/>\n<meta name=\"twitter:label1\" content=\"Estimation du temps de lecture\" \/>\n\t<meta name=\"twitter:data1\" content=\"2 minutes\" \/>\n<script type=\"application\/ld+json\" class=\"yoast-schema-graph\">{\"@context\":\"https:\/\/schema.org\",\"@graph\":[{\"@type\":\"WebPage\",\"@id\":\"https:\/\/www.globecar.com\/fr\/services-additionnels\/sieges-pour-enfants\/\",\"url\":\"https:\/\/www.globecar.com\/fr\/services-additionnels\/sieges-pour-enfants\/\",\"name\":\"Si\u00e8ges d'Appoint et pour Enfants | Globe Location de Voitures &amp; Camions \u00e0 Montr\u00e9al\",\"isPartOf\":{\"@id\":\"https:\/\/www.globecar.com\/fr\/#website\"},\"datePublished\":\"2018-05-14T21:01:22+00:00\",\"dateModified\":\"2024-05-08T12:37:01+00:00\",\"description\":\"Informations sure les si\u00e8ges d'appoint et les si\u00e8ges pour enfants sont offerts avec toutes les cat\u00e9gories de v\u00e9hicule.\",\"breadcrumb\":{\"@id\":\"https:\/\/www.globecar.com\/fr\/services-additionnels\/sieges-pour-enfants\/#breadcrumb\"},\"inLanguage\":\"fr-CA\",\"potentialAction\":[{\"@type\":\"ReadAction\",\"target\":[\"https:\/\/www.globecar.com\/fr\/services-additionnels\/sieges-pour-enfants\/\"]}]},{\"@type\":\"BreadcrumbList\",\"@id\":\"https:\/\/www.globecar.com\/fr\/services-additionnels\/sieges-pour-enfants\/#breadcrumb\",\"itemListElement\":[{\"@type\":\"ListItem\",\"position\":1,\"name\":\"Accueil\",\"item\":\"https:\/\/www.globecar.com\/fr\/\"},{\"@type\":\"ListItem\",\"position\":2,\"name\":\"Services additionnels\",\"item\":\"https:\/\/www.globecar.com\/fr\/services-additionnels\/\"},{\"@type\":\"ListItem\",\"position\":3,\"name\":\"Si\u00e8ges d&#8217;appoint et si\u00e8ges pour enfants\"}]},{\"@type\":\"WebSite\",\"@id\":\"https:\/\/www.globecar.com\/fr\/#website\",\"url\":\"https:\/\/www.globecar.com\/fr\/\",\"name\":\"Globe Location d'Autos et Camions \u00e0 Montr\u00e9al\",\"description\":\"Drive 4 Less\",\"publisher\":{\"@id\":\"https:\/\/www.globecar.com\/fr\/#organization\"},\"alternateName\":\"GlobeCar\",\"potentialAction\":[{\"@type\":\"SearchAction\",\"target\":{\"@type\":\"EntryPoint\",\"urlTemplate\":\"https:\/\/www.globecar.com\/fr\/?s={search_term_string}\"},\"query-input\":{\"@type\":\"PropertyValueSpecification\",\"valueRequired\":true,\"valueName\":\"search_term_string\"}}],\"inLanguage\":\"fr-CA\"},{\"@type\":\"Organization\",\"@id\":\"https:\/\/www.globecar.com\/fr\/#organization\",\"name\":\"Globe Car & Truck Rental\",\"alternateName\":\"GlobeCar\",\"url\":\"https:\/\/www.globecar.com\/fr\/\",\"logo\":{\"@type\":\"ImageObject\",\"inLanguage\":\"fr-CA\",\"@id\":\"https:\/\/www.globecar.com\/fr\/#\/schema\/logo\/image\/\",\"url\":\"https:\/\/www.globecar.com\/wp-content\/uploads\/2023\/12\/thumbnail_logo_final-1.jpg\",\"contentUrl\":\"https:\/\/www.globecar.com\/wp-content\/uploads\/2023\/12\/thumbnail_logo_final-1.jpg\",\"width\":555,\"height\":555,\"caption\":\"Globe Car & Truck Rental\"},\"image\":{\"@id\":\"https:\/\/www.globecar.com\/fr\/#\/schema\/logo\/image\/\"},\"sameAs\":[\"https:\/\/www.facebook.com\/GlobeCar\",\"https:\/\/x.com\/GlobeCar\",\"https:\/\/mastodon.social\/@globecar\",\"https:\/\/www.instagram.com\/globecar\/\",\"https:\/\/www.linkedin.com\/company\/globecar\/\",\"https:\/\/www.pinterest.com\/globecar\",\"https:\/\/www.youtube.com\/c\/GlobecarRentals\"]}]}<\/script>\n<!-- \/ Yoast SEO Premium plugin. -->","yoast_head_json":{"title":"Si\u00e8ges d'Appoint et pour Enfants | Globe Location de Voitures &amp; Camions \u00e0 Montr\u00e9al","description":"Informations sure les si\u00e8ges d'appoint et les si\u00e8ges pour enfants sont offerts avec toutes les cat\u00e9gories de v\u00e9hicule.","robots":{"index":"index","follow":"follow","max-snippet":"max-snippet:-1","max-image-preview":"max-image-preview:large","max-video-preview":"max-video-preview:-1"},"canonical":"https:\/\/www.globecar.com\/fr\/services-additionnels\/sieges-pour-enfants\/","og_locale":"fr_CA","og_type":"article","og_title":"Si\u00e8ges d'appoint et si\u00e8ges pour enfants","og_description":"VOUS AVEZ BESOIN D'UN SI\u00c8GE D'APPOINT OU D'UN SI\u00c8GE POUR ENFANT? La s\u00e9curit\u00e9 de votre enfant est la priorit\u00e9 num\u00e9ro 1 lorsque vous louvez un v\u00e9hicule \u00e0","og_url":"https:\/\/www.globecar.com\/fr\/services-additionnels\/sieges-pour-enfants\/","og_site_name":"Globe Location de Voitures &amp; Camions \u00e0 Montr\u00e9al","article_publisher":"https:\/\/www.facebook.com\/GlobeCar","article_modified_time":"2024-05-08T12:37:01+00:00","og_image":[{"width":555,"height":555,"url":"https:\/\/www.globecar.com\/wp-content\/uploads\/2023\/12\/thumbnail_logo_final-1.jpg","type":"image\/jpeg"}],"twitter_card":"summary_large_image","twitter_site":"@GlobeCar","twitter_misc":{"Estimation du temps de lecture":"2 minutes"},"schema":{"@context":"https:\/\/schema.org","@graph":[{"@type":"WebPage","@id":"https:\/\/www.globecar.com\/fr\/services-additionnels\/sieges-pour-enfants\/","url":"https:\/\/www.globecar.com\/fr\/services-additionnels\/sieges-pour-enfants\/","name":"Si\u00e8ges d'Appoint et pour Enfants | Globe Location de Voitures &amp; Camions \u00e0 Montr\u00e9al","isPartOf":{"@id":"https:\/\/www.globecar.com\/fr\/#website"},"datePublished":"2018-05-14T21:01:22+00:00","dateModified":"2024-05-08T12:37:01+00:00","description":"Informations sure les si\u00e8ges d'appoint et les si\u00e8ges pour enfants sont offerts avec toutes les cat\u00e9gories de v\u00e9hicule.","breadcrumb":{"@id":"https:\/\/www.globecar.com\/fr\/services-additionnels\/sieges-pour-enfants\/#breadcrumb"},"inLanguage":"fr-CA","potentialAction":[{"@type":"ReadAction","target":["https:\/\/www.globecar.com\/fr\/services-additionnels\/sieges-pour-enfants\/"]}]},{"@type":"BreadcrumbList","@id":"https:\/\/www.globecar.com\/fr\/services-additionnels\/sieges-pour-enfants\/#breadcrumb","itemListElement":[{"@type":"ListItem","position":1,"name":"Accueil","item":"https:\/\/www.globecar.com\/fr\/"},{"@type":"ListItem","position":2,"name":"Services additionnels","item":"https:\/\/www.globecar.com\/fr\/services-additionnels\/"},{"@type":"ListItem","position":3,"name":"Si\u00e8ges d&#8217;appoint et si\u00e8ges pour enfants"}]},{"@type":"WebSite","@id":"https:\/\/www.globecar.com\/fr\/#website","url":"https:\/\/www.globecar.com\/fr\/","name":"Globe Location d'Autos et Camions \u00e0 Montr\u00e9al","description":"Drive 4 Less","publisher":{"@id":"https:\/\/www.globecar.com\/fr\/#organization"},"alternateName":"GlobeCar","potentialAction":[{"@type":"SearchAction","target":{"@type":"EntryPoint","urlTemplate":"https:\/\/www.globecar.com\/fr\/?s={search_term_string}"},"query-input":{"@type":"PropertyValueSpecification","valueRequired":true,"valueName":"search_term_string"}}],"inLanguage":"fr-CA"},{"@type":"Organization","@id":"https:\/\/www.globecar.com\/fr\/#organization","name":"Globe Car & Truck Rental","alternateName":"GlobeCar","url":"https:\/\/www.globecar.com\/fr\/","logo":{"@type":"ImageObject","inLanguage":"fr-CA","@id":"https:\/\/www.globecar.com\/fr\/#\/schema\/logo\/image\/","url":"https:\/\/www.globecar.com\/wp-content\/uploads\/2023\/12\/thumbnail_logo_final-1.jpg","contentUrl":"https:\/\/www.globecar.com\/wp-content\/uploads\/2023\/12\/thumbnail_logo_final-1.jpg","width":555,"height":555,"caption":"Globe Car & Truck Rental"},"image":{"@id":"https:\/\/www.globecar.com\/fr\/#\/schema\/logo\/image\/"},"sameAs":["https:\/\/www.facebook.com\/GlobeCar","https:\/\/x.com\/GlobeCar","https:\/\/mastodon.social\/@globecar","https:\/\/www.instagram.com\/globecar\/","https:\/\/www.linkedin.com\/company\/globecar\/","https:\/\/www.pinterest.com\/globecar","https:\/\/www.youtube.com\/c\/GlobecarRentals"]}]}},"jetpack_sharing_enabled":true,"jetpack_shortlink":"https:\/\/wp.me\/PaiT2D-Z0","_links":{"self":[{"href":"https:\/\/www.globecar.com\/fr\/wp-json\/wp\/v2\/pages\/3782","targetHints":{"allow":["GET"]}}],"collection":[{"href":"https:\/\/www.globecar.com\/fr\/wp-json\/wp\/v2\/pages"}],"about":[{"href":"https:\/\/www.globecar.com\/fr\/wp-json\/wp\/v2\/types\/page"}],"author":[{"embeddable":true,"href":"https:\/\/www.globecar.com\/fr\/wp-json\/wp\/v2\/users\/1"}],"replies":[{"embeddable":true,"href":"https:\/\/www.globecar.com\/fr\/wp-json\/wp\/v2\/comments?post=3782"}],"version-history":[{"count":0,"href":"https:\/\/www.globecar.com\/fr\/wp-json\/wp\/v2\/pages\/3782\/revisions"}],"up":[{"embeddable":true,"href":"https:\/\/www.globecar.com\/fr\/wp-json\/wp\/v2\/pages\/3864"}],"wp:attachment":[{"href":"https:\/\/www.globecar.com\/fr\/wp-json\/wp\/v2\/media?parent=3782"}],"curies":[{"name":"wp","href":"https:\/\/api.w.org\/{rel}","templated":true}]}}