{"id":3683,"date":"2018-05-14T16:02:43","date_gmt":"2018-05-14T20:02:43","guid":{"rendered":"https:\/\/www.globecar.com\/couverture-faq27-de-votre-vehicule-personnel\/"},"modified":"2024-05-08T08:27:56","modified_gmt":"2024-05-08T12:27:56","slug":"faq27","status":"publish","type":"page","link":"https:\/\/www.globecar.com\/fr\/aide\/reclamations\/faq27\/","title":{"rendered":"L&rsquo;avenant FAQ27 de votre v\u00e9hicule personnel"},"content":{"rendered":"<div class=\"wpb-content-wrapper\"><p>[vc_row is_header=\u00a0\u00bbtrue\u00a0\u00bb][vc_column][vc_column_text]<\/p>\n<h1>Vous \u00eates impliqu\u00e9 dans un accident de la route? Ne vous en faites pas!<\/h1>\n<h2>Globe prend en charge gratuitement votre r\u00e9clamation de A \u00e0 Z.<\/h2>\n<p>Par contre, nous avons besoin de votre collaboration pour traiter cette situation le plus facilement possible.<br \/>\nVeuillez lire attentivement les documents suivants car ils contiennent d&rsquo;importantes informations.<\/p>\n<h3>Quelle assurance avez-vous choisie au moment de la location?<\/h3>\n<p><em>Cliquez sur votre plan d&rsquo;assurance ci-dessous<\/em>[\/vc_column_text][\/vc_column][\/vc_row][vc_row][vc_column][vc_wp_custommenu nav_menu=\u00a0\u00bb4098&Prime;][\/vc_column][\/vc_row][vc_section is_container=\u00a0\u00bbtrue\u00a0\u00bb][vc_row][vc_column][vc_column_text]<\/p>\n<h2>Vous avez utilis\u00e9 l&rsquo;avenant FAQ27 de votre contrat d&rsquo;assurance auto personnelle<\/h2>\n<p>Nous vous aiderons \u00e0 compl\u00e9ter la r\u00e9clamation avec aupr\u00e8s de votre assurance auto personnelle. Le processus pour ce type de r\u00e9clamation est le m\u00eame que s&rsquo;il s&rsquo;agissait de dommages caus\u00e9s \u00e0 votre v\u00e9hicule personnel. Voici le processus :<\/p>\n<ol>\n<li>Vous devez communiquer avec votre compagnie d&rsquo;assurance auto ou votre courtier pour signaler l&rsquo;accident imm\u00e9diatement. Le num\u00e9ro de la compagnie d&rsquo;assurance est imprim\u00e9 sur le feuillet rose ou sur votre contrat d&rsquo;assurance.<\/li>\n<li>Vous devrez r\u00e9pondre \u00e0 une s\u00e9rie de question et vous recevrez un num\u00e9ro de r\u00e9clamation, que vous devrez envoyer imm\u00e9diatement \u00e0 l&rsquo;adresse : claims@globecar.ca (assurez-vous d&rsquo;inclure votre num\u00e9ro de contrat).<\/li>\n<li>Vous devrez acquitter le montant entier de la franchise applicable directement aupr\u00e8s de Globe Location d&rsquo;autos<\/li>\n<li>Si vous pr\u00e9f\u00e9rez ne pas d\u00e9poser de r\u00e9clamation, vous devrez payer le montant total de la r\u00e9clamation directement et sans d\u00e9lai aupr\u00e8s de Globe.<\/li>\n<li>Nous vous aviserons lorsque le dossier de r\u00e9clamation sera ferm\u00e9.<\/li>\n<\/ol>\n<p>L&rsquo;omission d&rsquo;entreprendre le processus de r\u00e9clamation dans un d\u00e9lai inf\u00e9rieur \u00e0 48 heures sera consid\u00e9r\u00e9 comme une infraction \u00e0 votre contrat de location.<br \/>\nN&rsquo;oubliez pas : vous \u00eates pr\u00e9sum\u00e9 responsable des dommages ou de la perte jusqu&rsquo;a ce que la r\u00e9clamation soit r\u00e9gl\u00e9e et que le paiement de l&rsquo;assurance de votre carte de cr\u00e9dit soit re\u00e7u.[\/vc_column_text][vc_toggle title=\u00a0\u00bbEst-ce que ma prime d&rsquo;assurance risque d&rsquo;augmenter si je d\u00e9pose une r\u00e9clamation?\u00a0\u00bb]Tout d\u00e9pend de la compagnie d&rsquo;assurance. Certaines compagnies d&rsquo;assurance garantissent aucune augmentation de taux m\u00eame si plusieurs r\u00e9clamations sont d\u00e9pos\u00e9es si certaines conditions sont respect\u00e9es. Il est pr\u00e9f\u00e9rable de v\u00e9rifier aupr\u00e8s de votre courtier d&rsquo;assurance. C&rsquo;est pour cette raison que nous vous informons et vous recommandons d&rsquo;adh\u00e9rer plut\u00f4t \u00e0 l&rsquo;assurance de Globe pour \u00e9viter ce genre d&rsquo;inconv\u00e9nients.<\/p>\n<p><img decoding=\"async\" class=\"alignnone wp-image-5239 size-full\" src=\"https:\/\/www.globecar.com\/wp-content\/uploads\/2018\/09\/premium_fr.jpg\" alt=\"FAQ 27\" width=\"480\" height=\"174\" srcset=\"https:\/\/www.globecar.com\/wp-content\/uploads\/2018\/09\/premium_fr.jpg 480w, https:\/\/www.globecar.com\/wp-content\/uploads\/2018\/09\/premium_fr-150x54.jpg 150w, https:\/\/www.globecar.com\/wp-content\/uploads\/2018\/09\/premium_fr-200x73@2x.jpg 400w, https:\/\/www.globecar.com\/wp-content\/uploads\/2018\/09\/premium_fr-68x25.jpg 68w, https:\/\/www.globecar.com\/wp-content\/uploads\/2018\/09\/premium_fr-200x73.jpg 200w, https:\/\/www.globecar.com\/wp-content\/uploads\/2018\/09\/premium_fr-150x54@2x.jpg 300w, https:\/\/www.globecar.com\/wp-content\/uploads\/2018\/09\/premium_fr-68x25@2x.jpg 136w\" sizes=\"(max-width: 480px) 100vw, 480px\" \/>[\/vc_toggle][vc_toggle title=\u00a0\u00bbQu&rsquo;arriverait-il si je ne veux pas d\u00e9poser une r\u00e9clamation, pourrions-nous convenir d&rsquo;une entente?\u00a0\u00bb]Non. Nous devons r\u00e9cup\u00e9rer le co\u00fbt de la r\u00e9paration ou remplacer la perte, selon les exigences du fabricant. Nous faisons affaire avec des ateliers de r\u00e9paration certifi\u00e9s pouvant r\u00e9pondre aux exigences du fabricant pour \u00e9valuer les dommages et d\u00e9terminer le temps requis pour la r\u00e9paration. Tous les co\u00fbts des pi\u00e8ces et de la main-d&rsquo;\u0153uvre sont \u00e9tablis par l&rsquo;industrie et d\u00e9finis dans un catalogue de r\u00e9paration.<\/p>\n<p><img decoding=\"async\" class=\"alignnone wp-image-5242 size-full\" src=\"https:\/\/www.globecar.com\/wp-content\/uploads\/2018\/09\/standard_contract_fr.jpg\" alt=\"D\u00e9p\u00f4t de nuit\" width=\"402\" height=\"281\" srcset=\"https:\/\/www.globecar.com\/wp-content\/uploads\/2018\/09\/standard_contract_fr.jpg 402w, https:\/\/www.globecar.com\/wp-content\/uploads\/2018\/09\/standard_contract_fr-150x105.jpg 150w, https:\/\/www.globecar.com\/wp-content\/uploads\/2018\/09\/standard_contract_fr-200x140@2x.jpg 400w, https:\/\/www.globecar.com\/wp-content\/uploads\/2018\/09\/standard_contract_fr-68x48.jpg 68w, https:\/\/www.globecar.com\/wp-content\/uploads\/2018\/09\/standard_contract_fr-200x140.jpg 200w, https:\/\/www.globecar.com\/wp-content\/uploads\/2018\/09\/standard_contract_fr-150x105@2x.jpg 300w, https:\/\/www.globecar.com\/wp-content\/uploads\/2018\/09\/standard_contract_fr-68x48@2x.jpg 136w\" sizes=\"(max-width: 402px) 100vw, 402px\" \/>[\/vc_toggle][vc_toggle title=\u00a0\u00bbEst-ce que je peux r\u00e9parer le v\u00e9hicule moi-m\u00eame ou l&rsquo;envoyer dans un atelier de mon choix?\u00a0\u00bb]Non. Pour des raisons de responsabilit\u00e9, Globe est enti\u00e8rement responsable de l&rsquo;int\u00e9grit\u00e9 du v\u00e9hicule qui sera lou\u00e9 aux prochains clients. Nous devons donc d\u00e9montrer l\u00e9galement que le v\u00e9hicule est r\u00e9par\u00e9 selon les normes du fabricant dans des ateliers certifi\u00e9s que nous avons inspect\u00e9s et pr\u00e9alablement autoris\u00e9s.[\/vc_toggle][vc_toggle title=\u00a0\u00bbEst-ce que je peux conna\u00eetre le montant de la r\u00e9paration d&rsquo;abord afin de prendre une d\u00e9cision en connaissance de cause?\u00a0\u00bb]Oui. Si vous envisagez de payer vous-m\u00eame les r\u00e9parations, au lieu de d\u00e9poser une r\u00e9clamation aupr\u00e8s de votre compagnie d&rsquo;assurance, vous pouvez demander l&rsquo;estim\u00e9 du d\u00e9partement des r\u00e9clamations de Globe en communiquant directement avec eux \u00e0 l&rsquo;adresse claims@globecar.ca[\/vc_toggle][vc_toggle title=\u00a0\u00bbQu&rsquo;est-ce qu&rsquo;un constat amiable?\u00a0\u00bb]Veuillez <a href=\"https:\/\/ssq.ca\/sites\/default\/files\/archives\/site-08\/joint_report.pdf\" target=\"_blank\" rel=\"noopener noreferrer\">cliquer ici<\/a> pour en savoir plus sur le constat amiable et pour en obtenir une copie.[\/vc_toggle][vc_toggle title=\u00a0\u00bbEst-ce que je dois remplir un rapport d&rsquo;accident?\u00a0\u00bb]Oui, remplissez un rapport d&rsquo;incident \u00e0 chaque occasion et remettez-le lorsque vous rapportez le v\u00e9hicule. Si vous ne l&rsquo;avez pas fait, veuillez en remplir un et l&rsquo;envoyer \u00e0 l&rsquo;adresse claims@globecar.ca en indiquant votre num\u00e9ro de contrat.[\/vc_toggle][vc_toggle title=\u00a0\u00bbEst-ce que je dois remplir un rapport de police?\u00a0\u00bb]Oui, vous devez demandez un rapport d&rsquo;accident aux policiers dans les cas suivants :<\/p>\n<ul>\n<li>D\u00e9lit de fuite<\/li>\n<li>Vandalisme (bris de fen\u00eatres, vol \u00e0 l&rsquo;int\u00e9rieur du v\u00e9hicule, etc..)<\/li>\n<li>Vol du v\u00e9hicule<\/li>\n<li>En cas d&rsquo;accidents majeurs lorsque les policiers doivent intervenir ou que le v\u00e9hicule n&rsquo;est plus en \u00e9tat de marche.<\/li>\n<li>Accidents avec blessures<\/li>\n<li>Dommages \u00e0 la propri\u00e9t\u00e9 (collision avec un \u00e9difice, un poteau, etc&#8230;)<\/li>\n<\/ul>\n<p><strong>L&rsquo;une des situations pr\u00e9c\u00e9dentes s&rsquo;applique \u00e0 moi, \u00e0 quel moment dois-je signaler mon accident \u00e0 la police?<\/strong><\/p>\n<p>Oui, sans d\u00e9lai! Nous vous demandons de nous signaler sans d\u00e9lai tout accident ou perte par t\u00e9l\u00e9phone. Si, pour une raison ou une autre, il vous est impossible de nous rejoindre, veuillez nous envoyer un courriel dans lequel vous d\u00e9crivez l&rsquo;accident en indiquant votre num\u00e9ro de contrat. Si les policiers n&rsquo;ont pas eu \u00e0 se d\u00e9placer sur les lieux de l&rsquo;accident en raison de l&rsquo;absence de blessures ou de dommages, vous devez alors fournir un \u00ab constat amiable \u00bb que vous trouverez dans la bo\u00eete \u00e0 gants du v\u00e9hicule.[\/vc_toggle][vc_toggle title=\u00a0\u00bbLes dommages ont \u00e9t\u00e9 faits en mon absence et j&rsquo;ai retrouv\u00e9 le v\u00e9hicule dans cette condition \u00e0 mon retour, est-ce que je dois quant m\u00eame payer pour les dommages caus\u00e9s par un tiers?\u00a0\u00bb]Oui, il arrive souvent que les dommages surviennent alors que vous \u00eates absent. Vous \u00eates consid\u00e9r\u00e9 comme responsable du v\u00e9hicule jusqu&rsquo;\u00e0 ce qu&rsquo;il ait \u00e9t\u00e9 retourn\u00e9 \u00e0 notre succursale et v\u00e9rifi\u00e9 physiquement par un de nos agents.[\/vc_toggle][vc_toggle title=\u00a0\u00bbJ&rsquo;ai rapport\u00e9 la voiture apr\u00e8s les heures d&rsquo;ouverture et elle n&rsquo;\u00e9tait pas endommag\u00e9e.\u00a0\u00bb]Selon le contrat de location, tout client est responsable du v\u00e9hicule, m\u00eame apr\u00e8s l&rsquo;avoir rapport\u00e9 et jusqu&rsquo;au moment o\u00f9 il est inspect\u00e9 physiquement par un agent. Pour \u00e9vitez une telle situation, vous pouvez retourner le v\u00e9hicule durant les heures d&rsquo;ouverture.<\/p>\n<table width=\"100%\">\n<tbody>\n<tr>\n<td><strong>Exemple de transaction en kiosque<br \/>\n<\/strong><br \/>\n<img decoding=\"async\" class=\"alignnone wp-image-5246 size-full\" src=\"https:\/\/www.globecar.com\/wp-content\/uploads\/2018\/09\/kiosk-transactions_fr.jpg\" alt=\"Termes &amp; Conditions\" width=\"300\" height=\"240\" srcset=\"https:\/\/www.globecar.com\/wp-content\/uploads\/2018\/09\/kiosk-transactions_fr-150x120@2x.jpg 300w, https:\/\/www.globecar.com\/wp-content\/uploads\/2018\/09\/kiosk-transactions_fr-150x120.jpg 150w, https:\/\/www.globecar.com\/wp-content\/uploads\/2018\/09\/kiosk-transactions_fr-68x54.jpg 68w, https:\/\/www.globecar.com\/wp-content\/uploads\/2018\/09\/kiosk-transactions_fr-200x160.jpg 200w, https:\/\/www.globecar.com\/wp-content\/uploads\/2018\/09\/kiosk-transactions_fr-68x54@2x.jpg 136w\" sizes=\"(max-width: 300px) 100vw, 300px\" \/><\/td>\n<td><strong>Exemple de contrat standard<br \/>\n<\/strong><br \/>\n<img decoding=\"async\" class=\"alignnone wp-image-5248 size-full\" src=\"https:\/\/www.globecar.com\/wp-content\/uploads\/2018\/09\/standard_contract-fr.jpg\" alt=\"D\u00e9p\u00f4t de nuit\" width=\"300\" height=\"210\" srcset=\"https:\/\/www.globecar.com\/wp-content\/uploads\/2018\/09\/standard_contract-fr-150x105@2x.jpg 300w, https:\/\/www.globecar.com\/wp-content\/uploads\/2018\/09\/standard_contract-fr-150x105.jpg 150w, https:\/\/www.globecar.com\/wp-content\/uploads\/2018\/09\/standard_contract-fr-68x48.jpg 68w, https:\/\/www.globecar.com\/wp-content\/uploads\/2018\/09\/standard_contract-fr-200x140.jpg 200w, https:\/\/www.globecar.com\/wp-content\/uploads\/2018\/09\/standard_contract-fr-68x48@2x.jpg 136w\" sizes=\"(max-width: 300px) 100vw, 300px\" \/><\/td>\n<\/tr>\n<\/tbody>\n<\/table>\n<p>[\/vc_toggle][vc_toggle title=\u00a0\u00bbJe ne suis pas responsable parce que les dommages \u00e9taient d\u00e9j\u00e0 pr\u00e9sents avant que je prenne possession du v\u00e9hicule, n&rsquo;est-ce pas?\u00a0\u00bb]Si le v\u00e9hicule \u00e9tait d\u00e9j\u00e0 endommag\u00e9, alors les dommages ont \u00e9t\u00e9 not\u00e9s sur la fiche descriptive au moment de la prise en charge du v\u00e9hicule. Si les dommages n&rsquo;ont pas \u00e9t\u00e9 not\u00e9s sur la fiche descriptive de l&rsquo;\u00e9tat du v\u00e9hicule, il s&rsquo;agit de nouveaux dommages et vous devez ouvrir un dossier de r\u00e9clamation.[\/vc_toggle][vc_toggle title=\u00a0\u00bbJ&rsquo;ai utilis\u00e9 le kiosque et j&rsquo;ai envoy\u00e9 des photos de nouveaux bris au v\u00e9hicule que j&rsquo;ai trouv\u00e9s avant de partir, que va-t-il se passer?\u00a0\u00bb]Si vous avez utilis\u00e9 notre service de r\u00e9servation en kiosque et que vous avez envoy\u00e9 des photos moins de 30 minutes apr\u00e8s avoir r\u00e9cup\u00e9r\u00e9 votre voiture, informez votre responsable des r\u00e9clamations \u00e0 l&rsquo;adresse : claims@globecar.ca[\/vc_toggle][vc_toggle title=\u00a0\u00bbIl y a une franchise pr\u00e9vue \u00e0 mon contrat, qui doit la payer?\u00a0\u00bb]Le d\u00e9tenteur de la police d&rsquo;assurance. C&rsquo;est votre propre police d&rsquo;assurance qui d\u00e9termine le montant. La franchise devra nous \u00eatre pay\u00e9e directement. Si vous n&rsquo;\u00eates pas responsable des dommages, votre compagnie d&rsquo;assurance couvrira l&rsquo;ensemble des co\u00fbts de la r\u00e9paration.[\/vc_toggle][vc_toggle title=\u00a0\u00bbQu&rsquo;arriverait-il si pour une raison ou une autre ma compagnie d&rsquo;assurance refusait de payer pour les dommages au v\u00e9hicule?\u00a0\u00bb]En fin de compte, vous \u00eates responsable pour les pertes et vous devez rembourser Globe imm\u00e9diatgement pour les dommages et les pertes.[\/vc_toggle][vc_toggle title=\u00a0\u00bbEst-ce que Globe peut appeler ma compagnie d&rsquo;assurance pour ouvrir le dossier de r\u00e9clamation et effectuer l&rsquo;ensemble de la proc\u00e9dure?\u00a0\u00bb]Non, votre police d&rsquo;assurance auto personnelle vous appartient et vous en \u00eates le seule b\u00e9n\u00e9ficiaire. Nous ne pouvons pas ouvrir un dossier de r\u00e9clamation au nom des clients, c&rsquo;est une proc\u00e9dure que les compagnies d&rsquo;assurance n&rsquo;acceptent pas.[\/vc_toggle][vc_toggle title=\u00a0\u00bbEst-ce que je peux continuer \u00e0 louer des v\u00e9hicules m\u00eame si j&rsquo;ai une r\u00e9clamation \u00e0 mon dossier?\u00a0\u00bb]Oui, en autant que vous n&rsquo;\u00eates pas en situation d&rsquo;infraction d&rsquo;un contrat de location pr\u00e9c\u00e9dent et que vous avez ouvert un dossier de r\u00e9clamation aupr\u00e8s de votre compagnie d&rsquo;assurance.[\/vc_toggle][vc_toggle title=\u00a0\u00bbQu&rsquo;arriverait-il si je ne d\u00e9posais pas de r\u00e9clamation?\u00a0\u00bb]Votre dossier sera envoy\u00e9 au d\u00e9partement du recouvrement, en plus des frais, des int\u00e9r\u00eats et des autres charges qui seront appliqu\u00e9es. Cela affectera aussi votre dossier de cr\u00e9dit.[\/vc_toggle][vc_toggle title=\u00a0\u00bbIl ne s&rsquo;agit que d&rsquo;un enjoliveur de roue, puis-je le remplacer moi-m\u00eame?\u00a0\u00bb]<span style=\"font-weight: 400;\">Non, toutes les pi\u00e8ces de rechange doivent \u00eatre approuv\u00e9es et remplac\u00e9es par Globe ou ses ateliers affili\u00e9s.<\/span>[\/vc_toggle][\/vc_column][\/vc_row][\/vc_section]<\/p>\n<\/div>","protected":false},"excerpt":{"rendered":"<p>[vc_row is_header=\u00a0\u00bbtrue\u00a0\u00bb][vc_column][vc_column_text] Vous \u00eates impliqu\u00e9 dans un accident de la route? Ne vous en faites pas! Globe prend en charge gratuitement votre r\u00e9clamation de A \u00e0 Z. Par contre, nous avons besoin de votre collaboration pour traiter cette situation le plus facilement possible. Veuillez lire attentivement les documents suivants car ils contiennent d&rsquo;importantes informations. Quelle [&hellip;]<\/p>\n","protected":false},"author":1,"featured_media":0,"parent":3892,"menu_order":0,"comment_status":"closed","ping_status":"closed","template":"","meta":{"_acf_changed":false,"_genesis_hide_title":false,"_genesis_hide_breadcrumbs":false,"_genesis_hide_singular_image":false,"_genesis_hide_footer_widgets":false,"_genesis_custom_body_class":"","_genesis_custom_post_class":"","_genesis_layout":"","jetpack_post_was_ever_published":false,"footnotes":""},"class_list":{"0":"post-3683","1":"page","2":"type-page","3":"status-publish","5":"entry","6":"has-post-thumbnail"},"acf":[],"yoast_head":"<!-- This site is optimized with the Yoast SEO Premium plugin v27.1 (Yoast SEO v27.1.1) - https:\/\/yoast.com\/product\/yoast-seo-premium-wordpress\/ -->\n<title>R\u00e9clamations (FAQ27) | Globe Location de Voitures &amp; Camions \u00e0 Montr\u00e9al<\/title>\n<meta name=\"description\" content=\"Apprenez tout ce que vous devez savoir sur le processus de r\u00e9clamation si vous avez couvert votre v\u00e9hicule de location via votre FAQ27.\" \/>\n<meta name=\"robots\" content=\"index, follow, max-snippet:-1, max-image-preview:large, max-video-preview:-1\" \/>\n<link rel=\"canonical\" href=\"https:\/\/www.globecar.com\/fr\/aide\/reclamations\/faq27\/\" \/>\n<meta property=\"og:locale\" content=\"fr_CA\" \/>\n<meta property=\"og:type\" content=\"article\" \/>\n<meta property=\"og:title\" content=\"L&#039;avenant FAQ27 de votre v\u00e9hicule personnel\" \/>\n<meta property=\"og:description\" content=\"Vous \u00eates impliqu\u00e9 dans un accident de la route? Ne vous en faites pas! Globe prend en charge gratuitement votre r\u00e9clamation de A \u00e0 Z. Par contre, nous\" \/>\n<meta property=\"og:url\" content=\"https:\/\/www.globecar.com\/fr\/aide\/reclamations\/faq27\/\" \/>\n<meta property=\"og:site_name\" content=\"Globe Location de Voitures &amp; Camions \u00e0 Montr\u00e9al\" \/>\n<meta property=\"article:publisher\" content=\"https:\/\/www.facebook.com\/GlobeCar\" \/>\n<meta property=\"article:modified_time\" content=\"2024-05-08T12:27:56+00:00\" \/>\n<meta property=\"og:image\" content=\"https:\/\/www.globecar.com\/wp-content\/uploads\/2018\/09\/premium_fr.jpg\" \/>\n\t<meta property=\"og:image:width\" content=\"480\" \/>\n\t<meta property=\"og:image:height\" content=\"174\" \/>\n\t<meta property=\"og:image:type\" content=\"image\/jpeg\" \/>\n<meta name=\"twitter:card\" content=\"summary_large_image\" \/>\n<meta name=\"twitter:site\" content=\"@GlobeCar\" \/>\n<meta name=\"twitter:label1\" content=\"Estimation du temps de lecture\" \/>\n\t<meta name=\"twitter:data1\" content=\"7 minutes\" \/>\n<script type=\"application\/ld+json\" class=\"yoast-schema-graph\">{\"@context\":\"https:\/\/schema.org\",\"@graph\":[{\"@type\":\"WebPage\",\"@id\":\"https:\/\/www.globecar.com\/fr\/aide\/reclamations\/faq27\/\",\"url\":\"https:\/\/www.globecar.com\/fr\/aide\/reclamations\/faq27\/\",\"name\":\"R\u00e9clamations (FAQ27) | Globe Location de Voitures &amp; Camions \u00e0 Montr\u00e9al\",\"isPartOf\":{\"@id\":\"https:\/\/www.globecar.com\/fr\/#website\"},\"primaryImageOfPage\":{\"@id\":\"https:\/\/www.globecar.com\/fr\/aide\/reclamations\/faq27\/#primaryimage\"},\"image\":{\"@id\":\"https:\/\/www.globecar.com\/fr\/aide\/reclamations\/faq27\/#primaryimage\"},\"thumbnailUrl\":\"https:\/\/www.globecar.com\/wp-content\/uploads\/2018\/09\/premium_fr.jpg\",\"datePublished\":\"2018-05-14T20:02:43+00:00\",\"dateModified\":\"2024-05-08T12:27:56+00:00\",\"description\":\"Apprenez tout ce que vous devez savoir sur le processus de r\u00e9clamation si vous avez couvert votre v\u00e9hicule de location via votre FAQ27.\",\"breadcrumb\":{\"@id\":\"https:\/\/www.globecar.com\/fr\/aide\/reclamations\/faq27\/#breadcrumb\"},\"inLanguage\":\"fr-CA\",\"potentialAction\":[{\"@type\":\"ReadAction\",\"target\":[\"https:\/\/www.globecar.com\/fr\/aide\/reclamations\/faq27\/\"]}]},{\"@type\":\"ImageObject\",\"inLanguage\":\"fr-CA\",\"@id\":\"https:\/\/www.globecar.com\/fr\/aide\/reclamations\/faq27\/#primaryimage\",\"url\":\"https:\/\/www.globecar.com\/wp-content\/uploads\/2018\/09\/premium_fr.jpg\",\"contentUrl\":\"https:\/\/www.globecar.com\/wp-content\/uploads\/2018\/09\/premium_fr.jpg\"},{\"@type\":\"BreadcrumbList\",\"@id\":\"https:\/\/www.globecar.com\/fr\/aide\/reclamations\/faq27\/#breadcrumb\",\"itemListElement\":[{\"@type\":\"ListItem\",\"position\":1,\"name\":\"Accueil\",\"item\":\"https:\/\/www.globecar.com\/fr\/\"},{\"@type\":\"ListItem\",\"position\":2,\"name\":\"Aide\",\"item\":\"https:\/\/www.globecar.com\/fr\/aide\/\"},{\"@type\":\"ListItem\",\"position\":3,\"name\":\"R\u00e9clamations\",\"item\":\"https:\/\/www.globecar.com\/fr\/aide\/reclamations\/\"},{\"@type\":\"ListItem\",\"position\":4,\"name\":\"L&#8217;avenant FAQ27 de votre v\u00e9hicule personnel\"}]},{\"@type\":\"WebSite\",\"@id\":\"https:\/\/www.globecar.com\/fr\/#website\",\"url\":\"https:\/\/www.globecar.com\/fr\/\",\"name\":\"Globe Location d'Autos et Camions \u00e0 Montr\u00e9al\",\"description\":\"Drive 4 Less\",\"publisher\":{\"@id\":\"https:\/\/www.globecar.com\/fr\/#organization\"},\"alternateName\":\"GlobeCar\",\"potentialAction\":[{\"@type\":\"SearchAction\",\"target\":{\"@type\":\"EntryPoint\",\"urlTemplate\":\"https:\/\/www.globecar.com\/fr\/?s={search_term_string}\"},\"query-input\":{\"@type\":\"PropertyValueSpecification\",\"valueRequired\":true,\"valueName\":\"search_term_string\"}}],\"inLanguage\":\"fr-CA\"},{\"@type\":\"Organization\",\"@id\":\"https:\/\/www.globecar.com\/fr\/#organization\",\"name\":\"Globe Car & Truck Rental\",\"alternateName\":\"GlobeCar\",\"url\":\"https:\/\/www.globecar.com\/fr\/\",\"logo\":{\"@type\":\"ImageObject\",\"inLanguage\":\"fr-CA\",\"@id\":\"https:\/\/www.globecar.com\/fr\/#\/schema\/logo\/image\/\",\"url\":\"https:\/\/www.globecar.com\/wp-content\/uploads\/2023\/12\/thumbnail_logo_final-1.jpg\",\"contentUrl\":\"https:\/\/www.globecar.com\/wp-content\/uploads\/2023\/12\/thumbnail_logo_final-1.jpg\",\"width\":555,\"height\":555,\"caption\":\"Globe Car & Truck Rental\"},\"image\":{\"@id\":\"https:\/\/www.globecar.com\/fr\/#\/schema\/logo\/image\/\"},\"sameAs\":[\"https:\/\/www.facebook.com\/GlobeCar\",\"https:\/\/x.com\/GlobeCar\",\"https:\/\/mastodon.social\/@globecar\",\"https:\/\/www.instagram.com\/globecar\/\",\"https:\/\/www.linkedin.com\/company\/globecar\/\",\"https:\/\/www.pinterest.com\/globecar\",\"https:\/\/www.youtube.com\/c\/GlobecarRentals\"]}]}<\/script>\n<!-- \/ Yoast SEO Premium plugin. -->","yoast_head_json":{"title":"R\u00e9clamations (FAQ27) | Globe Location de Voitures &amp; Camions \u00e0 Montr\u00e9al","description":"Apprenez tout ce que vous devez savoir sur le processus de r\u00e9clamation si vous avez couvert votre v\u00e9hicule de location via votre FAQ27.","robots":{"index":"index","follow":"follow","max-snippet":"max-snippet:-1","max-image-preview":"max-image-preview:large","max-video-preview":"max-video-preview:-1"},"canonical":"https:\/\/www.globecar.com\/fr\/aide\/reclamations\/faq27\/","og_locale":"fr_CA","og_type":"article","og_title":"L'avenant FAQ27 de votre v\u00e9hicule personnel","og_description":"Vous \u00eates impliqu\u00e9 dans un accident de la route? Ne vous en faites pas! Globe prend en charge gratuitement votre r\u00e9clamation de A \u00e0 Z. Par contre, nous","og_url":"https:\/\/www.globecar.com\/fr\/aide\/reclamations\/faq27\/","og_site_name":"Globe Location de Voitures &amp; Camions \u00e0 Montr\u00e9al","article_publisher":"https:\/\/www.facebook.com\/GlobeCar","article_modified_time":"2024-05-08T12:27:56+00:00","og_image":[{"width":480,"height":174,"url":"https:\/\/www.globecar.com\/wp-content\/uploads\/2018\/09\/premium_fr.jpg","type":"image\/jpeg"}],"twitter_card":"summary_large_image","twitter_site":"@GlobeCar","twitter_misc":{"Estimation du temps de lecture":"7 minutes"},"schema":{"@context":"https:\/\/schema.org","@graph":[{"@type":"WebPage","@id":"https:\/\/www.globecar.com\/fr\/aide\/reclamations\/faq27\/","url":"https:\/\/www.globecar.com\/fr\/aide\/reclamations\/faq27\/","name":"R\u00e9clamations (FAQ27) | Globe Location de Voitures &amp; Camions \u00e0 Montr\u00e9al","isPartOf":{"@id":"https:\/\/www.globecar.com\/fr\/#website"},"primaryImageOfPage":{"@id":"https:\/\/www.globecar.com\/fr\/aide\/reclamations\/faq27\/#primaryimage"},"image":{"@id":"https:\/\/www.globecar.com\/fr\/aide\/reclamations\/faq27\/#primaryimage"},"thumbnailUrl":"https:\/\/www.globecar.com\/wp-content\/uploads\/2018\/09\/premium_fr.jpg","datePublished":"2018-05-14T20:02:43+00:00","dateModified":"2024-05-08T12:27:56+00:00","description":"Apprenez tout ce que vous devez savoir sur le processus de r\u00e9clamation si vous avez couvert votre v\u00e9hicule de location via votre FAQ27.","breadcrumb":{"@id":"https:\/\/www.globecar.com\/fr\/aide\/reclamations\/faq27\/#breadcrumb"},"inLanguage":"fr-CA","potentialAction":[{"@type":"ReadAction","target":["https:\/\/www.globecar.com\/fr\/aide\/reclamations\/faq27\/"]}]},{"@type":"ImageObject","inLanguage":"fr-CA","@id":"https:\/\/www.globecar.com\/fr\/aide\/reclamations\/faq27\/#primaryimage","url":"https:\/\/www.globecar.com\/wp-content\/uploads\/2018\/09\/premium_fr.jpg","contentUrl":"https:\/\/www.globecar.com\/wp-content\/uploads\/2018\/09\/premium_fr.jpg"},{"@type":"BreadcrumbList","@id":"https:\/\/www.globecar.com\/fr\/aide\/reclamations\/faq27\/#breadcrumb","itemListElement":[{"@type":"ListItem","position":1,"name":"Accueil","item":"https:\/\/www.globecar.com\/fr\/"},{"@type":"ListItem","position":2,"name":"Aide","item":"https:\/\/www.globecar.com\/fr\/aide\/"},{"@type":"ListItem","position":3,"name":"R\u00e9clamations","item":"https:\/\/www.globecar.com\/fr\/aide\/reclamations\/"},{"@type":"ListItem","position":4,"name":"L&#8217;avenant FAQ27 de votre v\u00e9hicule personnel"}]},{"@type":"WebSite","@id":"https:\/\/www.globecar.com\/fr\/#website","url":"https:\/\/www.globecar.com\/fr\/","name":"Globe Location d'Autos et Camions \u00e0 Montr\u00e9al","description":"Drive 4 Less","publisher":{"@id":"https:\/\/www.globecar.com\/fr\/#organization"},"alternateName":"GlobeCar","potentialAction":[{"@type":"SearchAction","target":{"@type":"EntryPoint","urlTemplate":"https:\/\/www.globecar.com\/fr\/?s={search_term_string}"},"query-input":{"@type":"PropertyValueSpecification","valueRequired":true,"valueName":"search_term_string"}}],"inLanguage":"fr-CA"},{"@type":"Organization","@id":"https:\/\/www.globecar.com\/fr\/#organization","name":"Globe Car & Truck Rental","alternateName":"GlobeCar","url":"https:\/\/www.globecar.com\/fr\/","logo":{"@type":"ImageObject","inLanguage":"fr-CA","@id":"https:\/\/www.globecar.com\/fr\/#\/schema\/logo\/image\/","url":"https:\/\/www.globecar.com\/wp-content\/uploads\/2023\/12\/thumbnail_logo_final-1.jpg","contentUrl":"https:\/\/www.globecar.com\/wp-content\/uploads\/2023\/12\/thumbnail_logo_final-1.jpg","width":555,"height":555,"caption":"Globe Car & Truck Rental"},"image":{"@id":"https:\/\/www.globecar.com\/fr\/#\/schema\/logo\/image\/"},"sameAs":["https:\/\/www.facebook.com\/GlobeCar","https:\/\/x.com\/GlobeCar","https:\/\/mastodon.social\/@globecar","https:\/\/www.instagram.com\/globecar\/","https:\/\/www.linkedin.com\/company\/globecar\/","https:\/\/www.pinterest.com\/globecar","https:\/\/www.youtube.com\/c\/GlobecarRentals"]}]}},"jetpack_sharing_enabled":true,"jetpack_shortlink":"https:\/\/wp.me\/PaiT2D-Xp","_links":{"self":[{"href":"https:\/\/www.globecar.com\/fr\/wp-json\/wp\/v2\/pages\/3683","targetHints":{"allow":["GET"]}}],"collection":[{"href":"https:\/\/www.globecar.com\/fr\/wp-json\/wp\/v2\/pages"}],"about":[{"href":"https:\/\/www.globecar.com\/fr\/wp-json\/wp\/v2\/types\/page"}],"author":[{"embeddable":true,"href":"https:\/\/www.globecar.com\/fr\/wp-json\/wp\/v2\/users\/1"}],"replies":[{"embeddable":true,"href":"https:\/\/www.globecar.com\/fr\/wp-json\/wp\/v2\/comments?post=3683"}],"version-history":[{"count":0,"href":"https:\/\/www.globecar.com\/fr\/wp-json\/wp\/v2\/pages\/3683\/revisions"}],"up":[{"embeddable":true,"href":"https:\/\/www.globecar.com\/fr\/wp-json\/wp\/v2\/pages\/3892"}],"wp:attachment":[{"href":"https:\/\/www.globecar.com\/fr\/wp-json\/wp\/v2\/media?parent=3683"}],"curies":[{"name":"wp","href":"https:\/\/api.w.org\/{rel}","templated":true}]}}