{"id":3493,"date":"2018-05-08T16:30:37","date_gmt":"2018-05-08T20:30:37","guid":{"rendered":"https:\/\/www.globecar.com\/location-de-camions\/"},"modified":"2025-03-20T01:29:32","modified_gmt":"2025-03-20T05:29:32","slug":"location-de-camions","status":"publish","type":"page","link":"https:\/\/www.globecar.com\/fr\/location-de-camions\/","title":{"rendered":"Locations de camions"},"content":{"rendered":"<div class=\"wpb-content-wrapper\"><p>[vc_row content_placement=\u00a0\u00bbmiddle\u00a0\u00bb is_header=\u00a0\u00bbtrue\u00a0\u00bb][vc_column width=\u00a0\u00bb2\/3&Prime;][vc_column_text css=\u00a0\u00bb.vc_custom_1709673299499{margin-bottom: 2em !important;}\u00a0\u00bb]<\/p>\n<h1>Nous avons des camions!<\/h1>\n<h2>Location de fourgonnettes, de camionnettes et de camions de d\u00e9m\u00e9nagement<\/h2>\n<p>\u00cates-vous \u00e0 la recherche d&rsquo;une location de <a href=\"https:\/\/www.globecar.com\/fr\/vehicules\/fourgonette-petite-taille\/\">fourgonnette<\/a> ou de <a href=\"https:\/\/www.globecar.com\/fr\/vehicules\/camionnette-1-2-tonne\/\">camionnette<\/a> \u00e0 bas prix \u00e0 Montr\u00e9al, QC? Nous offrons les tarifs les moins chers pour la location de <a href=\"https:\/\/www.globecar.com\/fr\/nos-vehicules\/vus\/\">VUS<\/a>, de <a href=\"https:\/\/www.globecar.com\/fr\/vehicules\/vus-intermediaire-robuste\/\">4&#215;4<\/a>, des camionnettes, de minifourgonnettes et de <a href=\"https:\/\/www.globecar.com\/fr\/location-de-camions\/comparaison\/\">camions de toutes tailles<\/a>. Nos tarifs sont aussi bas que 37,95$ par jour, les tarifs de location de camions les plus bas \u00e0 Montr\u00e9al, c&rsquo;est garanti! Nos locations mensuelles de camions les plus basses commencent \u00e0 895,00$ par mois.[\/vc_column_text][\/vc_column][vc_column width=\u00a0\u00bb1\/3&Prime;][vc_column_text]\n\t\t\t<div class=\"price-ad  accentColor\"><span class=\"title\">\u00c0 partir d'aussi peu que<\/span><p class=\"amount\">37<span class=\"cents\">,95$<span class=\"star\">*<\/span><\/span><span class=\"per\">\/jour!<\/span><\/p><span class=\"amount-footer\"><\/span><\/div>[\/vc_column_text][\/vc_column][\/vc_row][vc_row][vc_column][vc_column_text]<\/p>\n<hr \/>\n<p>[\/vc_column_text]<ul class=\"features-list col-5\">\n\t\t<li>\n\t\t\t<img decoding=\"async\" width=\"44\" height=\"55\" src=\"https:\/\/www.globecar.com\/wp-content\/uploads\/2017\/08\/thumbsup.png\" class=\"attachment-full size-full\" alt=\"thumbsup\" \/>\n\t\t\t<p><strong>Le bon camion pour la bonne t\u00e2che<\/strong><\/p>\n\t\t<\/li>\n\t\t<li>\n\t\t\t<img decoding=\"async\" width=\"59\" height=\"55\" src=\"https:\/\/www.globecar.com\/wp-content\/uploads\/2017\/08\/business-personal.png\" class=\"attachment-full size-full\" alt=\"business-personal\" \/>\n\t\t\t<p><strong>Pour usage personnel ou professionnel<\/strong><\/p>\n\t\t<\/li>\n\t\t<li>\n\t\t\t<img decoding=\"async\" width=\"60\" height=\"55\" src=\"https:\/\/www.globecar.com\/wp-content\/uploads\/2017\/08\/move.png\" class=\"attachment-full size-full\" alt=\"move\" \/>\n\t\t\t<p><strong>Des camions ou des fourgonnettes pour vous aider \u00e0 d\u00e9m\u00e9nager<\/strong><\/p>\n\t\t<\/li>\n\t\t<li>\n\t\t\t<img decoding=\"async\" width=\"46\" height=\"54\" src=\"https:\/\/www.globecar.com\/wp-content\/uploads\/2017\/08\/short-long.png\" class=\"attachment-full size-full\" alt=\"short-long\" \/>\n\t\t\t<p><strong>Locations de camions \u00e0 court et long terme<\/strong><\/p>\n\t\t<\/li>\n\t\t<li>\n\t\t\t<img decoding=\"async\" width=\"51\" height=\"55\" src=\"https:\/\/www.globecar.com\/wp-content\/uploads\/2017\/08\/corporate.png\" class=\"attachment-full size-full\" alt=\"corporate\" \/>\n\t\t\t<p><strong>Bienvenue aux locations de camions pour entreprises<\/strong><\/p>\n\t\t<\/li><\/ul>[\/vc_column][\/vc_row][vc_section][vc_row full_width=\u00a0\u00bbstretch_row\u00a0\u00bb][vc_column el_class=\u00a0\u00bbcar-profile__trucks\u00a0\u00bb]<div class=\"car-profile \"><ul class='images slick-slider-wrapper'><li><img decoding=\"async\" width=\"788\" height=\"540\" src=\"https:\/\/www.globecar.com\/wp-content\/uploads\/2017\/08\/pickup.jpg\" class=\"attachment-full size-full\" alt=\"pickup\" srcset=\"https:\/\/www.globecar.com\/wp-content\/uploads\/2017\/08\/pickup.jpg 788w, https:\/\/www.globecar.com\/wp-content\/uploads\/2017\/08\/pickup-150x103.jpg 150w, https:\/\/www.globecar.com\/wp-content\/uploads\/2017\/08\/pickup-300x206.jpg 300w, https:\/\/www.globecar.com\/wp-content\/uploads\/2017\/08\/pickup-768x526.jpg 768w, https:\/\/www.globecar.com\/wp-content\/uploads\/2017\/08\/pickup-300x206@2x.jpg 600w\" sizes=\"(max-width: 788px) 100vw, 788px\" \/><\/li><\/ul><div class='mini-wrap'><ul class=\"km\">\n\t\t\t\t<li><strong>Ville<\/strong> 13,2l\/100km<\/li>\n\t\t\t\t<li><strong>Autoroute<\/strong> 9,6l\/100km<\/li>\n\t\t\t<\/ul><h2>Locations de camionnettes<\/h2><h3>FORD F150 XLT avec cabine Super-Crew et 4X4<\/h3><div class=\"cols\"><div class=\"amount-wrapper\"><span class=\"amount-title\">Louez-le \u00e0 partir de<\/span><p class=\"amount\">895$<span class=\"star\">*<\/span><\/span><span class=\"per\">\/mois!<\/span><\/p><\/div><p class='short-desc'>Notre camionnette de location \u00e9conomique est le tout nouveau mod\u00e8le Ford F150 XLT Super-Crew, id\u00e9al pour tous vos besoins de location \u00e0 court et \u00e0 long terme!<\/p><\/div><p>Champion incontest\u00e9 le plus vendu des 50 derni\u00e8res ann\u00e9es, ce camion 4 portes tout \u00e9quip\u00e9 peut accueillir 6 passagers et offre une cabine Super-Crew, une bo\u00eete de chargement de 6,5 pieds et un moteur \u00e9conomique Ti-VCT V8 de 5,0 L, puissant et durable avec 385 hp \/ 387 lb-pi de couple permettant de remorquer plus de 5 352 kg et de transporter jusqu'\u00e0 1 320 kg de cargaison. Le meilleur dans la cat\u00e9gorie des v\u00e9hicules \u00e0 traction int\u00e9grale.<\/p><a class=\"button\" href=\"\/fr\/vehicules\/camionnette-1-2-tonne\/\">R\u00e9servez d\u00e8s maintenant<\/a><ul class=\"features\">\n\t\t\t\t<li><img decoding=\"async\" src=\"https:\/\/www.globecar.com\/wp-content\/themes\/genesis-child\/images\/tons.png\" alt=\"Tons\"\/> 1\/2<\/li>\n\t\t\t\t<li><img decoding=\"async\" src=\"https:\/\/www.globecar.com\/wp-content\/themes\/genesis-child\/images\/passengers.png\" alt=\"Passengers\"\/> 6<\/li><li><img decoding=\"async\" src=\"https:\/\/www.globecar.com\/wp-content\/themes\/genesis-child\/images\/transmission.png\" alt=\"Transmission\"\/> Automatique<\/li><li><img decoding=\"async\" src=\"https:\/\/www.globecar.com\/wp-content\/themes\/genesis-child\/images\/ac.png\" alt=\"AC\"\/> climatisation<\/li><li><img decoding=\"async\" src=\"https:\/\/www.globecar.com\/wp-content\/themes\/genesis-child\/images\/age.png\" alt=\"Age\"\/> 24 ans et +<\/li><\/ul><span class=\"conditions\">* Certaines conditions s'appliquent<\/span><\/div><\/div><div class=\"car-profile align-right\"><ul class='images slick-slider-wrapper'><li><img decoding=\"async\" width=\"787\" height=\"540\" src=\"https:\/\/www.globecar.com\/wp-content\/uploads\/2017\/08\/cargo-van-rentals.jpg\" class=\"attachment-full size-full\" alt=\"cargo-van-rentals\" srcset=\"https:\/\/www.globecar.com\/wp-content\/uploads\/2017\/08\/cargo-van-rentals.jpg 787w, https:\/\/www.globecar.com\/wp-content\/uploads\/2017\/08\/cargo-van-rentals-150x103.jpg 150w, https:\/\/www.globecar.com\/wp-content\/uploads\/2017\/08\/cargo-van-rentals-200x137@2x.jpg 400w, https:\/\/www.globecar.com\/wp-content\/uploads\/2017\/08\/cargo-van-rentals-768x527.jpg 768w, https:\/\/www.globecar.com\/wp-content\/uploads\/2017\/08\/cargo-van-rentals-68x47.jpg 68w, https:\/\/www.globecar.com\/wp-content\/uploads\/2017\/08\/cargo-van-rentals-200x137.jpg 200w, https:\/\/www.globecar.com\/wp-content\/uploads\/2017\/08\/cargo-van-rentals-150x103@2x.jpg 300w, https:\/\/www.globecar.com\/wp-content\/uploads\/2017\/08\/cargo-van-rentals-68x47@2x.jpg 136w\" sizes=\"(max-width: 787px) 100vw, 787px\" \/><\/li><\/ul><div class='mini-wrap'><ul class=\"km\">\n\t\t\t\t<li><strong>Ville<\/strong> 16,8l\/100km<\/li>\n\t\t\t\t<li><strong>Autoroute<\/strong> 13,2l\/100km<\/li>\n\t\t\t<\/ul><h2>Locations de fourgonnettes<\/h2><h3>Ford Transit, toit de hauteur normale, moyenne ou \u00e9lev\u00e9e<\/h3><div class=\"cols\"><div class=\"amount-wrapper\"><span class=\"amount-title\">Louez-le \u00e0 partir de<\/span><p class=\"amount\">795$<span class=\"star\">*<\/span><\/span><span class=\"per\">\/mois!<\/span><\/p><\/div><p class='short-desc'>Nous offrons le tout nouveau Ford Transit allong\u00e9 pour vos besoins de location commerciale \u00e0 court et \u00e0 long terme!<\/p><\/div><p>Disponible en diff\u00e9rentes hauteurs de toit (hauteur moyenne ou r\u00e9guli\u00e8re) il offre un empattement de 148 po con\u00e7u sp\u00e9cialement pour maximiser l'espace de chargement, une grande porte coulissante ainsi que deux portes de chargement arri\u00e8re pour une productivit\u00e9 accrue. Pour les grands et les petits chargements, peu importe la nature de votre travail, le Ford Transit vous offre la capacit\u00e9 dont vous avez besoin gr\u00e2ce \u00e0 son moteur V6 3,7 L Ti-VCT et son couple de 275 hp \/ 260 lb-pi.<\/p><a class=\"button\" href=\"\/fr\/nos-vehicules\/fourgons-de-transport\/\">R\u00e9servez d\u00e8s maintenant<\/a><ul class=\"features\">\n\t\t\t\t<li><img decoding=\"async\" src=\"https:\/\/www.globecar.com\/wp-content\/themes\/genesis-child\/images\/tons.png\" alt=\"Tons\"\/> 3\/4<\/li>\n\t\t\t\t<li><img decoding=\"async\" src=\"https:\/\/www.globecar.com\/wp-content\/themes\/genesis-child\/images\/passengers.png\" alt=\"Passengers\"\/> 2<\/li><li><img decoding=\"async\" src=\"https:\/\/www.globecar.com\/wp-content\/themes\/genesis-child\/images\/transmission.png\" alt=\"Transmission\"\/> Automatique<\/li><li><img decoding=\"async\" src=\"https:\/\/www.globecar.com\/wp-content\/themes\/genesis-child\/images\/ac.png\" alt=\"AC\"\/> climatisation<\/li><li><img decoding=\"async\" src=\"https:\/\/www.globecar.com\/wp-content\/themes\/genesis-child\/images\/age.png\" alt=\"Age\"\/> 21 ans et +<\/li><\/ul><span class=\"conditions\">* Certaines conditions s'appliquent<\/span><\/div><\/div><div class=\"car-profile \"><ul class='images slick-slider-wrapper'><li><img decoding=\"async\" width=\"787\" height=\"540\" src=\"https:\/\/www.globecar.com\/wp-content\/uploads\/2017\/08\/16-cube-truck.jpg\" class=\"attachment-full size-full\" alt=\"16-cube-truck\" srcset=\"https:\/\/www.globecar.com\/wp-content\/uploads\/2017\/08\/16-cube-truck.jpg 787w, https:\/\/www.globecar.com\/wp-content\/uploads\/2017\/08\/16-cube-truck-150x103.jpg 150w, https:\/\/www.globecar.com\/wp-content\/uploads\/2017\/08\/16-cube-truck-300x206.jpg 300w, https:\/\/www.globecar.com\/wp-content\/uploads\/2017\/08\/16-cube-truck-768x527.jpg 768w, https:\/\/www.globecar.com\/wp-content\/uploads\/2017\/08\/16-cube-truck-300x206@2x.jpg 600w\" sizes=\"(max-width: 787px) 100vw, 787px\" \/><\/li><\/ul><div class='mini-wrap'><ul class=\"km\">\n\t\t\t\t<li><strong>Ville<\/strong> 10,7l\/100km<\/li>\n\t\t\t\t<li><strong>Autoroute<\/strong> 8,7l\/100km<\/li>\n\t\t\t<\/ul><h2>Location de camion cube 16 pieds<\/h2><h3>Ford E450 Heavy Duty ou GMC Savana 3500<\/h3><div class=\"cols\"><div class=\"amount-wrapper\"><span class=\"amount-title\">Louez-le \u00e0 partir de<\/span><p class=\"amount\">995$<span class=\"star\">*<\/span><\/span><span class=\"per\">\/mois!<\/span><\/p><\/div><p class='short-desc'>Si vous cherchez un camion de d\u00e9m\u00e9nagement, nos camions cubes de 16 pieds faciles \u00e0 conduire sont la solution id\u00e9ale pour vos besoins de location \u00e0 court et \u00e0 long terme!<\/p><\/div><p>Avec une capacit\u00e9 de 1500 kg, il s'agit de la solution id\u00e9ale pour tous vos besoins de locations personnelles et commerciales. Enti\u00e8rements \u00e9quip\u00e9s, ils sont munis d'une rampe r\u00e9tractable pratique et d'un moteur 8 cylindres puissant et \u00e9conomique. Ils peuvent facilement recevoir des bo\u00eetes, des caisses, des \u00e9lectrom\u00e9nagers tels qu'un r\u00e9frig\u00e9rateur, une cuisini\u00e8re, des meubles et des tables pour meubler des appartements de 1, 2 ou 3 chambres \u00e0 coucher. Ce mod\u00e8le de camion cube peut recevoir des \u00e9quipements commerciaux et constitue une solution abordable et efficace pour tous vos besoins de transports et de d\u00e9m\u00e9nagements.<\/p><a class=\"button\" href=\"\/fr\/vehicules\/camion-cube-16pi-avec-rampe\/\">R\u00e9servez d\u00e8s maintenant<\/a><ul class=\"features\">\n\t\t\t\t<li><img decoding=\"async\" src=\"https:\/\/www.globecar.com\/wp-content\/themes\/genesis-child\/images\/tons.png\" alt=\"Tons\"\/> 3\/4<\/li>\n\t\t\t\t<li><img decoding=\"async\" src=\"https:\/\/www.globecar.com\/wp-content\/themes\/genesis-child\/images\/passengers.png\" alt=\"Passengers\"\/> 2<\/li><li><img decoding=\"async\" src=\"https:\/\/www.globecar.com\/wp-content\/themes\/genesis-child\/images\/transmission.png\" alt=\"Transmission\"\/> Automatique<\/li><li><img decoding=\"async\" src=\"https:\/\/www.globecar.com\/wp-content\/themes\/genesis-child\/images\/ac.png\" alt=\"AC\"\/> climatisation<\/li><li><img decoding=\"async\" src=\"https:\/\/www.globecar.com\/wp-content\/themes\/genesis-child\/images\/age.png\" alt=\"Age\"\/> 21 ans et +<\/li><\/ul><span class=\"conditions\">* Certaines conditions s'appliquent<\/span><\/div><\/div>\n\t\t<div class=\"simple-banner \">\n\t\t\t<img decoding=\"async\" width=\"1574\" height=\"390\" src=\"https:\/\/www.globecar.com\/wp-content\/uploads\/2017\/08\/question_banner.jpg\" class=\"attachment-full size-full\" alt=\"question_banner\" srcset=\"https:\/\/www.globecar.com\/wp-content\/uploads\/2017\/08\/question_banner.jpg 1574w, https:\/\/www.globecar.com\/wp-content\/uploads\/2017\/08\/question_banner-150x37.jpg 150w, https:\/\/www.globecar.com\/wp-content\/uploads\/2017\/08\/question_banner-300x74.jpg 300w, https:\/\/www.globecar.com\/wp-content\/uploads\/2017\/08\/question_banner-768x190.jpg 768w, https:\/\/www.globecar.com\/wp-content\/uploads\/2017\/08\/question_banner-1024x254.jpg 1024w, https:\/\/www.globecar.com\/wp-content\/uploads\/2017\/08\/question_banner-300x74@2x.jpg 600w, https:\/\/www.globecar.com\/wp-content\/uploads\/2017\/08\/question_banner-768x190@2x.jpg 1536w\" sizes=\"(max-width: 1574px) 100vw, 1574px\" \/>\n\t\t\t<div class=\"wrap\"><div class=\"mini-wrap\"><h3>Vous avez des questions?<\/h3><\/div><a class=\"button onDark full large\" href=\"https:\/\/faq.globecar.com\/fr\">Trouvez facilement des r\u00e9ponses \u00e0 vos questions<\/a>\t<\/div><\/div>[\/vc_column][\/vc_row][\/vc_section]<\/p>\n<\/div>","protected":false},"excerpt":{"rendered":"<p>[vc_row content_placement=\u00a0\u00bbmiddle\u00a0\u00bb is_header=\u00a0\u00bbtrue\u00a0\u00bb][vc_column width=\u00a0\u00bb2\/3&Prime;][vc_column_text css=\u00a0\u00bb.vc_custom_1709673299499{margin-bottom: 2em !important;}\u00a0\u00bb] Nous avons des camions! Location de fourgonnettes, de camionnettes et de camions de d\u00e9m\u00e9nagement \u00cates-vous \u00e0 la recherche d&rsquo;une location de fourgonnette ou de camionnette \u00e0 bas prix \u00e0 Montr\u00e9al, QC? Nous offrons les tarifs les moins chers pour la location de VUS, de 4&#215;4, des camionnettes, de [&hellip;]<\/p>\n","protected":false},"author":1,"featured_media":0,"parent":0,"menu_order":0,"comment_status":"closed","ping_status":"closed","template":"","meta":{"_acf_changed":false,"_genesis_hide_title":false,"_genesis_hide_breadcrumbs":false,"_genesis_hide_singular_image":false,"_genesis_hide_footer_widgets":false,"_genesis_custom_body_class":"","_genesis_custom_post_class":"","_genesis_layout":"","jetpack_post_was_ever_published":false,"footnotes":""},"class_list":{"0":"post-3493","1":"page","2":"type-page","3":"status-publish","5":"entry","6":"has-post-thumbnail"},"acf":[],"yoast_head":"<!-- This site is optimized with the Yoast SEO Premium plugin v27.1 (Yoast SEO v27.1.1) - https:\/\/yoast.com\/product\/yoast-seo-premium-wordpress\/ -->\n<title>Location de Camions et 4X4 | Globe Location de Voitures &amp; Camions \u00e0 Montr\u00e9al<\/title>\n<meta name=\"description\" content=\"Location de camions pour 37,95$ par jour. Louez une camionnette, un 4x4, des camions de d\u00e9m\u00e9nagement et des fourgonnettes \u00e0 Montr\u00e9al.\" \/>\n<meta name=\"robots\" content=\"index, follow, max-snippet:-1, max-image-preview:large, max-video-preview:-1\" \/>\n<link rel=\"canonical\" href=\"https:\/\/www.globecar.com\/fr\/location-de-camions\/\" \/>\n<meta property=\"og:locale\" content=\"fr_CA\" \/>\n<meta property=\"og:type\" content=\"article\" \/>\n<meta property=\"og:title\" content=\"Locations de camions\" \/>\n<meta property=\"og:description\" content=\"Nous avons des camions! Location de fourgonnettes, de camionnettes et de camions de d\u00e9m\u00e9nagement \u00cates-vous \u00e0 la recherche d&#039;une location de fourgonnette\" \/>\n<meta property=\"og:url\" content=\"https:\/\/www.globecar.com\/fr\/location-de-camions\/\" \/>\n<meta property=\"og:site_name\" content=\"Globe Location de Voitures &amp; Camions \u00e0 Montr\u00e9al\" \/>\n<meta property=\"article:publisher\" content=\"https:\/\/www.facebook.com\/GlobeCar\" \/>\n<meta property=\"article:modified_time\" content=\"2025-03-20T05:29:32+00:00\" \/>\n<meta property=\"og:image\" content=\"https:\/\/www.globecar.com\/wp-content\/uploads\/2023\/12\/thumbnail_logo_final-1.jpg\" \/>\n\t<meta property=\"og:image:width\" content=\"555\" \/>\n\t<meta property=\"og:image:height\" content=\"555\" \/>\n\t<meta property=\"og:image:type\" content=\"image\/jpeg\" \/>\n<meta name=\"twitter:card\" content=\"summary_large_image\" \/>\n<meta name=\"twitter:site\" content=\"@GlobeCar\" \/>\n<meta name=\"twitter:label1\" content=\"Estimation du temps de lecture\" \/>\n\t<meta name=\"twitter:data1\" content=\"5 minutes\" \/>\n<script type=\"application\/ld+json\" class=\"yoast-schema-graph\">{\"@context\":\"https:\/\/schema.org\",\"@graph\":[{\"@type\":\"WebPage\",\"@id\":\"https:\/\/www.globecar.com\/fr\/location-de-camions\/\",\"url\":\"https:\/\/www.globecar.com\/fr\/location-de-camions\/\",\"name\":\"Location de Camions et 4X4 | Globe Location de Voitures &amp; Camions \u00e0 Montr\u00e9al\",\"isPartOf\":{\"@id\":\"https:\/\/www.globecar.com\/fr\/#website\"},\"datePublished\":\"2018-05-08T20:30:37+00:00\",\"dateModified\":\"2025-03-20T05:29:32+00:00\",\"description\":\"Location de camions pour 37,95$ par jour. Louez une camionnette, un 4x4, des camions de d\u00e9m\u00e9nagement et des fourgonnettes \u00e0 Montr\u00e9al.\",\"breadcrumb\":{\"@id\":\"https:\/\/www.globecar.com\/fr\/location-de-camions\/#breadcrumb\"},\"inLanguage\":\"fr-CA\",\"potentialAction\":[{\"@type\":\"ReadAction\",\"target\":[\"https:\/\/www.globecar.com\/fr\/location-de-camions\/\"]}]},{\"@type\":\"BreadcrumbList\",\"@id\":\"https:\/\/www.globecar.com\/fr\/location-de-camions\/#breadcrumb\",\"itemListElement\":[{\"@type\":\"ListItem\",\"position\":1,\"name\":\"Accueil\",\"item\":\"https:\/\/www.globecar.com\/fr\/\"},{\"@type\":\"ListItem\",\"position\":2,\"name\":\"Locations de camions\"}]},{\"@type\":\"WebSite\",\"@id\":\"https:\/\/www.globecar.com\/fr\/#website\",\"url\":\"https:\/\/www.globecar.com\/fr\/\",\"name\":\"Globe Location d'Autos et Camions \u00e0 Montr\u00e9al\",\"description\":\"Drive 4 Less\",\"publisher\":{\"@id\":\"https:\/\/www.globecar.com\/fr\/#organization\"},\"alternateName\":\"GlobeCar\",\"potentialAction\":[{\"@type\":\"SearchAction\",\"target\":{\"@type\":\"EntryPoint\",\"urlTemplate\":\"https:\/\/www.globecar.com\/fr\/?s={search_term_string}\"},\"query-input\":{\"@type\":\"PropertyValueSpecification\",\"valueRequired\":true,\"valueName\":\"search_term_string\"}}],\"inLanguage\":\"fr-CA\"},{\"@type\":\"Organization\",\"@id\":\"https:\/\/www.globecar.com\/fr\/#organization\",\"name\":\"Globe Car & Truck Rental\",\"alternateName\":\"GlobeCar\",\"url\":\"https:\/\/www.globecar.com\/fr\/\",\"logo\":{\"@type\":\"ImageObject\",\"inLanguage\":\"fr-CA\",\"@id\":\"https:\/\/www.globecar.com\/fr\/#\/schema\/logo\/image\/\",\"url\":\"https:\/\/www.globecar.com\/wp-content\/uploads\/2023\/12\/thumbnail_logo_final-1.jpg\",\"contentUrl\":\"https:\/\/www.globecar.com\/wp-content\/uploads\/2023\/12\/thumbnail_logo_final-1.jpg\",\"width\":555,\"height\":555,\"caption\":\"Globe Car & Truck Rental\"},\"image\":{\"@id\":\"https:\/\/www.globecar.com\/fr\/#\/schema\/logo\/image\/\"},\"sameAs\":[\"https:\/\/www.facebook.com\/GlobeCar\",\"https:\/\/x.com\/GlobeCar\",\"https:\/\/mastodon.social\/@globecar\",\"https:\/\/www.instagram.com\/globecar\/\",\"https:\/\/www.linkedin.com\/company\/globecar\/\",\"https:\/\/www.pinterest.com\/globecar\",\"https:\/\/www.youtube.com\/c\/GlobecarRentals\"]}]}<\/script>\n<!-- \/ Yoast SEO Premium plugin. -->","yoast_head_json":{"title":"Location de Camions et 4X4 | Globe Location de Voitures &amp; Camions \u00e0 Montr\u00e9al","description":"Location de camions pour 37,95$ par jour. Louez une camionnette, un 4x4, des camions de d\u00e9m\u00e9nagement et des fourgonnettes \u00e0 Montr\u00e9al.","robots":{"index":"index","follow":"follow","max-snippet":"max-snippet:-1","max-image-preview":"max-image-preview:large","max-video-preview":"max-video-preview:-1"},"canonical":"https:\/\/www.globecar.com\/fr\/location-de-camions\/","og_locale":"fr_CA","og_type":"article","og_title":"Locations de camions","og_description":"Nous avons des camions! Location de fourgonnettes, de camionnettes et de camions de d\u00e9m\u00e9nagement \u00cates-vous \u00e0 la recherche d'une location de fourgonnette","og_url":"https:\/\/www.globecar.com\/fr\/location-de-camions\/","og_site_name":"Globe Location de Voitures &amp; Camions \u00e0 Montr\u00e9al","article_publisher":"https:\/\/www.facebook.com\/GlobeCar","article_modified_time":"2025-03-20T05:29:32+00:00","og_image":[{"width":555,"height":555,"url":"https:\/\/www.globecar.com\/wp-content\/uploads\/2023\/12\/thumbnail_logo_final-1.jpg","type":"image\/jpeg"}],"twitter_card":"summary_large_image","twitter_site":"@GlobeCar","twitter_misc":{"Estimation du temps de lecture":"5 minutes"},"schema":{"@context":"https:\/\/schema.org","@graph":[{"@type":"WebPage","@id":"https:\/\/www.globecar.com\/fr\/location-de-camions\/","url":"https:\/\/www.globecar.com\/fr\/location-de-camions\/","name":"Location de Camions et 4X4 | Globe Location de Voitures &amp; Camions \u00e0 Montr\u00e9al","isPartOf":{"@id":"https:\/\/www.globecar.com\/fr\/#website"},"datePublished":"2018-05-08T20:30:37+00:00","dateModified":"2025-03-20T05:29:32+00:00","description":"Location de camions pour 37,95$ par jour. Louez une camionnette, un 4x4, des camions de d\u00e9m\u00e9nagement et des fourgonnettes \u00e0 Montr\u00e9al.","breadcrumb":{"@id":"https:\/\/www.globecar.com\/fr\/location-de-camions\/#breadcrumb"},"inLanguage":"fr-CA","potentialAction":[{"@type":"ReadAction","target":["https:\/\/www.globecar.com\/fr\/location-de-camions\/"]}]},{"@type":"BreadcrumbList","@id":"https:\/\/www.globecar.com\/fr\/location-de-camions\/#breadcrumb","itemListElement":[{"@type":"ListItem","position":1,"name":"Accueil","item":"https:\/\/www.globecar.com\/fr\/"},{"@type":"ListItem","position":2,"name":"Locations de camions"}]},{"@type":"WebSite","@id":"https:\/\/www.globecar.com\/fr\/#website","url":"https:\/\/www.globecar.com\/fr\/","name":"Globe Location d'Autos et Camions \u00e0 Montr\u00e9al","description":"Drive 4 Less","publisher":{"@id":"https:\/\/www.globecar.com\/fr\/#organization"},"alternateName":"GlobeCar","potentialAction":[{"@type":"SearchAction","target":{"@type":"EntryPoint","urlTemplate":"https:\/\/www.globecar.com\/fr\/?s={search_term_string}"},"query-input":{"@type":"PropertyValueSpecification","valueRequired":true,"valueName":"search_term_string"}}],"inLanguage":"fr-CA"},{"@type":"Organization","@id":"https:\/\/www.globecar.com\/fr\/#organization","name":"Globe Car & Truck Rental","alternateName":"GlobeCar","url":"https:\/\/www.globecar.com\/fr\/","logo":{"@type":"ImageObject","inLanguage":"fr-CA","@id":"https:\/\/www.globecar.com\/fr\/#\/schema\/logo\/image\/","url":"https:\/\/www.globecar.com\/wp-content\/uploads\/2023\/12\/thumbnail_logo_final-1.jpg","contentUrl":"https:\/\/www.globecar.com\/wp-content\/uploads\/2023\/12\/thumbnail_logo_final-1.jpg","width":555,"height":555,"caption":"Globe Car & Truck Rental"},"image":{"@id":"https:\/\/www.globecar.com\/fr\/#\/schema\/logo\/image\/"},"sameAs":["https:\/\/www.facebook.com\/GlobeCar","https:\/\/x.com\/GlobeCar","https:\/\/mastodon.social\/@globecar","https:\/\/www.instagram.com\/globecar\/","https:\/\/www.linkedin.com\/company\/globecar\/","https:\/\/www.pinterest.com\/globecar","https:\/\/www.youtube.com\/c\/GlobecarRentals"]}]}},"jetpack_sharing_enabled":true,"jetpack_shortlink":"https:\/\/wp.me\/PaiT2D-Ul","_links":{"self":[{"href":"https:\/\/www.globecar.com\/fr\/wp-json\/wp\/v2\/pages\/3493","targetHints":{"allow":["GET"]}}],"collection":[{"href":"https:\/\/www.globecar.com\/fr\/wp-json\/wp\/v2\/pages"}],"about":[{"href":"https:\/\/www.globecar.com\/fr\/wp-json\/wp\/v2\/types\/page"}],"author":[{"embeddable":true,"href":"https:\/\/www.globecar.com\/fr\/wp-json\/wp\/v2\/users\/1"}],"replies":[{"embeddable":true,"href":"https:\/\/www.globecar.com\/fr\/wp-json\/wp\/v2\/comments?post=3493"}],"version-history":[{"count":40,"href":"https:\/\/www.globecar.com\/fr\/wp-json\/wp\/v2\/pages\/3493\/revisions"}],"predecessor-version":[{"id":17914,"href":"https:\/\/www.globecar.com\/fr\/wp-json\/wp\/v2\/pages\/3493\/revisions\/17914"}],"wp:attachment":[{"href":"https:\/\/www.globecar.com\/fr\/wp-json\/wp\/v2\/media?parent=3493"}],"curies":[{"name":"wp","href":"https:\/\/api.w.org\/{rel}","templated":true}]}}