{"id":3469,"date":"2018-05-08T10:39:14","date_gmt":"2018-05-08T14:39:14","guid":{"rendered":"https:\/\/www.globecar.com\/votre-assurance-auto-personnelle\/"},"modified":"2025-03-20T01:39:49","modified_gmt":"2025-03-20T05:39:49","slug":"votre-propre-couverture","status":"publish","type":"page","link":"https:\/\/www.globecar.com\/fr\/couverture\/votre-propre-couverture\/","title":{"rendered":"Votre propre couverture"},"content":{"rendered":"<div class=\"wpb-content-wrapper\"><p>[vc_row is_header=\u00a0\u00bbtrue\u00a0\u00bb][vc_column width=\u00a0\u00bb2\/3&Prime;][vc_column_text]<\/p>\n<h1>Devrais-je prendre la couverture de Globe ou utiliser mes assurances?<\/h1>\n<p><span style=\"font-weight: 400;\">Personne n&rsquo;est \u00e0 l&rsquo;abri d&rsquo;un accident, nous pouvons en t\u00e9moigner. Vous trouverez ci-dessous 2 types\u00a0<\/span>d&rsquo;assurances qui vous permettent de refuser la <a href=\"https:\/\/www.globecar.com\/fr\/couverture\/protection-assistance-plus\/\">protection \/ assurance<\/a> offerte par l&rsquo;a compagnie de location de voitures. Soyez conscient qu&rsquo;il arrive r\u00e9guli\u00e8rement que des vacances tombent \u00e0 l&rsquo;eau parce que les clients ne poss\u00e9daient pas une couverture d&rsquo;assurance suffisante. C&rsquo;est pour cette raison que nous avons mis beaucoup d&rsquo;efforts pour offrir toutes les informations n\u00e9cessaires afin que nos clients soient conscients des risques auxquels ils s&rsquo;exposent en refusant la couverture offerte par Globe.[\/vc_column_text][\/vc_column][vc_column width=\u00a0\u00bb1\/3&Prime;][vc_single_image image=\u00a0\u00bb3089&Prime; img_size=\u00a0\u00bbfull\u00a0\u00bb alignment=\u00a0\u00bbright\u00a0\u00bb][\/vc_column][\/vc_row][vc_row][vc_column][vc_wp_custommenu nav_menu=\u00a0\u00bb2428&Prime;][\/vc_column][\/vc_row][vc_section is_container=\u00a0\u00bbtrue\u00a0\u00bb][vc_row][vc_column width=\u00a0\u00bb1\/2&Prime;][vc_column_text]<\/p>\n<h2>Protection avec votre carte de cr\u00e9dit<\/h2>\n<p><span style=\"font-weight: 400;\">Cette protection n&rsquo;est pas offerte avec toutes les cartes de cr\u00e9dit. M\u00eame les cartes qui offrent une protection imposent certaines restrictions. Par exemple : nous avons d\u00e9j\u00e0 vu une carte de Platine AMEX \u00e9mise aux \u00c9tats-Unis qui n&rsquo;offrait aucune couverture pour les accidents au Canada! Le client \u00e9tait estomaqu\u00e9 d&rsquo;apprendre qu&rsquo;il devait payer 6 000 $ en dommages alors qu&rsquo;il croyait b\u00e9n\u00e9ficier d&rsquo;une protection compl\u00e8te de AMEX.<\/span><\/p>\n<p><span style=\"font-weight: 400;\">D&rsquo;autres cartes de cr\u00e9dit ne vous offrent qu&rsquo;une protection secondaire. Cela signifie que si vous \u00eates le propri\u00e9taire d&rsquo;une voiture dans votre ville de r\u00e9sidence, c&rsquo;est votre assurance auto personnelle qui doit \u00eatre prise en consid\u00e9ration en premier.<\/span>[\/vc_column_text][\/vc_column][vc_column width=\u00a0\u00bb1\/2&Prime;][vc_column_text]<strong><strong>Autres restrictions selon la carte :<\/strong><\/strong><\/p>\n<table>\n<tbody>\n<tr>\n<td style=\"vertical-align: top;\"><span style=\"color: #ff6c00;\"><i class=\"fa fa-check \" ><\/i><\/span><\/td>\n<td>Aucune protection pour conducteurs suppl\u00e9mentaires<\/td>\n<\/tr>\n<tr>\n<td style=\"vertical-align: top;\"><span style=\"color: #ff6c00;\"><i class=\"fa fa-check \" ><\/i><\/span><\/td>\n<td>Aucune protection pour les <a href=\"https:\/\/www.globecar.com\/fr\/nos-vehicules\/vus\/\">VUS<\/a><\/td>\n<\/tr>\n<tr>\n<td style=\"vertical-align: top;\"><span style=\"color: #ff6c00;\"><i class=\"fa fa-check \" ><\/i><\/span><\/td>\n<td>Aucune protection si vous payez comptant, vous devez utiliser une carte pour payer le solde complet<\/td>\n<\/tr>\n<tr>\n<td style=\"vertical-align: top;\"><span style=\"color: #ff6c00;\"><i class=\"fa fa-check \" ><\/i><\/span><\/td>\n<td>Aucune protection si vous d\u00e9passez votre limite de cr\u00e9dit ou si vous n\u00e9gligez de payer vos mensualit\u00e9s<\/td>\n<\/tr>\n<tr>\n<td style=\"vertical-align: top;\"><span style=\"color: #ff6c00;\"><i class=\"fa fa-check \" ><\/i><\/span><\/td>\n<td>Une liste compl\u00e8te des probl\u00e8mes potentiels est disponible ici.<\/td>\n<\/tr>\n<\/tbody>\n<\/table>\n<p>[\/vc_column_text][\/vc_column][\/vc_row][vc_row][vc_column][vc_column_text]<\/p>\n<hr \/>\n<p>[\/vc_column_text][\/vc_column][\/vc_row][vc_row][vc_column width=\u00a0\u00bb1\/2&Prime;][vc_column_text]<\/p>\n<h2>Assurance auto personnelle<\/h2>\n<p><span style=\"font-weight: 400;\">Cette protection (<strong>qui n&rsquo;est incluse que sur certaines polices d&rsquo;assurance<\/strong>) vous permet de transf\u00e9rer votre assurance personnelle au v\u00e9hicule que vous louez. Cette option est surtout utilis\u00e9e pour prot\u00e9ger le v\u00e9hicule de location lorsque votre voiture personnelle est en r\u00e9paration ou remis\u00e9e dans votre garage. <\/span><\/p>\n<p><span style=\"font-weight: 400;\">Cela peut entra\u00eener des probl\u00e8mes si une tierce personne conduit votre voiture (conjoint(e), membres de la famille, etc.) pendant que vous conduisez la voiture de location. Si un accident majeur survient et qu&rsquo;une enqu\u00eate prouve que les deux voitures \u00e9taient sur la route au m\u00eame moment, cela pourrait entra\u00eener le rejet de la r\u00e9clamation. La situation pourrait \u00eatre pire encore si les deux voitures \u00e9taient impliqu\u00e9es dans deux accidents la m\u00eame journ\u00e9e, ou si elles se percutaient dans le garage ou \u00e0 la maison!<\/span>[\/vc_column_text][\/vc_column][vc_column width=\u00a0\u00bb1\/2&Prime;][vc_column_text]<strong><strong>Voici les points importants que la plupart des clients ignorent :<\/strong><\/strong><\/p>\n<table>\n<tbody>\n<tr>\n<td style=\"vertical-align: top;\"><span style=\"color: #ff6c00;\"><i class=\"fa fa-check \" ><\/i><\/span><\/td>\n<td>Les r\u00e9clamations sont enregistr\u00e9es : il n&rsquo;y a pas de distinction entre une r\u00e9clamation d\u00e9pos\u00e9e pour une voiture de location ou votre v\u00e9hicule personnel. Dans les deux cas, elle sera enregistr\u00e9e \u00e0 votre dossier. Ce n&rsquo;est cependant pas le cas avec <a href=\"\/fr\/couverture\/exoneration-pour-dommages-par-collision\">la couverture de Globe<\/a> \ud83d\ude42<\/td>\n<\/tr>\n<tr>\n<td style=\"vertical-align: top;\"><span style=\"color: #ff6c00;\"><i class=\"fa fa-check \" ><\/i><\/span><\/td>\n<td>Les primes d&rsquo;assurance mensuelles augmentent : les r\u00e9clamations pr\u00e9c\u00e9dentes se traduisent <strong>presque toujours<\/strong> par une augmentation des primes d&rsquo;assurance l&rsquo;ann\u00e9e suivante et les ann\u00e9es qui suivent!<\/td>\n<\/tr>\n<tr>\n<td style=\"vertical-align: top;\"><span style=\"color: #ff6c00;\"><i class=\"fa fa-check \" ><\/i><\/span><\/td>\n<td>Franchises : \u00e0 moins d&rsquo;adh\u00e9rer au plan PAP de Globe (<a href=\"\/fr\/couverture\/protection-assistance-plus\/\">Protection Assistance Plus<\/a>), toutes les franchises seront \u00e0 vos frais en cas d&rsquo;accident responsable. Ce qui signifie que si une roche frappe votre pare-brise sur l&rsquo;autoroute et le fissure ou l&rsquo;endommage l\u00e9g\u00e8rement, la franchise entre en jeu \u2013 et la plupart des personnes pr\u00e9f\u00e8rent payer directement de leur poche plut\u00f4t que de d\u00e9poser une r\u00e9clamation!<\/td>\n<\/tr>\n<\/tbody>\n<\/table>\n<p>[\/vc_column_text][\/vc_column][\/vc_row][vc_row css=\u00a0\u00bb.vc_custom_1505835238497{margin-top: 4em !important;}\u00a0\u00bb][vc_column][vc_column_text]Alors ne prenez pas de risques et achetez la tranquilit\u00e9 d&rsquo;esprit avec <a href=\"https:\/\/www.globecar.com\/fr\/couverture\/exoneration-pour-dommages-par-collision\/\">la couverture offerte par Globe<\/a>. Vous ne le regretterez pas.[\/vc_column_text][\/vc_column][\/vc_row][\/vc_section][vc_section][vc_row full_width=\u00a0\u00bbstretch_row\u00a0\u00bb][vc_column]\n\t\t<div class=\"simple-banner \">\n\t\t\t<img decoding=\"async\" width=\"1574\" height=\"390\" src=\"https:\/\/www.globecar.com\/wp-content\/uploads\/2017\/08\/question_banner.jpg\" class=\"attachment-full size-full\" alt=\"question_banner\" srcset=\"https:\/\/www.globecar.com\/wp-content\/uploads\/2017\/08\/question_banner.jpg 1574w, https:\/\/www.globecar.com\/wp-content\/uploads\/2017\/08\/question_banner-150x37.jpg 150w, https:\/\/www.globecar.com\/wp-content\/uploads\/2017\/08\/question_banner-300x74.jpg 300w, https:\/\/www.globecar.com\/wp-content\/uploads\/2017\/08\/question_banner-768x190.jpg 768w, https:\/\/www.globecar.com\/wp-content\/uploads\/2017\/08\/question_banner-1024x254.jpg 1024w, https:\/\/www.globecar.com\/wp-content\/uploads\/2017\/08\/question_banner-300x74@2x.jpg 600w, https:\/\/www.globecar.com\/wp-content\/uploads\/2017\/08\/question_banner-768x190@2x.jpg 1536w\" sizes=\"(max-width: 1574px) 100vw, 1574px\" \/>\n\t\t\t<div class=\"wrap\"><div class=\"mini-wrap\"><h3>Vous avez des questions?<\/h3><\/div><a class=\"button onDark full large\" href=\"https:\/\/faq.globecar.com\/fr\">Trouvez facilement les r\u00e9ponses \u00e0 vos questions<\/a>\t<\/div><\/div>[\/vc_column][\/vc_row][\/vc_section]<\/p>\n<\/div>","protected":false},"excerpt":{"rendered":"<p>[vc_row is_header=\u00a0\u00bbtrue\u00a0\u00bb][vc_column width=\u00a0\u00bb2\/3&Prime;][vc_column_text] Devrais-je prendre la couverture de Globe ou utiliser mes assurances? Personne n&rsquo;est \u00e0 l&rsquo;abri d&rsquo;un accident, nous pouvons en t\u00e9moigner. Vous trouverez ci-dessous 2 types\u00a0d&rsquo;assurances qui vous permettent de refuser la protection \/ assurance offerte par l&rsquo;a compagnie de location de voitures. Soyez conscient qu&rsquo;il arrive r\u00e9guli\u00e8rement que des vacances tombent \u00e0 [&hellip;]<\/p>\n","protected":false},"author":1,"featured_media":0,"parent":5121,"menu_order":0,"comment_status":"closed","ping_status":"closed","template":"","meta":{"_acf_changed":false,"_genesis_hide_title":false,"_genesis_hide_breadcrumbs":false,"_genesis_hide_singular_image":false,"_genesis_hide_footer_widgets":false,"_genesis_custom_body_class":"","_genesis_custom_post_class":"","_genesis_layout":"","jetpack_post_was_ever_published":false,"footnotes":""},"class_list":{"0":"post-3469","1":"page","2":"type-page","3":"status-publish","5":"entry","6":"has-post-thumbnail"},"acf":[],"yoast_head":"<!-- This site is optimized with the Yoast SEO Premium plugin v27.1 (Yoast SEO v27.1.1) - https:\/\/yoast.com\/product\/yoast-seo-premium-wordpress\/ -->\n<title>Votre Assurance Personnelle | Globe Location de Voitures &amp; Camions \u00e0 Montr\u00e9al<\/title>\n<meta name=\"description\" content=\"Vous pouvez utiliser votre propre assurance auto lorsque vous louez une voiture, mais cette option comporte des risques. Lire plus...\" \/>\n<meta name=\"robots\" content=\"index, follow, max-snippet:-1, max-image-preview:large, max-video-preview:-1\" \/>\n<link rel=\"canonical\" href=\"https:\/\/www.globecar.com\/fr\/couverture\/votre-propre-couverture\/\" \/>\n<meta property=\"og:locale\" content=\"fr_CA\" \/>\n<meta property=\"og:type\" content=\"article\" \/>\n<meta property=\"og:title\" content=\"Votre propre couverture\" \/>\n<meta property=\"og:description\" content=\"Devrais-je prendre la couverture de Globe ou utiliser mes assurances? Personne n&#039;est \u00e0 l&#039;abri d&#039;un accident, nous pouvons en t\u00e9moigner. Vous trouverez\" \/>\n<meta property=\"og:url\" content=\"https:\/\/www.globecar.com\/fr\/couverture\/votre-propre-couverture\/\" \/>\n<meta property=\"og:site_name\" content=\"Globe Location de Voitures &amp; Camions \u00e0 Montr\u00e9al\" \/>\n<meta property=\"article:publisher\" content=\"https:\/\/www.facebook.com\/GlobeCar\" \/>\n<meta property=\"article:modified_time\" content=\"2025-03-20T05:39:49+00:00\" \/>\n<meta property=\"og:image\" content=\"https:\/\/www.globecar.com\/wp-content\/uploads\/2023\/12\/thumbnail_logo_final-1.jpg\" \/>\n\t<meta property=\"og:image:width\" content=\"555\" \/>\n\t<meta property=\"og:image:height\" content=\"555\" \/>\n\t<meta property=\"og:image:type\" content=\"image\/jpeg\" \/>\n<meta name=\"twitter:card\" content=\"summary_large_image\" \/>\n<meta name=\"twitter:site\" content=\"@GlobeCar\" \/>\n<meta name=\"twitter:label1\" content=\"Estimation du temps de lecture\" \/>\n\t<meta name=\"twitter:data1\" content=\"3 minutes\" \/>\n<script type=\"application\/ld+json\" class=\"yoast-schema-graph\">{\"@context\":\"https:\/\/schema.org\",\"@graph\":[{\"@type\":\"WebPage\",\"@id\":\"https:\/\/www.globecar.com\/fr\/couverture\/votre-propre-couverture\/\",\"url\":\"https:\/\/www.globecar.com\/fr\/couverture\/votre-propre-couverture\/\",\"name\":\"Votre Assurance Personnelle | Globe Location de Voitures &amp; Camions \u00e0 Montr\u00e9al\",\"isPartOf\":{\"@id\":\"https:\/\/www.globecar.com\/fr\/#website\"},\"datePublished\":\"2018-05-08T14:39:14+00:00\",\"dateModified\":\"2025-03-20T05:39:49+00:00\",\"description\":\"Vous pouvez utiliser votre propre assurance auto lorsque vous louez une voiture, mais cette option comporte des risques. Lire plus...\",\"breadcrumb\":{\"@id\":\"https:\/\/www.globecar.com\/fr\/couverture\/votre-propre-couverture\/#breadcrumb\"},\"inLanguage\":\"fr-CA\",\"potentialAction\":[{\"@type\":\"ReadAction\",\"target\":[\"https:\/\/www.globecar.com\/fr\/couverture\/votre-propre-couverture\/\"]}]},{\"@type\":\"BreadcrumbList\",\"@id\":\"https:\/\/www.globecar.com\/fr\/couverture\/votre-propre-couverture\/#breadcrumb\",\"itemListElement\":[{\"@type\":\"ListItem\",\"position\":1,\"name\":\"Accueil\",\"item\":\"https:\/\/www.globecar.com\/fr\/\"},{\"@type\":\"ListItem\",\"position\":2,\"name\":\"Assurances pour v\u00e9hicules de location\",\"item\":\"https:\/\/www.globecar.com\/fr\/couverture\/\"},{\"@type\":\"ListItem\",\"position\":3,\"name\":\"Votre Propre Couverture\"}]},{\"@type\":\"WebSite\",\"@id\":\"https:\/\/www.globecar.com\/fr\/#website\",\"url\":\"https:\/\/www.globecar.com\/fr\/\",\"name\":\"Globe Location d'Autos et Camions \u00e0 Montr\u00e9al\",\"description\":\"Drive 4 Less\",\"publisher\":{\"@id\":\"https:\/\/www.globecar.com\/fr\/#organization\"},\"alternateName\":\"GlobeCar\",\"potentialAction\":[{\"@type\":\"SearchAction\",\"target\":{\"@type\":\"EntryPoint\",\"urlTemplate\":\"https:\/\/www.globecar.com\/fr\/?s={search_term_string}\"},\"query-input\":{\"@type\":\"PropertyValueSpecification\",\"valueRequired\":true,\"valueName\":\"search_term_string\"}}],\"inLanguage\":\"fr-CA\"},{\"@type\":\"Organization\",\"@id\":\"https:\/\/www.globecar.com\/fr\/#organization\",\"name\":\"Globe Car & Truck Rental\",\"alternateName\":\"GlobeCar\",\"url\":\"https:\/\/www.globecar.com\/fr\/\",\"logo\":{\"@type\":\"ImageObject\",\"inLanguage\":\"fr-CA\",\"@id\":\"https:\/\/www.globecar.com\/fr\/#\/schema\/logo\/image\/\",\"url\":\"https:\/\/www.globecar.com\/wp-content\/uploads\/2023\/12\/thumbnail_logo_final-1.jpg\",\"contentUrl\":\"https:\/\/www.globecar.com\/wp-content\/uploads\/2023\/12\/thumbnail_logo_final-1.jpg\",\"width\":555,\"height\":555,\"caption\":\"Globe Car & Truck Rental\"},\"image\":{\"@id\":\"https:\/\/www.globecar.com\/fr\/#\/schema\/logo\/image\/\"},\"sameAs\":[\"https:\/\/www.facebook.com\/GlobeCar\",\"https:\/\/x.com\/GlobeCar\",\"https:\/\/mastodon.social\/@globecar\",\"https:\/\/www.instagram.com\/globecar\/\",\"https:\/\/www.linkedin.com\/company\/globecar\/\",\"https:\/\/www.pinterest.com\/globecar\",\"https:\/\/www.youtube.com\/c\/GlobecarRentals\"]}]}<\/script>\n<!-- \/ Yoast SEO Premium plugin. -->","yoast_head_json":{"title":"Votre Assurance Personnelle | Globe Location de Voitures &amp; Camions \u00e0 Montr\u00e9al","description":"Vous pouvez utiliser votre propre assurance auto lorsque vous louez une voiture, mais cette option comporte des risques. Lire plus...","robots":{"index":"index","follow":"follow","max-snippet":"max-snippet:-1","max-image-preview":"max-image-preview:large","max-video-preview":"max-video-preview:-1"},"canonical":"https:\/\/www.globecar.com\/fr\/couverture\/votre-propre-couverture\/","og_locale":"fr_CA","og_type":"article","og_title":"Votre propre couverture","og_description":"Devrais-je prendre la couverture de Globe ou utiliser mes assurances? Personne n'est \u00e0 l'abri d'un accident, nous pouvons en t\u00e9moigner. Vous trouverez","og_url":"https:\/\/www.globecar.com\/fr\/couverture\/votre-propre-couverture\/","og_site_name":"Globe Location de Voitures &amp; Camions \u00e0 Montr\u00e9al","article_publisher":"https:\/\/www.facebook.com\/GlobeCar","article_modified_time":"2025-03-20T05:39:49+00:00","og_image":[{"width":555,"height":555,"url":"https:\/\/www.globecar.com\/wp-content\/uploads\/2023\/12\/thumbnail_logo_final-1.jpg","type":"image\/jpeg"}],"twitter_card":"summary_large_image","twitter_site":"@GlobeCar","twitter_misc":{"Estimation du temps de lecture":"3 minutes"},"schema":{"@context":"https:\/\/schema.org","@graph":[{"@type":"WebPage","@id":"https:\/\/www.globecar.com\/fr\/couverture\/votre-propre-couverture\/","url":"https:\/\/www.globecar.com\/fr\/couverture\/votre-propre-couverture\/","name":"Votre Assurance Personnelle | Globe Location de Voitures &amp; Camions \u00e0 Montr\u00e9al","isPartOf":{"@id":"https:\/\/www.globecar.com\/fr\/#website"},"datePublished":"2018-05-08T14:39:14+00:00","dateModified":"2025-03-20T05:39:49+00:00","description":"Vous pouvez utiliser votre propre assurance auto lorsque vous louez une voiture, mais cette option comporte des risques. Lire plus...","breadcrumb":{"@id":"https:\/\/www.globecar.com\/fr\/couverture\/votre-propre-couverture\/#breadcrumb"},"inLanguage":"fr-CA","potentialAction":[{"@type":"ReadAction","target":["https:\/\/www.globecar.com\/fr\/couverture\/votre-propre-couverture\/"]}]},{"@type":"BreadcrumbList","@id":"https:\/\/www.globecar.com\/fr\/couverture\/votre-propre-couverture\/#breadcrumb","itemListElement":[{"@type":"ListItem","position":1,"name":"Accueil","item":"https:\/\/www.globecar.com\/fr\/"},{"@type":"ListItem","position":2,"name":"Assurances pour v\u00e9hicules de location","item":"https:\/\/www.globecar.com\/fr\/couverture\/"},{"@type":"ListItem","position":3,"name":"Votre Propre Couverture"}]},{"@type":"WebSite","@id":"https:\/\/www.globecar.com\/fr\/#website","url":"https:\/\/www.globecar.com\/fr\/","name":"Globe Location d'Autos et Camions \u00e0 Montr\u00e9al","description":"Drive 4 Less","publisher":{"@id":"https:\/\/www.globecar.com\/fr\/#organization"},"alternateName":"GlobeCar","potentialAction":[{"@type":"SearchAction","target":{"@type":"EntryPoint","urlTemplate":"https:\/\/www.globecar.com\/fr\/?s={search_term_string}"},"query-input":{"@type":"PropertyValueSpecification","valueRequired":true,"valueName":"search_term_string"}}],"inLanguage":"fr-CA"},{"@type":"Organization","@id":"https:\/\/www.globecar.com\/fr\/#organization","name":"Globe Car & Truck Rental","alternateName":"GlobeCar","url":"https:\/\/www.globecar.com\/fr\/","logo":{"@type":"ImageObject","inLanguage":"fr-CA","@id":"https:\/\/www.globecar.com\/fr\/#\/schema\/logo\/image\/","url":"https:\/\/www.globecar.com\/wp-content\/uploads\/2023\/12\/thumbnail_logo_final-1.jpg","contentUrl":"https:\/\/www.globecar.com\/wp-content\/uploads\/2023\/12\/thumbnail_logo_final-1.jpg","width":555,"height":555,"caption":"Globe Car & Truck Rental"},"image":{"@id":"https:\/\/www.globecar.com\/fr\/#\/schema\/logo\/image\/"},"sameAs":["https:\/\/www.facebook.com\/GlobeCar","https:\/\/x.com\/GlobeCar","https:\/\/mastodon.social\/@globecar","https:\/\/www.instagram.com\/globecar\/","https:\/\/www.linkedin.com\/company\/globecar\/","https:\/\/www.pinterest.com\/globecar","https:\/\/www.youtube.com\/c\/GlobecarRentals"]}]}},"jetpack_sharing_enabled":true,"jetpack_shortlink":"https:\/\/wp.me\/PaiT2D-TX","_links":{"self":[{"href":"https:\/\/www.globecar.com\/fr\/wp-json\/wp\/v2\/pages\/3469","targetHints":{"allow":["GET"]}}],"collection":[{"href":"https:\/\/www.globecar.com\/fr\/wp-json\/wp\/v2\/pages"}],"about":[{"href":"https:\/\/www.globecar.com\/fr\/wp-json\/wp\/v2\/types\/page"}],"author":[{"embeddable":true,"href":"https:\/\/www.globecar.com\/fr\/wp-json\/wp\/v2\/users\/1"}],"replies":[{"embeddable":true,"href":"https:\/\/www.globecar.com\/fr\/wp-json\/wp\/v2\/comments?post=3469"}],"version-history":[{"count":0,"href":"https:\/\/www.globecar.com\/fr\/wp-json\/wp\/v2\/pages\/3469\/revisions"}],"up":[{"embeddable":true,"href":"https:\/\/www.globecar.com\/fr\/wp-json\/wp\/v2\/pages\/5121"}],"wp:attachment":[{"href":"https:\/\/www.globecar.com\/fr\/wp-json\/wp\/v2\/media?parent=3469"}],"curies":[{"name":"wp","href":"https:\/\/api.w.org\/{rel}","templated":true}]}}