{"id":12784,"date":"2024-01-22T11:35:13","date_gmt":"2024-01-22T16:35:13","guid":{"rendered":"https:\/\/www.globecar.com\/?page_id=12784"},"modified":"2026-04-24T15:37:47","modified_gmt":"2026-04-24T19:37:47","slug":"accueil","status":"publish","type":"page","link":"https:\/\/www.globecar.com\/fr\/","title":{"rendered":"Accueil"},"content":{"rendered":"<div class=\"wpb-content-wrapper\"><p>[vc_section][vc_row full_width=\u00a0\u00bbstretch_row\u00a0\u00bb][vc_column]<div class=\"slick-slider-wrapper hero-banner-slider  autoplay\">\n\t\t<div class=\"homepage-banner \"><img data-lazy=\"https:\/\/www.globecar.com\/wp-content\/uploads\/2026\/04\/GLOBE_website_homepage_DLT_SLIDER_FR.jpg\" width=\"1574\" height=\"600\" ><div class=\"wrap\"><div class=\"mini-wrap\"><h3>Maintenant ouvert \u00e0 Laval!<\/h3><div class=\"col-wrapper\"><div><\/p>\n<ul>\n<li>1880 Boul. des Laurentides<\/li>\n<li>Prix les plus bas garantis!<\/li>\n<li>\u00c9cono, 4&#215;4, VUS et camions!<\/li>\n<li>Flotte 2026 neuve et propre!<\/li>\n<\/ul>\n<p><\/div><\/div><div class=\"clear\"><\/div><a class=\"button onDark large\" href=\"https:\/\/www.globecar.com\/fr\/location\/canada\/quebec\/laval\/boulevard-des-laurentides\/\">R\u00e9servez maintenant<\/a><\/div><\/div><\/div>\n\t\t<div class=\"homepage-banner \"><img data-lazy=\"https:\/\/www.globecar.com\/wp-content\/uploads\/2025\/03\/GLOBE_website_homepage_TARIFF_SLIDER-1.jpg\" width=\"1574\" height=\"600\" ><div class=\"wrap\"><div class=\"mini-wrap\"><h3>Entreprise fi\u00e8rement Qu\u00e9becoise<\/h3><div class=\"col-wrapper\"><div>Achetez local, Soutenez l\u2019avenir du Qu\u00e9bec<\/div><\/div><div class=\"clear\"><\/div><a class=\"button onDark large\" href=\"https:\/\/reserve.globecar.com\/fr\/location-voiture\">R\u00c9SERVEZ MAINTENANT<\/a><\/div><\/div><\/div>\n\t\t<div class=\"homepage-banner \"><img data-lazy=\"https:\/\/www.globecar.com\/wp-content\/uploads\/2022\/03\/shutterstock_673616299-1.jpg\" width=\"1574\" height=\"600\" ><div class=\"wrap\"><div class=\"mini-wrap\"><h3>Vive le printemps!<\/h3><div class=\"col-wrapper\"><p class=\"amount\"><span class=\"title\">\u00c0 partir de<\/span>29<span class=\"cents\">,95$*<\/span><span class=\"per\">\/jour!<\/span><\/p><div><\/p>\n<ul>\n<li>Prix imbattables &#8211; garantie!<\/li>\n<li>Nouveaux mod\u00e8les<\/li>\n<li>V\u00e9hicules d\u00e9sinfect\u00e9s et propres<\/li>\n<li>Quantit\u00e9 limit\u00e9e &#8211; Faites vite!<\/li>\n<\/ul>\n<p><\/div><\/div><div class=\"clear\"><\/div><a class=\"button onDark large\" href=\"https:\/\/www.globecar.com\/fr\/vehicles\/\">Voir nos mod\u00e8les<\/a><p class=\"footer\">*Certaines conditions s'appliquent.<\/p><\/div><\/div><\/div>\n\t\t<div class=\"homepage-banner \"><img data-lazy=\"https:\/\/www.globecar.com\/wp-content\/uploads\/2019\/06\/homeslide-03.jpg\" width=\"1574\" height=\"600\" ><div class=\"wrap\"><div class=\"mini-wrap\"><h3>Gratuit\u00e9s !<\/h3><div class=\"col-wrapper\"><div><\/p>\n<ul>\n<li>GPS GRATUIT (pour location active)<\/li>\n<li>Assistance routi\u00e8re GRATUITE<\/li>\n<li>Assurance responsabilit\u00e9 civile GRATUITE<\/li>\n<li>Navette GRATUITE*<\/li>\n<li>SOURIRES gratuits, aussi!<\/li>\n<\/ul>\n<p><\/div><\/div><div class=\"clear\"><\/div><a class=\"button onDark large\" href=\"https:\/\/www.globecar.com\/fr\/a-propos\/periode-de-grace-pour-retours\/\">Plus de choses gratuites<\/a><p class=\"footer\">*Succursales participantes<\/p><\/div><\/div><\/div>\n\t\t<div class=\"homepage-banner \"><img data-lazy=\"https:\/\/www.globecar.com\/wp-content\/uploads\/2017\/03\/homeslide-01.jpg\" width=\"1574\" height=\"600\" ><div class=\"wrap\"><div class=\"mini-wrap\"><h3>Camions !<\/h3><div class=\"col-wrapper\"><p class=\"amount\"><span class=\"title\">\u00c0 partir de<\/span>37<span class=\"cents\">,95*<\/span><span class=\"per\">\/jour!<\/span><\/p><div>Aucune t\u00e2che n&rsquo;est trop imposante pour nous. Nous avons des camions, beaucoup de camions. Nous avons des pickups F-150 4 x 4 pour six passagers, des fourgonnettes et des camions de d\u00e9m\u00e9nagement de toute taille pour vous \u00e0 petit prix.<\/div><\/div><div class=\"clear\"><\/div><a class=\"button onDark large\" href=\"https:\/\/www.globecar.com\/fr\/nos-vehicules\/camions\/\">Partez en camion<\/a><p class=\"footer\">* certaines conditions s'appliquent.<\/p><\/div><\/div><\/div><\/div>[vc_column_text][custom_header_reservation_widget][\/vc_column_text][\/vc_column][\/vc_row][\/vc_section][vc_section el_class=\u00a0\u00bbnoborder\u00a0\u00bb][vc_row full_width=\u00a0\u00bbstretch_row\u00a0\u00bb equal_height=\u00a0\u00bbyes\u00a0\u00bb content_placement=\u00a0\u00bbtop\u00a0\u00bb][vc_column]<div class=\"fleet-carousel\" style=\"width:100%;overflow:hidden;\"><div class=\"wrap\"><h1 class=\"tag-title\" >Location de voitures \u00e0 Montr\u00e9al<\/h1>Vous cherchez des locations de voitures abordables \u00e0 Montr\u00e9al? Globe vous offre une large s\u00e9lection d&rsquo;options \u00e9conomiques. R\u00e9servez facilement en quelques minutes et profitez d&rsquo;offres sp\u00e9ciales exclusives pour les r\u00e9servations \u00e0 Montr\u00e9al. Nous vous offrons \u00e9galement une <a href=\"https:\/\/www.globecar.com\/fr\/services-additionnels\/assistance-routiere-gratuite\/\">assistance routi\u00e8re GRATUITE<\/a> ainsi qu&rsquo;une couverture de <a href=\"https:\/\/www.globecar.com\/fr\/couverture\/responsabilite-civile\/\">Responsabilit\u00e9 Civile GRATUITE<\/a>. D\u00e9couvrez notre <a href=\"https:\/\/www.globecar.com\/fr\/vehicules\/\">flotte vari\u00e9e<\/a>, comprenant \u00e9galement des locations de camions. Commencez d\u00e8s aujourd&rsquo;hui \u00e0 <a href=\"https:\/\/www.globecar.com\/fr\/a-propos\/economisez-avec-globe\/\">\u00e9conomiser<\/a> sur votre location de voiture \u00e0 Montr\u00e9al avec Globe!<\/div><ul id=\"carousel-cars\"><li><a class=\"img\" href=\"https:\/\/www.globecar.com\/fr\/nos-vehicules\/voitures\/\"><img decoding=\"async\" width=\"382\" height=\"200\" src=\"https:\/\/www.globecar.com\/wp-content\/uploads\/2017\/11\/cars-2.png\" class=\"attachment-full size-full\" alt=\"cars\" data-lazy=\"https:\/\/www.globecar.com\/wp-content\/uploads\/2017\/11\/cars-2.png\" srcset=\"https:\/\/www.globecar.com\/wp-content\/uploads\/2017\/11\/cars-2.png 382w, https:\/\/www.globecar.com\/wp-content\/uploads\/2017\/11\/cars-2-150x79.png 150w, https:\/\/www.globecar.com\/wp-content\/uploads\/2017\/11\/cars-2-68x36.png 68w, https:\/\/www.globecar.com\/wp-content\/uploads\/2017\/11\/cars-2-200x105.png 200w, https:\/\/www.globecar.com\/wp-content\/uploads\/2017\/11\/cars-2-150x79@2x.png 300w, https:\/\/www.globecar.com\/wp-content\/uploads\/2017\/11\/cars-2-68x36@2x.png 136w\" sizes=\"(max-width: 382px) 100vw, 382px\" \/><\/a><h2>Voitures<\/h2><p>\u00c0 partir de $27.95<\/p><a class=\"button\" href=\"https:\/\/www.globecar.com\/fr\/nos-vehicules\/voitures\/\">Choisir<\/a><\/li><li><a class=\"img\" href=\"https:\/\/www.globecar.com\/fr\/nos-vehicules\/vus\/\"><img decoding=\"async\" width=\"382\" height=\"200\" src=\"https:\/\/www.globecar.com\/wp-content\/uploads\/2017\/11\/suvs-1.png\" class=\"attachment-full size-full\" alt=\"suvs\" data-lazy=\"https:\/\/www.globecar.com\/wp-content\/uploads\/2017\/11\/suvs-1.png\" srcset=\"https:\/\/www.globecar.com\/wp-content\/uploads\/2017\/11\/suvs-1.png 382w, https:\/\/www.globecar.com\/wp-content\/uploads\/2017\/11\/suvs-1-150x79.png 150w, https:\/\/www.globecar.com\/wp-content\/uploads\/2017\/11\/suvs-1-68x36.png 68w, https:\/\/www.globecar.com\/wp-content\/uploads\/2017\/11\/suvs-1-200x105.png 200w, https:\/\/www.globecar.com\/wp-content\/uploads\/2017\/11\/suvs-1-150x79@2x.png 300w, https:\/\/www.globecar.com\/wp-content\/uploads\/2017\/11\/suvs-1-68x36@2x.png 136w\" sizes=\"(max-width: 382px) 100vw, 382px\" \/><\/a><h2>VUS<\/h2><p>\u00c0 partir de $37.95<\/p><a class=\"button\" href=\"https:\/\/www.globecar.com\/fr\/nos-vehicules\/vus\/\">Choisir<\/a><\/li><li><a class=\"img\" href=\"https:\/\/www.globecar.com\/fr\/nos-vehicules\/luxe\/\"><img decoding=\"async\" width=\"382\" height=\"200\" src=\"https:\/\/www.globecar.com\/wp-content\/uploads\/2017\/11\/luxury-1.png\" class=\"attachment-full size-full\" alt=\"luxury\" data-lazy=\"https:\/\/www.globecar.com\/wp-content\/uploads\/2017\/11\/luxury-1.png\" srcset=\"https:\/\/www.globecar.com\/wp-content\/uploads\/2017\/11\/luxury-1.png 382w, https:\/\/www.globecar.com\/wp-content\/uploads\/2017\/11\/luxury-1-150x79.png 150w, https:\/\/www.globecar.com\/wp-content\/uploads\/2017\/11\/luxury-1-68x36.png 68w, https:\/\/www.globecar.com\/wp-content\/uploads\/2017\/11\/luxury-1-200x105.png 200w, https:\/\/www.globecar.com\/wp-content\/uploads\/2017\/11\/luxury-1-150x79@2x.png 300w, https:\/\/www.globecar.com\/wp-content\/uploads\/2017\/11\/luxury-1-68x36@2x.png 136w\" sizes=\"(max-width: 382px) 100vw, 382px\" \/><\/a><h2>Luxe<\/h2><p>\u00c0 partir de $49.95<\/p><a class=\"button\" href=\"https:\/\/www.globecar.com\/fr\/nos-vehicules\/luxe\/\">Choisir<\/a><\/li><li><a class=\"img\" href=\"https:\/\/www.globecar.com\/fr\/nos-vehicules\/4x4-awd\/\"><img decoding=\"async\" width=\"382\" height=\"200\" src=\"https:\/\/www.globecar.com\/wp-content\/uploads\/2017\/11\/4x4-1.png\" class=\"attachment-full size-full\" alt=\"4x4\" data-lazy=\"https:\/\/www.globecar.com\/wp-content\/uploads\/2017\/11\/4x4-1.png\" srcset=\"https:\/\/www.globecar.com\/wp-content\/uploads\/2017\/11\/4x4-1.png 382w, https:\/\/www.globecar.com\/wp-content\/uploads\/2017\/11\/4x4-1-150x79.png 150w, https:\/\/www.globecar.com\/wp-content\/uploads\/2017\/11\/4x4-1-68x36.png 68w, https:\/\/www.globecar.com\/wp-content\/uploads\/2017\/11\/4x4-1-200x105.png 200w, https:\/\/www.globecar.com\/wp-content\/uploads\/2017\/11\/4x4-1-150x79@2x.png 300w, https:\/\/www.globecar.com\/wp-content\/uploads\/2017\/11\/4x4-1-68x36@2x.png 136w\" sizes=\"(max-width: 382px) 100vw, 382px\" \/><\/a><h2>4x4 AWD<\/h2><p>\u00c0 partir de $32.95<\/p><a class=\"button\" href=\"https:\/\/www.globecar.com\/fr\/nos-vehicules\/4x4-awd\/\">Choisir<\/a><\/li><li><a class=\"img\" href=\"https:\/\/www.globecar.com\/fr\/nos-vehicules\/camions\/\"><img decoding=\"async\" width=\"382\" height=\"200\" src=\"https:\/\/www.globecar.com\/wp-content\/uploads\/2017\/11\/trucks-1.png\" class=\"attachment-full size-full\" alt=\"trucks\" data-lazy=\"https:\/\/www.globecar.com\/wp-content\/uploads\/2017\/11\/trucks-1.png\" srcset=\"https:\/\/www.globecar.com\/wp-content\/uploads\/2017\/11\/trucks-1.png 382w, https:\/\/www.globecar.com\/wp-content\/uploads\/2017\/11\/trucks-1-150x79.png 150w, https:\/\/www.globecar.com\/wp-content\/uploads\/2017\/11\/trucks-1-68x36.png 68w, https:\/\/www.globecar.com\/wp-content\/uploads\/2017\/11\/trucks-1-200x105.png 200w, https:\/\/www.globecar.com\/wp-content\/uploads\/2017\/11\/trucks-1-150x79@2x.png 300w, https:\/\/www.globecar.com\/wp-content\/uploads\/2017\/11\/trucks-1-68x36@2x.png 136w\" sizes=\"(max-width: 382px) 100vw, 382px\" \/><\/a><h2>Camions<\/h2><p>\u00c0 partir de $37.95<\/p><a class=\"button\" href=\"https:\/\/www.globecar.com\/fr\/nos-vehicules\/camions\/\">Choisir<\/a><\/li><li><a class=\"img\" href=\"https:\/\/www.globecar.com\/fr\/nos-vehicules\/ve\/\"><img decoding=\"async\" width=\"382\" height=\"200\" src=\"https:\/\/www.globecar.com\/wp-content\/uploads\/2021\/07\/ev_fleet.png\" class=\"attachment-full size-full\" alt=\"tesla electric vehicle\" data-lazy=\"https:\/\/www.globecar.com\/wp-content\/uploads\/2021\/07\/ev_fleet.png\" srcset=\"https:\/\/www.globecar.com\/wp-content\/uploads\/2021\/07\/ev_fleet.png 382w, https:\/\/www.globecar.com\/wp-content\/uploads\/2021\/07\/ev_fleet-150x79.png 150w, https:\/\/www.globecar.com\/wp-content\/uploads\/2021\/07\/ev_fleet-68x36.png 68w, https:\/\/www.globecar.com\/wp-content\/uploads\/2021\/07\/ev_fleet-200x105.png 200w, https:\/\/www.globecar.com\/wp-content\/uploads\/2021\/07\/ev_fleet-24x13.png 24w, https:\/\/www.globecar.com\/wp-content\/uploads\/2021\/07\/ev_fleet-36x19.png 36w, https:\/\/www.globecar.com\/wp-content\/uploads\/2021\/07\/ev_fleet-48x25.png 48w, https:\/\/www.globecar.com\/wp-content\/uploads\/2021\/07\/ev_fleet-150x79@2x.png 300w, https:\/\/www.globecar.com\/wp-content\/uploads\/2021\/07\/ev_fleet-68x36@2x.png 136w, https:\/\/www.globecar.com\/wp-content\/uploads\/2021\/07\/ev_fleet-36x19@2x.png 72w, https:\/\/www.globecar.com\/wp-content\/uploads\/2021\/07\/ev_fleet-48x25@2x.png 96w\" sizes=\"(max-width: 382px) 100vw, 382px\" \/><\/a><h2>V\u00c9<\/h2><p>\u00c0 partir de $79.95<\/p><a class=\"button\" href=\"https:\/\/www.globecar.com\/fr\/nos-vehicules\/ve\/\">Choisir<\/a><\/li><\/ul><div class=\"loading\"><i class=\"fa fa-circle-o-notch fa-spin fa-3x fa-fw\"><\/i>\n<span class=\"sr-only\">Loading...<\/span><\/div><\/div>[\/vc_column][\/vc_row][\/vc_section][vc_section disable_element=\u00a0\u00bbyes\u00a0\u00bb css=\u00a0\u00bb.vc_custom_1577731476978{border-bottom-width: 0px !important;}\u00a0\u00bb][vc_row full_width=\u00a0\u00bbstretch_row\u00a0\u00bb equal_height=\u00a0\u00bbyes\u00a0\u00bb content_placement=\u00a0\u00bbmiddle\u00a0\u00bb][vc_column width=\u00a0\u00bb1\/3&Prime; css=\u00a0\u00bb.vc_custom_1558966944704{margin-bottom: 13px !important;background-color: #e8e8e8 !important;}\u00a0\u00bb]\n\t\t<div class=\"new-small-box\">\n\t\t\t<img decoding=\"async\" width=\"133\" height=\"119\" src=\"https:\/\/www.globecar.com\/wp-content\/uploads\/2019\/05\/icone-piggybank_umbrella.png\" class=\"attachment-full size-full\" alt=\"Save money\" srcset=\"https:\/\/www.globecar.com\/wp-content\/uploads\/2019\/05\/icone-piggybank_umbrella.png 133w, https:\/\/www.globecar.com\/wp-content\/uploads\/2019\/05\/icone-piggybank_umbrella-68x61.png 68w\" sizes=\"(max-width: 133px) 100vw, 133px\" \/><h3>HOW WE SAVE YOU MONEY!?<\/h3><p>Compare us to the other rental agencies, we will never be beaten!<\/p><a class=\"button\" href=\"\/en\/about\/we-save-you-money\/\">SAVE MORE $$<\/a><\/div>[\/vc_column][vc_column width=\u00a0\u00bb1\/3&Prime; css=\u00a0\u00bb.vc_custom_1558966951434{margin-bottom: 13px !important;background-color: #e8e8e8 !important;}\u00a0\u00bb]\n\t\t<div class=\"new-small-box\">\n\t\t\t<img decoding=\"async\" width=\"157\" height=\"107\" src=\"https:\/\/www.globecar.com\/wp-content\/uploads\/2019\/05\/pickup.png\" class=\"attachment-full size-full\" alt=\"We got trucks\" srcset=\"https:\/\/www.globecar.com\/wp-content\/uploads\/2019\/05\/pickup.png 157w, https:\/\/www.globecar.com\/wp-content\/uploads\/2019\/05\/pickup-150x102.png 150w, https:\/\/www.globecar.com\/wp-content\/uploads\/2019\/05\/pickup-68x46.png 68w, https:\/\/www.globecar.com\/wp-content\/uploads\/2019\/05\/pickup-68x46@2x.png 136w\" sizes=\"(max-width: 157px) 100vw, 157px\" \/><h3>WE GOT TRUCKS !<\/h3><p>Are you looking to rent a cheap cargo van or pick-up truck?<\/p><a class=\"button\" href=\"\/en\/truck-rental\/\">BOOK NOW<\/a><\/div>[\/vc_column][vc_column width=\u00a0\u00bb1\/3&Prime; css=\u00a0\u00bb.vc_custom_1558966960489{margin-bottom: 13px !important;background-color: #e8e8e8 !important;}\u00a0\u00bb]\n\t\t<div class=\"new-small-box\">\n\t\t\t<img decoding=\"async\" width=\"141\" height=\"84\" src=\"https:\/\/www.globecar.com\/wp-content\/uploads\/2019\/05\/mileage.png\" class=\"attachment-full size-full\" alt=\"Unlimited mileage\" srcset=\"https:\/\/www.globecar.com\/wp-content\/uploads\/2019\/05\/mileage.png 141w, https:\/\/www.globecar.com\/wp-content\/uploads\/2019\/05\/mileage-68x41.png 68w, https:\/\/www.globecar.com\/wp-content\/uploads\/2019\/05\/mileage-68x41@2x.png 136w\" sizes=\"(max-width: 141px) 100vw, 141px\" \/><h3>UNLIMITED MILEAGE<\/h3><p>Rent a car with Unlimited KMS (Economy thru Full-size)<\/p><a class=\"button\" href=\"\/en\/additional-services\/unlimited-mileage\/\">BOOK NOW<\/a><\/div>[\/vc_column][\/vc_row][\/vc_section][vc_section disable_element=\u00a0\u00bbyes\u00a0\u00bb css=\u00a0\u00bb.vc_custom_1577731482433{padding-top: 0px !important;padding-bottom: 0px !important;background-image: url(https:\/\/www.globecar.com\/wp-content\/uploads\/2019\/05\/moving-supplies.jpg?id=6271) !important;background-position: center !important;background-repeat: no-repeat !important;background-size: cover !important;}\u00a0\u00bb][vc_row][vc_column css=\u00a0\u00bb.vc_custom_1558967645288{padding-top: 35px !important;background-image: url(https:\/\/www.globecar.com\/wp-content\/uploads\/2019\/05\/content-overlay-black.png?id=6273) !important;background-position: center !important;background-repeat: no-repeat !important;background-size: cover !important;}\u00a0\u00bb offset=\u00a0\u00bbvc_col-md-6 vc_col-xs-12&Prime;][vc_custom_heading text=\u00a0\u00bbMOVING?\u00a0\u00bb font_container=\u00a0\u00bbtag:h3|font_size:4.6rem|text_align:center|color:%23ffffff|line_height:normal\u00a0\u00bb use_theme_fonts=\u00a0\u00bbyes\u00a0\u00bb css=\u00a0\u00bb.vc_custom_1558967716825{margin-bottom: 10px !important;}\u00a0\u00bb][vc_custom_heading text=\u00a0\u00bbNos camions peuvent vous faciliter la t\u00e2che.\u00a0\u00bb font_container=\u00a0\u00bbtag:p|font_size:3.6rem|text_align:center|color:%23ffffff|line_height:normal\u00a0\u00bb google_fonts=\u00a0\u00bbfont_family:Roboto%3A100%2C100italic%2C300%2C300italic%2Cregular%2Citalic%2C500%2C500italic%2C700%2C700italic%2C900%2C900italic|font_style:900%20bold%20regular%3A900%3Anormal\u00a0\u00bb css=\u00a0\u00bb.vc_custom_1558967762545{margin-bottom: 32px !important;}\u00a0\u00bb]<div class=\"gc-button-wrap align-center\"><a href=\"\/en\/truck-rental\/\" class=\" vc_custom_1558967801804 button large\">LEARN MORE<\/a><\/div>[vc_row_inner][vc_column_inner width=\u00a0\u00bb1\/2&Prime;]<div class=\"stats \"><h3>Indice de satisfaction<\/h3><p><span>86.1<\/span>%<\/p><\/div>[\/vc_column_inner][vc_column_inner width=\u00a0\u00bb1\/2&Prime;]<div class=\"stats \"><h3>Clients contents<\/h3><p><span>37809<\/span><\/p><\/div>[\/vc_column_inner][vc_column_inner width=\u00a0\u00bb1\/2&Prime;]<div class=\"stats descendant\"><h3>Frais cach\u00e9s<\/h3><p><sup>$<\/sup><span>0<\/span><\/p><\/div>[\/vc_column_inner][vc_column_inner width=\u00a0\u00bb1\/2&Prime;]<div class=\"stats \"><h3>Kilom\u00e9trage moyen<\/h3><p><span>17202<\/span><\/p><\/div>[\/vc_column_inner][\/vc_row_inner][\/vc_column][vc_column width=\u00a0\u00bb1\/2&Prime;][\/vc_column][\/vc_row][\/vc_section][vc_section css=\u00a0\u00bb.vc_custom_1558966253681{padding-top: 0px !important;}\u00a0\u00bb][vc_row][vc_column][vc_column_text]<\/p>\n<p style=\"text-align: center;\" data-pm-slice=\"1 1 []\">Notre gamme de <a class=\"ProsemirrorEditor-link\" href=\"https:\/\/www.globecar.com\/fr\/vehicules\/\">v\u00e9hicules de location<\/a> comprend des options adapt\u00e9es \u00e0 tous les besoins et pr\u00e9f\u00e9rences. Parmi les choix de voitures disponibles \u00e0 Montr\u00e9al, vous trouverez la <a class=\"ProsemirrorEditor-link\" href=\"https:\/\/www.globecar.com\/fr\/vehicules\/compacte\/\">Hyundai Accent<\/a> et la <a class=\"ProsemirrorEditor-link\" href=\"https:\/\/www.globecar.com\/fr\/vehicules\/intermediaire\/\">Kia Rio<\/a>, parfaites pour la conduite en ville. Pour ceux qui recherchent un peu plus d&rsquo;espace ou de confort, nous proposons des autos telles que la <a class=\"ProsemirrorEditor-link\" href=\"https:\/\/www.globecar.com\/fr\/vehicules\/standard\/\">Hyundai Elantra<\/a>, la <a class=\"ProsemirrorEditor-link\" href=\"https:\/\/www.globecar.com\/fr\/vehicules\/pleine-grandeur\/\">Toyota Camry<\/a>, <a class=\"ProsemirrorEditor-link\" href=\"https:\/\/www.globecar.com\/fr\/vehicules\/le-choix-du-gerant\/\">le choix du g\u00e9rant<\/a> qui vous garantit un v\u00e9hicule de classe standard ou sup\u00e9rieure. Les amateurs d&rsquo;aventure appr\u00e9cieront nos options tout-terrain comme la <a class=\"ProsemirrorEditor-link\" href=\"https:\/\/www.globecar.com\/fr\/vehicules\/standard-awd\/\">Subaru Impreza AWD<\/a>, la <a class=\"ProsemirrorEditor-link\" href=\"https:\/\/www.globecar.com\/fr\/vehicules\/vus-intermediaire\/\">Kia Sportage AWD<\/a> et le robuste <a class=\"ProsemirrorEditor-link\" href=\"https:\/\/www.globecar.com\/fr\/vehicules\/vus-intermediaire-robuste\/\">Ford Bronco Sport 4&#215;4<\/a>, ainsi que la versatile <a class=\"ProsemirrorEditor-link\" href=\"https:\/\/www.globecar.com\/fr\/vehicules\/vus-de-luxe-grande-taille\/\">Kia Sorento AWD<\/a>, id\u00e9ale pour les escapades en famille ou les aventures en plein air. La <a class=\"ProsemirrorEditor-link\" href=\"https:\/\/www.globecar.com\/fr\/vehicules\/jeep\/\">Jeep Wrangler 4&#215;4<\/a>, un choix incontournable pour les passionn\u00e9s de conduite hors route qui cherchent \u00e0 explorer sans limites.\u00a0 Les conducteurs \u00e0 la recherche d&rsquo;une exp\u00e9rience de conduite premium peuvent choisir de louer la <a class=\"ProsemirrorEditor-link\" href=\"https:\/\/www.globecar.com\/fr\/vehicules\/mini-awd\/\">BMW Mini Cooper Countryman ALL4 AWD<\/a>, le <a class=\"ProsemirrorEditor-link\" href=\"https:\/\/www.globecar.com\/fr\/vehicules\/camionnette-1-2-tonne\/\">Ford F150 XLT SuperCrew 4&#215;4<\/a>, ou opter pour essayer la <a class=\"ProsemirrorEditor-link\" href=\"https:\/\/www.globecar.com\/fr\/vehicules\/tesla-model-3\/\">Tesla Model 3<\/a> pour quelques jours ou une location mensuelle. Pour les familles ou les groupes, la <a class=\"ProsemirrorEditor-link\" href=\"https:\/\/www.globecar.com\/fr\/vehicules\/mini-fourgonnette-7-passagers\/\">Toyota Sienna<\/a> et la <a class=\"ProsemirrorEditor-link\" href=\"https:\/\/www.globecar.com\/fr\/vehicules\/mini-fourgonnette-8-passagers\/\">Kia Carnival<\/a> (8 passagers) offrent un espace ample, tandis que le luxueux <a class=\"ProsemirrorEditor-link\" href=\"https:\/\/www.globecar.com\/fr\/vehicules\/vus-de-luxe-de-grande-taille-7-passagers\/\">Ford Explorer ST 4&#215;4<\/a> \u00e9l\u00e8ve l&rsquo;exp\u00e9rience de voyage \u00e0 un niveau sup\u00e9rieur. Enfin, pour des besoins sp\u00e9cifiques de location commerciale ou de d\u00e9m\u00e9nagement, nous avons le <a class=\"ProsemirrorEditor-link\" href=\"https:\/\/www.globecar.com\/fr\/vehicules\/fourgonette-petite-taille\/\">Dodge Ram ProMaster City<\/a> et le <a class=\"ProsemirrorEditor-link\" href=\"https:\/\/www.globecar.com\/fr\/vehicules\/camion-cube-16pi-avec-rampe\/\">Chevrolet Express 3500<\/a> (Camion Cube 14\u201d ou 16\u201d avec rampe), accompagn\u00e9s de diverses configurations du <a class=\"ProsemirrorEditor-link\" href=\"https:\/\/www.globecar.com\/fr\/vehicules\/standard\/\">Ford Transit<\/a> (\u00e0 toit r\u00e9gulier, medium ou haut) parfaites pour d\u00e9m\u00e9nager un appartement de 1, 2, ou 3 chambres.<\/p>\n<p>[\/vc_column_text][\/vc_column][\/vc_row][vc_row full_width=\u00a0\u00bbstretch_row\u00a0\u00bb][vc_column]\n\t\t<div class=\"logo-list left\">\n\t\t\t<div class=\"logo-list-wrap\"><h3><a href=\"https:\/\/www.globecar.com\/fr\/a-propos\/temoignages\/\">Nos partenaires<\/a><\/h3><div class=\"slider\"><ul><li><a href=\"https:\/\/www.globecar.com\/fr\/a-propos\/temoignages\/\"><img decoding=\"async\" width=\"178\" height=\"24\" src=\"https:\/\/www.globecar.com\/wp-content\/uploads\/2017\/03\/hec-montreal-1.png\" class=\"attachment-full size-full\" alt=\"HEC Montr\u00e9al Logo\" data-lazy=\"https:\/\/www.globecar.com\/wp-content\/uploads\/2017\/03\/hec-montreal-1.png\" \/><\/a><\/li><li><a href=\"https:\/\/www.globecar.com\/fr\/a-propos\/temoignages\/\"><img decoding=\"async\" width=\"95\" height=\"22\" src=\"https:\/\/www.globecar.com\/wp-content\/uploads\/2017\/03\/indigo-1.png\" class=\"attachment-full size-full\" alt=\"Indigo Logo\" data-lazy=\"https:\/\/www.globecar.com\/wp-content\/uploads\/2017\/03\/indigo-1.png\" \/><\/a><\/li><li><a href=\"https:\/\/www.globecar.com\/fr\/a-propos\/temoignages\/\"><img decoding=\"async\" width=\"75\" height=\"75\" src=\"https:\/\/www.globecar.com\/wp-content\/uploads\/2017\/03\/busac.png\" class=\"attachment-full size-full\" alt=\"Busac Logo\" data-lazy=\"https:\/\/www.globecar.com\/wp-content\/uploads\/2017\/03\/busac.png\" \/><\/a><\/li><li><a href=\"https:\/\/www.globecar.com\/fr\/a-propos\/temoignages\/\"><img decoding=\"async\" width=\"47\" height=\"75\" src=\"https:\/\/www.globecar.com\/wp-content\/uploads\/2017\/03\/evo.png\" class=\"attachment-full size-full\" alt=\"Evo Montreal Logo\" data-lazy=\"https:\/\/www.globecar.com\/wp-content\/uploads\/2017\/03\/evo.png\" \/><\/a><\/li><li><a href=\"https:\/\/www.globecar.com\/fr\/a-propos\/temoignages\/\"><img decoding=\"async\" width=\"139\" height=\"41\" src=\"https:\/\/www.globecar.com\/wp-content\/uploads\/2018\/03\/ivanhoe-cambridge.png\" class=\"attachment-full size-full\" alt=\"ivanhoe-cambridge\" data-lazy=\"https:\/\/www.globecar.com\/wp-content\/uploads\/2018\/03\/ivanhoe-cambridge.png\" srcset=\"https:\/\/www.globecar.com\/wp-content\/uploads\/2018\/03\/ivanhoe-cambridge.png 139w, https:\/\/www.globecar.com\/wp-content\/uploads\/2018\/03\/ivanhoe-cambridge-68x20.png 68w, https:\/\/www.globecar.com\/wp-content\/uploads\/2018\/03\/ivanhoe-cambridge-68x20@2x.png 136w\" sizes=\"(max-width: 139px) 100vw, 139px\" \/><\/a><\/li><li><a href=\"https:\/\/www.globecar.com\/fr\/a-propos\/temoignages\/\"><img decoding=\"async\" width=\"89\" height=\"40\" src=\"https:\/\/www.globecar.com\/wp-content\/uploads\/2017\/03\/forum-de-montreal.png\" class=\"attachment-full size-full\" alt=\"Forum de Montr\u00e9al Logo\" data-lazy=\"https:\/\/www.globecar.com\/wp-content\/uploads\/2017\/03\/forum-de-montreal.png\" \/><\/a><\/li><li><a href=\"https:\/\/www.globecar.com\/fr\/a-propos\/temoignages\/\"><img decoding=\"async\" width=\"95\" height=\"28\" src=\"https:\/\/www.globecar.com\/wp-content\/uploads\/2018\/03\/sp-parking-logo.png\" class=\"attachment-full size-full\" alt=\"sp-parking-logo\" data-lazy=\"https:\/\/www.globecar.com\/wp-content\/uploads\/2018\/03\/sp-parking-logo.png\" srcset=\"https:\/\/www.globecar.com\/wp-content\/uploads\/2018\/03\/sp-parking-logo.png 95w, https:\/\/www.globecar.com\/wp-content\/uploads\/2018\/03\/sp-parking-logo-68x20.png 68w\" sizes=\"(max-width: 95px) 100vw, 95px\" \/><\/a><\/li><\/ul><\/div>\n\t\t\t<\/div>\n\t\t<\/div>\n\t\t<div class=\"logo-list left\">\n\t\t\t<div class=\"logo-list-wrap\"><h3><a href=\"https:\/\/www.globecar.com\/fr\/a-propos\/temoignages\/\">Nos clients<\/a><\/h3><div class=\"slider\"><ul><li><a href=\"https:\/\/www.globecar.com\/fr\/a-propos\/temoignages\/\"><img decoding=\"async\" width=\"108\" height=\"33\" src=\"https:\/\/www.globecar.com\/wp-content\/uploads\/2019\/05\/subway-logo.png\" class=\"attachment-full size-full\" alt=\"subway\" data-lazy=\"https:\/\/www.globecar.com\/wp-content\/uploads\/2019\/05\/subway-logo.png\" srcset=\"https:\/\/www.globecar.com\/wp-content\/uploads\/2019\/05\/subway-logo.png 108w, https:\/\/www.globecar.com\/wp-content\/uploads\/2019\/05\/subway-logo-68x21.png 68w\" sizes=\"(max-width: 108px) 100vw, 108px\" \/><\/a><\/li><li><a href=\"https:\/\/www.globecar.com\/fr\/a-propos\/temoignages\/\"><img decoding=\"async\" width=\"72\" height=\"54\" src=\"https:\/\/www.globecar.com\/wp-content\/uploads\/2017\/03\/tommy-hilfinger.png\" class=\"attachment-full size-full\" alt=\"Tommy Hilfinger Logo\" data-lazy=\"https:\/\/www.globecar.com\/wp-content\/uploads\/2017\/03\/tommy-hilfinger.png\" \/><\/a><\/li><li><a href=\"https:\/\/www.globecar.com\/fr\/a-propos\/temoignages\/\"><img decoding=\"async\" width=\"147\" height=\"23\" src=\"https:\/\/www.globecar.com\/wp-content\/uploads\/2017\/03\/hec.png\" class=\"attachment-full size-full\" alt=\"HEC Montr\u00e9al Logo\" data-lazy=\"https:\/\/www.globecar.com\/wp-content\/uploads\/2017\/03\/hec.png\" \/><\/a><\/li><li><a href=\"https:\/\/www.globecar.com\/fr\/a-propos\/temoignages\/\"><img decoding=\"async\" width=\"134\" height=\"23\" src=\"https:\/\/www.globecar.com\/wp-content\/uploads\/2019\/05\/uber-logo.png\" class=\"attachment-full size-full\" alt=\"uber\" data-lazy=\"https:\/\/www.globecar.com\/wp-content\/uploads\/2019\/05\/uber-logo.png\" srcset=\"https:\/\/www.globecar.com\/wp-content\/uploads\/2019\/05\/uber-logo.png 134w, https:\/\/www.globecar.com\/wp-content\/uploads\/2019\/05\/uber-logo-68x12.png 68w, https:\/\/www.globecar.com\/wp-content\/uploads\/2019\/05\/uber-logo-68x12@2x.png 136w\" sizes=\"(max-width: 134px) 100vw, 134px\" \/><\/a><\/li><li><a href=\"https:\/\/www.globecar.com\/fr\/a-propos\/temoignages\/\"><img decoding=\"async\" width=\"89\" height=\"77\" src=\"https:\/\/www.globecar.com\/wp-content\/uploads\/2017\/03\/icao2.png\" class=\"attachment-full size-full\" alt=\"ICAO\" data-lazy=\"https:\/\/www.globecar.com\/wp-content\/uploads\/2017\/03\/icao2.png\" \/><\/a><\/li><li><a href=\"https:\/\/www.globecar.com\/fr\/a-propos\/temoignages\/\"><img decoding=\"async\" width=\"123\" height=\"25\" src=\"https:\/\/www.globecar.com\/wp-content\/uploads\/2017\/03\/quebec.png\" class=\"attachment-full size-full\" alt=\"Qu\u00e9bec Logo\" data-lazy=\"https:\/\/www.globecar.com\/wp-content\/uploads\/2017\/03\/quebec.png\" \/><\/a><\/li><li><a href=\"https:\/\/www.globecar.com\/fr\/a-propos\/temoignages\/\"><img decoding=\"async\" width=\"88\" height=\"27\" src=\"https:\/\/www.globecar.com\/wp-content\/uploads\/2017\/03\/canada.png\" class=\"attachment-full size-full\" alt=\"Canada Logo\" data-lazy=\"https:\/\/www.globecar.com\/wp-content\/uploads\/2017\/03\/canada.png\" \/><\/a><\/li><\/ul><\/div>\n\t\t\t<\/div>\n\t\t<\/div>[\/vc_column][\/vc_row][\/vc_section]<\/p>\n<\/div>","protected":false},"excerpt":{"rendered":"<p>[vc_section][vc_row full_width=\u00a0\u00bbstretch_row\u00a0\u00bb][vc_column][vc_column_text][custom_header_reservation_widget][\/vc_column_text][\/vc_column][\/vc_row][\/vc_section][vc_section el_class=\u00a0\u00bbnoborder\u00a0\u00bb][vc_row full_width=\u00a0\u00bbstretch_row\u00a0\u00bb equal_height=\u00a0\u00bbyes\u00a0\u00bb content_placement=\u00a0\u00bbtop\u00a0\u00bb][vc_column][\/vc_column][\/vc_row][\/vc_section][vc_section disable_element=\u00a0\u00bbyes\u00a0\u00bb css=\u00a0\u00bb.vc_custom_1577731476978{border-bottom-width: 0px !important;}\u00a0\u00bb][vc_row full_width=\u00a0\u00bbstretch_row\u00a0\u00bb equal_height=\u00a0\u00bbyes\u00a0\u00bb content_placement=\u00a0\u00bbmiddle\u00a0\u00bb][vc_column width=\u00a0\u00bb1\/3&Prime; css=\u00a0\u00bb.vc_custom_1558966944704{margin-bottom: 13px !important;background-color: #e8e8e8 !important;}\u00a0\u00bb][\/vc_column][vc_column width=\u00a0\u00bb1\/3&Prime; css=\u00a0\u00bb.vc_custom_1558966951434{margin-bottom: 13px !important;background-color: #e8e8e8 !important;}\u00a0\u00bb][\/vc_column][vc_column width=\u00a0\u00bb1\/3&Prime; css=\u00a0\u00bb.vc_custom_1558966960489{margin-bottom: 13px !important;background-color: #e8e8e8 !important;}\u00a0\u00bb][\/vc_column][\/vc_row][\/vc_section][vc_section disable_element=\u00a0\u00bbyes\u00a0\u00bb css=\u00a0\u00bb.vc_custom_1577731482433{padding-top: 0px !important;padding-bottom: 0px !important;background-image: url(https:\/\/www.globecar.com\/wp-content\/uploads\/2019\/05\/moving-supplies.jpg?id=6271) !important;background-position: center !important;background-repeat: no-repeat !important;background-size: cover !important;}\u00a0\u00bb][vc_row][vc_column css=\u00a0\u00bb.vc_custom_1558967645288{padding-top: 35px !important;background-image: url(https:\/\/www.globecar.com\/wp-content\/uploads\/2019\/05\/content-overlay-black.png?id=6273) !important;background-position: center !important;background-repeat: no-repeat !important;background-size: cover [&hellip;]<\/p>\n","protected":false},"author":18,"featured_media":0,"parent":0,"menu_order":0,"comment_status":"closed","ping_status":"closed","template":"","meta":{"_acf_changed":false,"_genesis_hide_title":false,"_genesis_hide_breadcrumbs":false,"_genesis_hide_singular_image":false,"_genesis_hide_footer_widgets":false,"_genesis_custom_body_class":"","_genesis_custom_post_class":"","_genesis_layout":"","jetpack_post_was_ever_published":false,"footnotes":""},"class_list":{"0":"post-12784","1":"page","2":"type-page","3":"status-publish","5":"entry","6":"has-post-thumbnail"},"acf":[],"yoast_head":"<!-- This site is optimized with the Yoast SEO Premium plugin v27.1 (Yoast SEO v27.1.1) - https:\/\/yoast.com\/product\/yoast-seo-premium-wordpress\/ -->\n<title>Accueil | Globe Location de Voitures &amp; Camions \u00e0 Montr\u00e9al<\/title>\n<meta name=\"description\" content=\"Location de voitures \u00e0 Montr\u00e9al - SUV, 4x4, et pickups. Tarifs abordables, kilom\u00e9trage illimit\u00e9, assistance routi\u00e8re gratuite d\u00e8s 27,95 $\/jour.\" \/>\n<meta name=\"robots\" content=\"index, follow, max-snippet:-1, max-image-preview:large, max-video-preview:-1\" \/>\n<link rel=\"canonical\" href=\"https:\/\/www.globecar.com\/fr\/\" \/>\n<meta property=\"og:locale\" content=\"fr_CA\" \/>\n<meta property=\"og:type\" content=\"article\" \/>\n<meta property=\"og:title\" content=\"Accueil\" \/>\n<meta property=\"og:description\" content=\"Notre gamme de v\u00e9hicules de location comprend des options adapt\u00e9es \u00e0 tous les besoins et pr\u00e9f\u00e9rences. Parmi les choix de voitures disponibles \u00e0 Montr\u00e9al,\" \/>\n<meta property=\"og:url\" content=\"https:\/\/www.globecar.com\/fr\/\" \/>\n<meta property=\"og:site_name\" content=\"Globe Location de Voitures &amp; Camions \u00e0 Montr\u00e9al\" \/>\n<meta property=\"article:publisher\" content=\"https:\/\/www.facebook.com\/GlobeCar\" \/>\n<meta property=\"article:modified_time\" content=\"2026-04-24T19:37:47+00:00\" \/>\n<meta property=\"og:image\" content=\"https:\/\/www.globecar.com\/wp-content\/uploads\/2023\/12\/thumbnail_logo_final-1.jpg\" \/>\n\t<meta property=\"og:image:width\" content=\"555\" \/>\n\t<meta property=\"og:image:height\" content=\"555\" \/>\n\t<meta property=\"og:image:type\" content=\"image\/jpeg\" \/>\n<meta name=\"twitter:card\" content=\"summary_large_image\" \/>\n<meta name=\"twitter:site\" content=\"@GlobeCar\" \/>\n<meta name=\"twitter:label1\" content=\"Estimation du temps de lecture\" \/>\n\t<meta name=\"twitter:data1\" content=\"24 minutes\" \/>\n<script type=\"application\/ld+json\" class=\"yoast-schema-graph\">{\"@context\":\"https:\/\/schema.org\",\"@graph\":[{\"@type\":\"WebPage\",\"@id\":\"https:\/\/www.globecar.com\/fr\/\",\"url\":\"https:\/\/www.globecar.com\/fr\/\",\"name\":\"Accueil | Globe Location de Voitures &amp; Camions \u00e0 Montr\u00e9al\",\"isPartOf\":{\"@id\":\"https:\/\/www.globecar.com\/fr\/#website\"},\"primaryImageOfPage\":{\"@id\":\"https:\/\/www.globecar.com\/fr\/#primaryimage\"},\"image\":{\"@id\":\"https:\/\/www.globecar.com\/fr\/#primaryimage\"},\"thumbnailUrl\":\"https:\/\/www.globecar.com\/wp-content\/uploads\/2020\/04\/rainbow@2x.png\",\"datePublished\":\"2024-01-22T16:35:13+00:00\",\"dateModified\":\"2026-04-24T19:37:47+00:00\",\"description\":\"Location de voitures \u00e0 Montr\u00e9al - SUV, 4x4, et pickups. Tarifs abordables, kilom\u00e9trage illimit\u00e9, assistance routi\u00e8re gratuite d\u00e8s 27,95 $\/jour.\",\"breadcrumb\":{\"@id\":\"https:\/\/www.globecar.com\/fr\/#breadcrumb\"},\"inLanguage\":\"fr-CA\",\"potentialAction\":[{\"@type\":\"ReadAction\",\"target\":[\"https:\/\/www.globecar.com\/fr\/\"]}]},{\"@type\":\"ImageObject\",\"inLanguage\":\"fr-CA\",\"@id\":\"https:\/\/www.globecar.com\/fr\/#primaryimage\",\"url\":\"https:\/\/www.globecar.com\/wp-content\/uploads\/2020\/04\/rainbow@2x.png\",\"contentUrl\":\"https:\/\/www.globecar.com\/wp-content\/uploads\/2020\/04\/rainbow@2x.png\"},{\"@type\":\"BreadcrumbList\",\"@id\":\"https:\/\/www.globecar.com\/fr\/#breadcrumb\",\"itemListElement\":[{\"@type\":\"ListItem\",\"position\":1,\"name\":\"Accueil\",\"item\":\"https:\/\/www.globecar.com\/fr\/\"},{\"@type\":\"ListItem\",\"position\":2,\"name\":\"Accueil\"}]},{\"@type\":\"WebSite\",\"@id\":\"https:\/\/www.globecar.com\/fr\/#website\",\"url\":\"https:\/\/www.globecar.com\/fr\/\",\"name\":\"Globe Location d'Autos et Camions \u00e0 Montr\u00e9al\",\"description\":\"Drive 4 Less\",\"publisher\":{\"@id\":\"https:\/\/www.globecar.com\/fr\/#organization\"},\"alternateName\":\"GlobeCar\",\"potentialAction\":[{\"@type\":\"SearchAction\",\"target\":{\"@type\":\"EntryPoint\",\"urlTemplate\":\"https:\/\/www.globecar.com\/fr\/?s={search_term_string}\"},\"query-input\":{\"@type\":\"PropertyValueSpecification\",\"valueRequired\":true,\"valueName\":\"search_term_string\"}}],\"inLanguage\":\"fr-CA\"},{\"@type\":\"Organization\",\"@id\":\"https:\/\/www.globecar.com\/fr\/#organization\",\"name\":\"Globe Car & Truck Rental\",\"alternateName\":\"GlobeCar\",\"url\":\"https:\/\/www.globecar.com\/fr\/\",\"logo\":{\"@type\":\"ImageObject\",\"inLanguage\":\"fr-CA\",\"@id\":\"https:\/\/www.globecar.com\/fr\/#\/schema\/logo\/image\/\",\"url\":\"https:\/\/www.globecar.com\/wp-content\/uploads\/2023\/12\/thumbnail_logo_final-1.jpg\",\"contentUrl\":\"https:\/\/www.globecar.com\/wp-content\/uploads\/2023\/12\/thumbnail_logo_final-1.jpg\",\"width\":555,\"height\":555,\"caption\":\"Globe Car & Truck Rental\"},\"image\":{\"@id\":\"https:\/\/www.globecar.com\/fr\/#\/schema\/logo\/image\/\"},\"sameAs\":[\"https:\/\/www.facebook.com\/GlobeCar\",\"https:\/\/x.com\/GlobeCar\",\"https:\/\/mastodon.social\/@globecar\",\"https:\/\/www.instagram.com\/globecar\/\",\"https:\/\/www.linkedin.com\/company\/globecar\/\",\"https:\/\/www.pinterest.com\/globecar\",\"https:\/\/www.youtube.com\/c\/GlobecarRentals\"]}]}<\/script>\n<!-- \/ Yoast SEO Premium plugin. -->","yoast_head_json":{"title":"Accueil | Globe Location de Voitures &amp; Camions \u00e0 Montr\u00e9al","description":"Location de voitures \u00e0 Montr\u00e9al - SUV, 4x4, et pickups. Tarifs abordables, kilom\u00e9trage illimit\u00e9, assistance routi\u00e8re gratuite d\u00e8s 27,95 $\/jour.","robots":{"index":"index","follow":"follow","max-snippet":"max-snippet:-1","max-image-preview":"max-image-preview:large","max-video-preview":"max-video-preview:-1"},"canonical":"https:\/\/www.globecar.com\/fr\/","og_locale":"fr_CA","og_type":"article","og_title":"Accueil","og_description":"Notre gamme de v\u00e9hicules de location comprend des options adapt\u00e9es \u00e0 tous les besoins et pr\u00e9f\u00e9rences. Parmi les choix de voitures disponibles \u00e0 Montr\u00e9al,","og_url":"https:\/\/www.globecar.com\/fr\/","og_site_name":"Globe Location de Voitures &amp; Camions \u00e0 Montr\u00e9al","article_publisher":"https:\/\/www.facebook.com\/GlobeCar","article_modified_time":"2026-04-24T19:37:47+00:00","og_image":[{"width":555,"height":555,"url":"https:\/\/www.globecar.com\/wp-content\/uploads\/2023\/12\/thumbnail_logo_final-1.jpg","type":"image\/jpeg"}],"twitter_card":"summary_large_image","twitter_site":"@GlobeCar","twitter_misc":{"Estimation du temps de lecture":"24 minutes"},"schema":{"@context":"https:\/\/schema.org","@graph":[{"@type":"WebPage","@id":"https:\/\/www.globecar.com\/fr\/","url":"https:\/\/www.globecar.com\/fr\/","name":"Accueil | Globe Location de Voitures &amp; Camions \u00e0 Montr\u00e9al","isPartOf":{"@id":"https:\/\/www.globecar.com\/fr\/#website"},"primaryImageOfPage":{"@id":"https:\/\/www.globecar.com\/fr\/#primaryimage"},"image":{"@id":"https:\/\/www.globecar.com\/fr\/#primaryimage"},"thumbnailUrl":"https:\/\/www.globecar.com\/wp-content\/uploads\/2020\/04\/rainbow@2x.png","datePublished":"2024-01-22T16:35:13+00:00","dateModified":"2026-04-24T19:37:47+00:00","description":"Location de voitures \u00e0 Montr\u00e9al - SUV, 4x4, et pickups. Tarifs abordables, kilom\u00e9trage illimit\u00e9, assistance routi\u00e8re gratuite d\u00e8s 27,95 $\/jour.","breadcrumb":{"@id":"https:\/\/www.globecar.com\/fr\/#breadcrumb"},"inLanguage":"fr-CA","potentialAction":[{"@type":"ReadAction","target":["https:\/\/www.globecar.com\/fr\/"]}]},{"@type":"ImageObject","inLanguage":"fr-CA","@id":"https:\/\/www.globecar.com\/fr\/#primaryimage","url":"https:\/\/www.globecar.com\/wp-content\/uploads\/2020\/04\/rainbow@2x.png","contentUrl":"https:\/\/www.globecar.com\/wp-content\/uploads\/2020\/04\/rainbow@2x.png"},{"@type":"BreadcrumbList","@id":"https:\/\/www.globecar.com\/fr\/#breadcrumb","itemListElement":[{"@type":"ListItem","position":1,"name":"Accueil","item":"https:\/\/www.globecar.com\/fr\/"},{"@type":"ListItem","position":2,"name":"Accueil"}]},{"@type":"WebSite","@id":"https:\/\/www.globecar.com\/fr\/#website","url":"https:\/\/www.globecar.com\/fr\/","name":"Globe Location d'Autos et Camions \u00e0 Montr\u00e9al","description":"Drive 4 Less","publisher":{"@id":"https:\/\/www.globecar.com\/fr\/#organization"},"alternateName":"GlobeCar","potentialAction":[{"@type":"SearchAction","target":{"@type":"EntryPoint","urlTemplate":"https:\/\/www.globecar.com\/fr\/?s={search_term_string}"},"query-input":{"@type":"PropertyValueSpecification","valueRequired":true,"valueName":"search_term_string"}}],"inLanguage":"fr-CA"},{"@type":"Organization","@id":"https:\/\/www.globecar.com\/fr\/#organization","name":"Globe Car & Truck Rental","alternateName":"GlobeCar","url":"https:\/\/www.globecar.com\/fr\/","logo":{"@type":"ImageObject","inLanguage":"fr-CA","@id":"https:\/\/www.globecar.com\/fr\/#\/schema\/logo\/image\/","url":"https:\/\/www.globecar.com\/wp-content\/uploads\/2023\/12\/thumbnail_logo_final-1.jpg","contentUrl":"https:\/\/www.globecar.com\/wp-content\/uploads\/2023\/12\/thumbnail_logo_final-1.jpg","width":555,"height":555,"caption":"Globe Car & Truck Rental"},"image":{"@id":"https:\/\/www.globecar.com\/fr\/#\/schema\/logo\/image\/"},"sameAs":["https:\/\/www.facebook.com\/GlobeCar","https:\/\/x.com\/GlobeCar","https:\/\/mastodon.social\/@globecar","https:\/\/www.instagram.com\/globecar\/","https:\/\/www.linkedin.com\/company\/globecar\/","https:\/\/www.pinterest.com\/globecar","https:\/\/www.youtube.com\/c\/GlobecarRentals"]}]}},"jetpack_sharing_enabled":true,"jetpack_shortlink":"https:\/\/wp.me\/PaiT2D-3kc","_links":{"self":[{"href":"https:\/\/www.globecar.com\/fr\/wp-json\/wp\/v2\/pages\/12784","targetHints":{"allow":["GET"]}}],"collection":[{"href":"https:\/\/www.globecar.com\/fr\/wp-json\/wp\/v2\/pages"}],"about":[{"href":"https:\/\/www.globecar.com\/fr\/wp-json\/wp\/v2\/types\/page"}],"author":[{"embeddable":true,"href":"https:\/\/www.globecar.com\/fr\/wp-json\/wp\/v2\/users\/18"}],"replies":[{"embeddable":true,"href":"https:\/\/www.globecar.com\/fr\/wp-json\/wp\/v2\/comments?post=12784"}],"version-history":[{"count":0,"href":"https:\/\/www.globecar.com\/fr\/wp-json\/wp\/v2\/pages\/12784\/revisions"}],"wp:attachment":[{"href":"https:\/\/www.globecar.com\/fr\/wp-json\/wp\/v2\/media?parent=12784"}],"curies":[{"name":"wp","href":"https:\/\/api.w.org\/{rel}","templated":true}]}}