{"id":13583,"date":"2024-03-19T14:05:02","date_gmt":"2024-03-19T18:05:02","guid":{"rendered":"https:\/\/www.globecar.com\/corporativo\/"},"modified":"2024-05-08T08:56:59","modified_gmt":"2024-05-08T12:56:59","slug":"corporativo","status":"publish","type":"page","link":"https:\/\/www.globecar.com\/es\/acerca-de\/quiosco\/corporativo\/","title":{"rendered":"Empresa"},"content":{"rendered":"<div class=\"wpb-content-wrapper\"><p>[vc_row content_placement=\u00bbmiddle\u00bb is_header=\u00bbtrue\u00bb][vc_column width=\u00bb2\/3&#8243;][vc_column_text]<\/p>\n<h1>Agentes en directo a la espera<\/h1>\n<p>\u00bfNecesita un coche para desplazarse? Puede recoger uno de<br \/>\n\u00a1nuestros impresionantes coches de alquiler <strong>en s\u00f3lo 5 Minutos!<\/strong><\/p>\n<hr \/>\n<p>[\/vc_column_text]<ul class=\"features-list col-3 alignLeft\">\n\t\t<li>\n\t\t\t<img decoding=\"async\" width=\"55\" height=\"50\" src=\"https:\/\/www.globecar.com\/wp-content\/uploads\/2017\/08\/first-in-canada.png\" class=\"attachment-full size-full\" alt=\"first-in-canada\" \/>\n\t\t\t<p><strong>Primero en<br \/><br\/>Canad\u00e1<\/strong><\/p>\n\t\t<\/li>\n\t\t<li>\n\t\t\t<img decoding=\"async\" width=\"40\" height=\"42\" src=\"https:\/\/www.globecar.com\/wp-content\/uploads\/2017\/08\/live-agents.png\" class=\"attachment-full size-full\" alt=\"Live agents\" \/>\n\t\t\t<p><strong>LiveAgents virtuales<\/strong><\/p>\n\t\t<\/li>\n\t\t<li>\n\t\t\t<img decoding=\"async\" width=\"46\" height=\"46\" src=\"https:\/\/www.globecar.com\/wp-content\/uploads\/2017\/08\/hours.png\" class=\"attachment-full size-full\" alt=\"Extended business hours\" \/>\n\t\t\t<p><strong>Hasta las 19.00 h.<\/strong><\/p>\n\t\t<\/li><\/ul>[\/vc_column][vc_column width=\u00bb1\/3&#8243;][vc_single_image image=\u00bb8950&#8243; img_size=\u00bbfull\u00bb alignment=\u00bbright\u00bb][\/vc_column][\/vc_row][vc_row][vc_column][vc_wp_custommenu nav_menu=\u00bb1929&#8243;][\/vc_column][\/vc_row][vc_section is_container=\u00bbtrue\u00bb][vc_row][vc_column width=\u00bb1\/2&#8243;][vc_column_text]<\/p>\n<h3>Nuestra soluci\u00f3n de quiosco aumenta el tr\u00e1fico entrante, ofrece servicios de movilidad in situ a los inquilinos existentes y llena las plazas de aparcamiento vacantes para aumentar la utilizaci\u00f3n del espacio. Si est\u00e1 interesado en instalar nuestra soluci\u00f3n de alquiler de veh\u00edculos en su propiedad, no dude en ponerse en contacto con nosotros.<\/h3>\n<p>[\/vc_column_text][\/vc_column][vc_column width=\u00bb1\/2&#8243;][vc_column_text]<\/p>\n<p style=\"text-align: right;\"><span class=\"button\"><a href=\"https:\/\/www.globecar.com\/es\/acerca-de\/quiosco\/\">Ver versi\u00f3n cliente<\/a><\/span><\/p>\n<p>[\/vc_column_text][\/vc_column][\/vc_row][vc_row css=\u00bb.vc_custom_1502986135969{margin-top: 2em !important;}\u00bb][vc_column][vc_video link=\u00bbhttps:\/\/videopress.com\/v\/jKJQyVMa\u00bb][vc_separator][\/vc_column][\/vc_row][vc_row][vc_column width=\u00bb1\/2&#8243; css=\u00bb.vc_custom_1502984705417{padding-right: 5em !important;}\u00bb][vc_column_text]<\/p>\n<h3><b>Nuestros veh\u00edculos y nuestro impresionante personal le est\u00e1n esperando.<\/b><\/h3>\n<p>Por primera vez en Canad\u00e1, Globe Kiosk mejora su propiedad ofreci\u00e9ndole una soluci\u00f3n de alquiler de coches in situ. Con una huella de 2 pies X 2 pies, plug &amp; play f\u00e1cil &#8211; podemos conseguir esto en funcionamiento muy r\u00e1pidamente. Estaremos encantados de estudiar la posibilidad de contar con esta soluci\u00f3n de alquiler de veh\u00edculos en sus instalaciones.[\/vc_column_text][\/vc_column][vc_column width=\u00bb1\/2&#8243;][vc_column_text]<\/p>\n<h3>Ventajas<\/h3>\n<ol>\n<li style=\"font-weight: 400;\"><span style=\"font-weight: 400;\">Servicio de 7\/7 a 7PM todas las noches<\/span><\/li>\n<li><span style=\"font-weight: 400;\">Aumente la visibilidad y el tr\u00e1fico hacia su edificio<\/span><\/li>\n<li style=\"font-weight: 400;\"><span style=\"font-weight: 400;\">Aumente la utilizaci\u00f3n de sus plazas de aparcamiento<\/span><\/li>\n<li style=\"font-weight: 400;\"><span style=\"font-weight: 400;\">Aumentar los ingresos sin construir arrendamientos<\/span><\/li>\n<li style=\"font-weight: 400;\"><span style=\"font-weight: 400;\">Atraer a posibles inquilinos de edificios cercanos<\/span><\/li>\n<li style=\"font-weight: 400;\"><span style=\"font-weight: 400;\">Ofrecer a los inquilinos un servicio de alquiler de coches in situ<\/span><\/li>\n<li style=\"font-weight: 400;\"><span style=\"font-weight: 400;\">Agentes de alquiler de coches \u00abreales\u00bb a la espera <\/span><\/li>\n<li style=\"font-weight: 400;\"><span style=\"font-weight: 400;\">Asociarse con una empresa tecnol\u00f3gicamente avanzada<\/span><\/li>\n<\/ol>\n<p>[\/vc_column_text][\/vc_column][\/vc_row][\/vc_section][vc_section][vc_row full_width=\u00bbstretch_row\u00bb][vc_column]\n\t\t<div class=\"simple-banner \">\n\t\t\t<img decoding=\"async\" width=\"1574\" height=\"390\" src=\"https:\/\/www.globecar.com\/wp-content\/uploads\/2017\/08\/question_banner.jpg\" class=\"attachment-full size-full\" alt=\"question_banner\" srcset=\"https:\/\/www.globecar.com\/wp-content\/uploads\/2017\/08\/question_banner.jpg 1574w, https:\/\/www.globecar.com\/wp-content\/uploads\/2017\/08\/question_banner-150x37.jpg 150w, https:\/\/www.globecar.com\/wp-content\/uploads\/2017\/08\/question_banner-300x74.jpg 300w, https:\/\/www.globecar.com\/wp-content\/uploads\/2017\/08\/question_banner-768x190.jpg 768w, https:\/\/www.globecar.com\/wp-content\/uploads\/2017\/08\/question_banner-1024x254.jpg 1024w, https:\/\/www.globecar.com\/wp-content\/uploads\/2017\/08\/question_banner-300x74@2x.jpg 600w, https:\/\/www.globecar.com\/wp-content\/uploads\/2017\/08\/question_banner-768x190@2x.jpg 1536w\" sizes=\"(max-width: 1574px) 100vw, 1574px\" \/>\n\t\t\t<div class=\"wrap\"><div class=\"mini-wrap\"><h3>\u00bfTiene alguna pregunta?<\/h3><\/div><a class=\"button onDark full large\" href=\"\/es\/ayuda\/faq\/\">Encontrar respuestas f\u00e1ciles<\/a>\t<\/div><\/div>[\/vc_column][\/vc_row][\/vc_section]<\/p>\n<\/div>","protected":false},"excerpt":{"rendered":"<p>[vc_row content_placement=\u00bbmiddle\u00bb is_header=\u00bbtrue\u00bb][vc_column width=\u00bb2\/3&#8243;][vc_column_text] Agentes en directo a la espera \u00bfNecesita un coche para desplazarse? Puede recoger uno de \u00a1nuestros impresionantes coches de alquiler en s\u00f3lo 5 Minutos! [\/vc_column_text][\/vc_column][vc_column width=\u00bb1\/3&#8243;][vc_single_image image=\u00bb8950&#8243; img_size=\u00bbfull\u00bb alignment=\u00bbright\u00bb][\/vc_column][\/vc_row][vc_row][vc_column][vc_wp_custommenu nav_menu=\u00bb1929&#8243;][\/vc_column][\/vc_row][vc_section is_container=\u00bbtrue\u00bb][vc_row][vc_column width=\u00bb1\/2&#8243;][vc_column_text] Nuestra soluci\u00f3n de quiosco aumenta el tr\u00e1fico entrante, ofrece servicios de movilidad in situ a los inquilinos existentes y [&hellip;]<\/p>\n","protected":false},"author":1,"featured_media":0,"parent":13809,"menu_order":0,"comment_status":"closed","ping_status":"closed","template":"","meta":{"_acf_changed":false,"_genesis_hide_title":false,"_genesis_hide_breadcrumbs":false,"_genesis_hide_singular_image":false,"_genesis_hide_footer_widgets":false,"_genesis_custom_body_class":"","_genesis_custom_post_class":"","_genesis_layout":"","jetpack_post_was_ever_published":false,"footnotes":""},"class_list":{"0":"post-13583","1":"page","2":"type-page","3":"status-publish","5":"entry","6":"has-post-thumbnail"},"acf":[],"yoast_head":"<!-- This site is optimized with the Yoast SEO Premium plugin v27.1 (Yoast SEO v27.1.1) - https:\/\/yoast.com\/product\/yoast-seo-premium-wordpress\/ -->\n<title>Ver v\u00eddeo corporativo l Alquiler de coches y camiones Globe en Montreal<\/title>\n<meta name=\"description\" content=\"Las mejores tarifas de alquiler de coches y flexibilidad para su negocio. Vea nuestro v\u00eddeo corporativo y p\u00f3ngase en contacto con nosotros para abrir una cuenta corporativa y empezar a ahorrar en sus necesidades de alquiler de coches.\" \/>\n<meta name=\"robots\" content=\"index, follow, max-snippet:-1, max-image-preview:large, max-video-preview:-1\" \/>\n<link rel=\"canonical\" href=\"https:\/\/www.globecar.com\/es\/acerca-de\/quiosco\/corporativo\/\" \/>\n<meta property=\"og:locale\" content=\"es_ES\" \/>\n<meta property=\"og:type\" content=\"article\" \/>\n<meta property=\"og:title\" content=\"Empresa\" \/>\n<meta property=\"og:description\" content=\"Agentes en directo a la espera \u00bfNecesita un coche para desplazarse? Puede recoger uno de \u00a1nuestros impresionantes coches de alquiler en s\u00f3lo 5 Minutos!\" \/>\n<meta property=\"og:url\" content=\"https:\/\/www.globecar.com\/es\/acerca-de\/quiosco\/corporativo\/\" \/>\n<meta property=\"og:site_name\" content=\"Alquiler de coches y camiones Globe en Montreal\" \/>\n<meta property=\"article:publisher\" content=\"https:\/\/www.facebook.com\/GlobeCar\" \/>\n<meta property=\"article:modified_time\" content=\"2024-05-08T12:56:59+00:00\" \/>\n<meta property=\"og:image\" content=\"https:\/\/www.globecar.com\/wp-content\/uploads\/2023\/12\/thumbnail_logo_final-1.jpg\" \/>\n\t<meta property=\"og:image:width\" content=\"555\" \/>\n\t<meta property=\"og:image:height\" content=\"555\" \/>\n\t<meta property=\"og:image:type\" content=\"image\/jpeg\" \/>\n<meta name=\"twitter:card\" content=\"summary_large_image\" \/>\n<meta name=\"twitter:site\" content=\"@GlobeCar\" \/>\n<meta name=\"twitter:label1\" content=\"Tiempo de lectura\" \/>\n\t<meta name=\"twitter:data1\" content=\"2 minutos\" \/>\n<script type=\"application\/ld+json\" class=\"yoast-schema-graph\">{\"@context\":\"https:\/\/schema.org\",\"@graph\":[{\"@type\":\"WebPage\",\"@id\":\"https:\/\/www.globecar.com\/es\/acerca-de\/quiosco\/corporativo\/\",\"url\":\"https:\/\/www.globecar.com\/es\/acerca-de\/quiosco\/corporativo\/\",\"name\":\"Ver v\u00eddeo corporativo l Alquiler de coches y camiones Globe en Montreal\",\"isPartOf\":{\"@id\":\"https:\/\/www.globecar.com\/es\/#website\"},\"datePublished\":\"2024-03-19T18:05:02+00:00\",\"dateModified\":\"2024-05-08T12:56:59+00:00\",\"description\":\"Las mejores tarifas de alquiler de coches y flexibilidad para su negocio. Vea nuestro v\u00eddeo corporativo y p\u00f3ngase en contacto con nosotros para abrir una cuenta corporativa y empezar a ahorrar en sus necesidades de alquiler de coches.\",\"breadcrumb\":{\"@id\":\"https:\/\/www.globecar.com\/es\/acerca-de\/quiosco\/corporativo\/#breadcrumb\"},\"inLanguage\":\"es\",\"potentialAction\":[{\"@type\":\"ReadAction\",\"target\":[\"https:\/\/www.globecar.com\/es\/acerca-de\/quiosco\/corporativo\/\"]}]},{\"@type\":\"BreadcrumbList\",\"@id\":\"https:\/\/www.globecar.com\/es\/acerca-de\/quiosco\/corporativo\/#breadcrumb\",\"itemListElement\":[{\"@type\":\"ListItem\",\"position\":1,\"name\":\"Inicio\",\"item\":\"https:\/\/www.globecar.com\/es\/\"},{\"@type\":\"ListItem\",\"position\":2,\"name\":\"Acerca de\",\"item\":\"https:\/\/www.globecar.com\/es\/acerca-de\/\"},{\"@type\":\"ListItem\",\"position\":3,\"name\":\"Quiosco\",\"item\":\"https:\/\/www.globecar.com\/es\/acerca-de\/quiosco\/\"},{\"@type\":\"ListItem\",\"position\":4,\"name\":\"Empresa\"}]},{\"@type\":\"WebSite\",\"@id\":\"https:\/\/www.globecar.com\/es\/#website\",\"url\":\"https:\/\/www.globecar.com\/es\/\",\"name\":\"Globe Location d'Autos et Camions \u00e0 Montr\u00e9al\",\"description\":\"Drive 4 Less\",\"publisher\":{\"@id\":\"https:\/\/www.globecar.com\/es\/#organization\"},\"alternateName\":\"GlobeCar\",\"potentialAction\":[{\"@type\":\"SearchAction\",\"target\":{\"@type\":\"EntryPoint\",\"urlTemplate\":\"https:\/\/www.globecar.com\/es\/?s={search_term_string}\"},\"query-input\":{\"@type\":\"PropertyValueSpecification\",\"valueRequired\":true,\"valueName\":\"search_term_string\"}}],\"inLanguage\":\"es\"},{\"@type\":\"Organization\",\"@id\":\"https:\/\/www.globecar.com\/es\/#organization\",\"name\":\"Globe Car & Truck Rental\",\"alternateName\":\"GlobeCar\",\"url\":\"https:\/\/www.globecar.com\/es\/\",\"logo\":{\"@type\":\"ImageObject\",\"inLanguage\":\"es\",\"@id\":\"https:\/\/www.globecar.com\/es\/#\/schema\/logo\/image\/\",\"url\":\"https:\/\/www.globecar.com\/wp-content\/uploads\/2023\/12\/thumbnail_logo_final-1.jpg\",\"contentUrl\":\"https:\/\/www.globecar.com\/wp-content\/uploads\/2023\/12\/thumbnail_logo_final-1.jpg\",\"width\":555,\"height\":555,\"caption\":\"Globe Car & Truck Rental\"},\"image\":{\"@id\":\"https:\/\/www.globecar.com\/es\/#\/schema\/logo\/image\/\"},\"sameAs\":[\"https:\/\/www.facebook.com\/GlobeCar\",\"https:\/\/x.com\/GlobeCar\",\"https:\/\/mastodon.social\/@globecar\",\"https:\/\/www.instagram.com\/globecar\/\",\"https:\/\/www.linkedin.com\/company\/globecar\/\",\"https:\/\/www.pinterest.com\/globecar\",\"https:\/\/www.youtube.com\/c\/GlobecarRentals\"]}]}<\/script>\n<!-- \/ Yoast SEO Premium plugin. -->","yoast_head_json":{"title":"Ver v\u00eddeo corporativo l Alquiler de coches y camiones Globe en Montreal","description":"Las mejores tarifas de alquiler de coches y flexibilidad para su negocio. Vea nuestro v\u00eddeo corporativo y p\u00f3ngase en contacto con nosotros para abrir una cuenta corporativa y empezar a ahorrar en sus necesidades de alquiler de coches.","robots":{"index":"index","follow":"follow","max-snippet":"max-snippet:-1","max-image-preview":"max-image-preview:large","max-video-preview":"max-video-preview:-1"},"canonical":"https:\/\/www.globecar.com\/es\/acerca-de\/quiosco\/corporativo\/","og_locale":"es_ES","og_type":"article","og_title":"Empresa","og_description":"Agentes en directo a la espera \u00bfNecesita un coche para desplazarse? Puede recoger uno de \u00a1nuestros impresionantes coches de alquiler en s\u00f3lo 5 Minutos!","og_url":"https:\/\/www.globecar.com\/es\/acerca-de\/quiosco\/corporativo\/","og_site_name":"Alquiler de coches y camiones Globe en Montreal","article_publisher":"https:\/\/www.facebook.com\/GlobeCar","article_modified_time":"2024-05-08T12:56:59+00:00","og_image":[{"width":555,"height":555,"url":"https:\/\/www.globecar.com\/wp-content\/uploads\/2023\/12\/thumbnail_logo_final-1.jpg","type":"image\/jpeg"}],"twitter_card":"summary_large_image","twitter_site":"@GlobeCar","twitter_misc":{"Tiempo de lectura":"2 minutos"},"schema":{"@context":"https:\/\/schema.org","@graph":[{"@type":"WebPage","@id":"https:\/\/www.globecar.com\/es\/acerca-de\/quiosco\/corporativo\/","url":"https:\/\/www.globecar.com\/es\/acerca-de\/quiosco\/corporativo\/","name":"Ver v\u00eddeo corporativo l Alquiler de coches y camiones Globe en Montreal","isPartOf":{"@id":"https:\/\/www.globecar.com\/es\/#website"},"datePublished":"2024-03-19T18:05:02+00:00","dateModified":"2024-05-08T12:56:59+00:00","description":"Las mejores tarifas de alquiler de coches y flexibilidad para su negocio. Vea nuestro v\u00eddeo corporativo y p\u00f3ngase en contacto con nosotros para abrir una cuenta corporativa y empezar a ahorrar en sus necesidades de alquiler de coches.","breadcrumb":{"@id":"https:\/\/www.globecar.com\/es\/acerca-de\/quiosco\/corporativo\/#breadcrumb"},"inLanguage":"es","potentialAction":[{"@type":"ReadAction","target":["https:\/\/www.globecar.com\/es\/acerca-de\/quiosco\/corporativo\/"]}]},{"@type":"BreadcrumbList","@id":"https:\/\/www.globecar.com\/es\/acerca-de\/quiosco\/corporativo\/#breadcrumb","itemListElement":[{"@type":"ListItem","position":1,"name":"Inicio","item":"https:\/\/www.globecar.com\/es\/"},{"@type":"ListItem","position":2,"name":"Acerca de","item":"https:\/\/www.globecar.com\/es\/acerca-de\/"},{"@type":"ListItem","position":3,"name":"Quiosco","item":"https:\/\/www.globecar.com\/es\/acerca-de\/quiosco\/"},{"@type":"ListItem","position":4,"name":"Empresa"}]},{"@type":"WebSite","@id":"https:\/\/www.globecar.com\/es\/#website","url":"https:\/\/www.globecar.com\/es\/","name":"Globe Location d'Autos et Camions \u00e0 Montr\u00e9al","description":"Drive 4 Less","publisher":{"@id":"https:\/\/www.globecar.com\/es\/#organization"},"alternateName":"GlobeCar","potentialAction":[{"@type":"SearchAction","target":{"@type":"EntryPoint","urlTemplate":"https:\/\/www.globecar.com\/es\/?s={search_term_string}"},"query-input":{"@type":"PropertyValueSpecification","valueRequired":true,"valueName":"search_term_string"}}],"inLanguage":"es"},{"@type":"Organization","@id":"https:\/\/www.globecar.com\/es\/#organization","name":"Globe Car & Truck Rental","alternateName":"GlobeCar","url":"https:\/\/www.globecar.com\/es\/","logo":{"@type":"ImageObject","inLanguage":"es","@id":"https:\/\/www.globecar.com\/es\/#\/schema\/logo\/image\/","url":"https:\/\/www.globecar.com\/wp-content\/uploads\/2023\/12\/thumbnail_logo_final-1.jpg","contentUrl":"https:\/\/www.globecar.com\/wp-content\/uploads\/2023\/12\/thumbnail_logo_final-1.jpg","width":555,"height":555,"caption":"Globe Car & Truck Rental"},"image":{"@id":"https:\/\/www.globecar.com\/es\/#\/schema\/logo\/image\/"},"sameAs":["https:\/\/www.facebook.com\/GlobeCar","https:\/\/x.com\/GlobeCar","https:\/\/mastodon.social\/@globecar","https:\/\/www.instagram.com\/globecar\/","https:\/\/www.linkedin.com\/company\/globecar\/","https:\/\/www.pinterest.com\/globecar","https:\/\/www.youtube.com\/c\/GlobecarRentals"]}]}},"jetpack_sharing_enabled":true,"jetpack_shortlink":"https:\/\/wp.me\/PaiT2D-3x5","_links":{"self":[{"href":"https:\/\/www.globecar.com\/es\/wp-json\/wp\/v2\/pages\/13583","targetHints":{"allow":["GET"]}}],"collection":[{"href":"https:\/\/www.globecar.com\/es\/wp-json\/wp\/v2\/pages"}],"about":[{"href":"https:\/\/www.globecar.com\/es\/wp-json\/wp\/v2\/types\/page"}],"author":[{"embeddable":true,"href":"https:\/\/www.globecar.com\/es\/wp-json\/wp\/v2\/users\/1"}],"replies":[{"embeddable":true,"href":"https:\/\/www.globecar.com\/es\/wp-json\/wp\/v2\/comments?post=13583"}],"version-history":[{"count":4,"href":"https:\/\/www.globecar.com\/es\/wp-json\/wp\/v2\/pages\/13583\/revisions"}],"predecessor-version":[{"id":15993,"href":"https:\/\/www.globecar.com\/es\/wp-json\/wp\/v2\/pages\/13583\/revisions\/15993"}],"up":[{"embeddable":true,"href":"https:\/\/www.globecar.com\/es\/wp-json\/wp\/v2\/pages\/13809"}],"wp:attachment":[{"href":"https:\/\/www.globecar.com\/es\/wp-json\/wp\/v2\/media?parent=13583"}],"curies":[{"name":"wp","href":"https:\/\/api.w.org\/{rel}","templated":true}]}}