{"id":13564,"date":"2024-03-19T14:04:59","date_gmt":"2024-03-19T18:04:59","guid":{"rendered":"https:\/\/www.globecar.com\/alquiler-de-coches-en-interiores\/"},"modified":"2025-03-18T02:15:46","modified_gmt":"2025-03-18T06:15:46","slug":"alquiler-de-coches-en-interiores","status":"publish","type":"page","link":"https:\/\/www.globecar.com\/es\/acerca-de\/alquiler-de-coches-en-interiores\/","title":{"rendered":"Entrega de coches de alquiler en interiores"},"content":{"rendered":"<div class=\"wpb-content-wrapper\"><p>[vc_row is_header=\u00bbtrue\u00bb][vc_column width=\u00bb2\/3&#8243; css=\u00bb.vc_custom_1507235373954{padding-top: 3em !important;padding-bottom: 3em !important;}\u00bb][vc_column_text]<\/p>\n<h1>\u00bfEst\u00e1 oscuro, hace viento, llueve o nieva?<\/h1>\n<p>No hay nada mejor que recoger el coche de alquiler bajo techo. Todas las <a href=\"https:\/\/www.globecar.com\/es\/ubicaciones\/\">sucursales de Globe<\/a> le ofrecen la mejor experiencia independientemente de las condiciones meteorol\u00f3gicas. <a href=\"https:\/\/www.globecar.com\/es\/ubicaciones\/\">Su veh\u00edculo<\/a> estar\u00e1 listo y limpio para que pueda inspeccionarlo y marcharse sin complicaciones, sin lluvia, sin rascar hielo, sin palear nieve, sin descongelar y sin tiritar. El tiempo en Canad\u00e1 es impredecible, pero nosotros siempre lo somos, para ofrecerle siempre el mejor servicio posible. Aseg\u00farese de obtener m\u00e1s informaci\u00f3n sobre el <a href=\"https:\/\/www.globecar.com\/es\/acerca-de\/alquiler-de-coches-para-invierno\/\">alquiler de coches en invierno<\/a> con Globe y vea c\u00f3mo estamos preparados independientemente del tiempo que haga.[\/vc_column_text][\/vc_column][vc_column width=\u00bb1\/3&#8243;][vc_single_image image=\u00bb9275&#8243; img_size=\u00bbfull\u00bb alignment=\u00bbcenter\u00bb][\/vc_column][\/vc_row][vc_section is_container=\u00bbtrue\u00bb][vc_row][vc_column][vc_row_inner][vc_column_inner width=\u00bb5\/12&#8243;][vc_column_text]<\/p>\n<h3>Otras empresas de alquiler de coches<\/h3>\n<p><img decoding=\"async\" class=\"alignnone wp-image-2383 size-full\" src=\"https:\/\/www.globecar.com\/wp-content\/uploads\/2018\/01\/other-rental.jpg\" alt=\"Entrega de veh\u00edculos de alquiler al aire libre\" width=\"960\" height=\"632\" srcset=\"https:\/\/www.globecar.com\/wp-content\/uploads\/2018\/01\/other-rental.jpg 960w, https:\/\/www.globecar.com\/wp-content\/uploads\/2018\/01\/other-rental-150x99.jpg 150w, https:\/\/www.globecar.com\/wp-content\/uploads\/2018\/01\/other-rental-200x132@2x.jpg 400w, https:\/\/www.globecar.com\/wp-content\/uploads\/2018\/01\/other-rental-768x506.jpg 768w, https:\/\/www.globecar.com\/wp-content\/uploads\/2018\/01\/other-rental-68x45.jpg 68w, https:\/\/www.globecar.com\/wp-content\/uploads\/2018\/01\/other-rental-200x132.jpg 200w, https:\/\/www.globecar.com\/wp-content\/uploads\/2018\/01\/other-rental-150x99@2x.jpg 300w, https:\/\/www.globecar.com\/wp-content\/uploads\/2018\/01\/other-rental-400x263@2x.jpg 800w, https:\/\/www.globecar.com\/wp-content\/uploads\/2018\/01\/other-rental-68x45@2x.jpg 136w\" sizes=\"(max-width: 960px) 100vw, 960px\" \/>[\/vc_column_text][\/vc_column_inner][vc_column_inner width=\u00bb7\/12&#8243;][vc_column_text]<\/p>\n<h3>Globe Car Rental Sucursal real<\/h3>\n<p><img decoding=\"async\" class=\"alignnone wp-image-2392 size-full\" src=\"https:\/\/www.globecar.com\/wp-content\/uploads\/2018\/01\/our-rental.png\" alt=\"Entrega de coches de alquiler en interiores\" width=\"1005\" height=\"527\" srcset=\"https:\/\/www.globecar.com\/wp-content\/uploads\/2018\/01\/our-rental.png 1005w, https:\/\/www.globecar.com\/wp-content\/uploads\/2018\/01\/our-rental-150x79.png 150w, https:\/\/www.globecar.com\/wp-content\/uploads\/2018\/01\/our-rental-200x105@2x.png 400w, https:\/\/www.globecar.com\/wp-content\/uploads\/2018\/01\/our-rental-768x403.png 768w, https:\/\/www.globecar.com\/wp-content\/uploads\/2018\/01\/our-rental-68x36.png 68w, https:\/\/www.globecar.com\/wp-content\/uploads\/2018\/01\/our-rental-200x105.png 200w, https:\/\/www.globecar.com\/wp-content\/uploads\/2018\/01\/our-rental-150x79@2x.png 300w, https:\/\/www.globecar.com\/wp-content\/uploads\/2018\/01\/our-rental-400x210@2x.png 800w, https:\/\/www.globecar.com\/wp-content\/uploads\/2018\/01\/our-rental-68x36@2x.png 136w\" sizes=\"(max-width: 1005px) 100vw, 1005px\" \/>[\/vc_column_text][\/vc_column_inner][\/vc_row_inner][\/vc_column][\/vc_row][\/vc_section]<\/p>\n<\/div>","protected":false},"excerpt":{"rendered":"<p>[vc_row is_header=\u00bbtrue\u00bb][vc_column width=\u00bb2\/3&#8243; css=\u00bb.vc_custom_1507235373954{padding-top: 3em !important;padding-bottom: 3em !important;}\u00bb][vc_column_text] \u00bfEst\u00e1 oscuro, hace viento, llueve o nieva? No hay nada mejor que recoger el coche de alquiler bajo techo. Todas las sucursales de Globe le ofrecen la mejor experiencia independientemente de las condiciones meteorol\u00f3gicas. Su veh\u00edculo estar\u00e1 listo y limpio para que pueda inspeccionarlo y marcharse sin [&hellip;]<\/p>\n","protected":false},"author":1,"featured_media":0,"parent":13799,"menu_order":0,"comment_status":"closed","ping_status":"closed","template":"","meta":{"_acf_changed":false,"_genesis_hide_title":false,"_genesis_hide_breadcrumbs":false,"_genesis_hide_singular_image":false,"_genesis_hide_footer_widgets":false,"_genesis_custom_body_class":"","_genesis_custom_post_class":"","_genesis_layout":"","jetpack_post_was_ever_published":false,"footnotes":""},"class_list":{"0":"post-13564","1":"page","2":"type-page","3":"status-publish","5":"entry","6":"has-post-thumbnail"},"acf":[],"yoast_head":"<!-- This site is optimized with the Yoast SEO Premium plugin v27.1 (Yoast SEO v27.1.1) - https:\/\/yoast.com\/product\/yoast-seo-premium-wordpress\/ -->\n<title>Recogida Alquiler Interior | Alquiler de coches y camiones Globe en Montreal<\/title>\n<meta name=\"description\" content=\"Consigue tu coche de alquiler bajo techo. Evita el fr\u00edo, ahora o la lluvia. La entrega de su veh\u00edculo de alquiler se realiza c\u00f3modamente en varias sucursales cercanas a usted.\" \/>\n<meta name=\"robots\" content=\"index, follow, max-snippet:-1, max-image-preview:large, max-video-preview:-1\" \/>\n<link rel=\"canonical\" href=\"https:\/\/www.globecar.com\/es\/acerca-de\/alquiler-de-coches-en-interiores\/\" \/>\n<meta property=\"og:locale\" content=\"es_ES\" \/>\n<meta property=\"og:type\" content=\"article\" \/>\n<meta property=\"og:title\" content=\"Entrega de coches de alquiler en interiores\" \/>\n<meta property=\"og:description\" content=\"\u00bfEst\u00e1 oscuro, hace viento, llueve o nieva? No hay nada mejor que recoger el coche de alquiler bajo techo. Todas las sucursales de Globe le ofrecen la\" \/>\n<meta property=\"og:url\" content=\"https:\/\/www.globecar.com\/es\/acerca-de\/alquiler-de-coches-en-interiores\/\" \/>\n<meta property=\"og:site_name\" content=\"Alquiler de coches y camiones Globe en Montreal\" \/>\n<meta property=\"article:publisher\" content=\"https:\/\/www.facebook.com\/GlobeCar\" \/>\n<meta property=\"article:modified_time\" content=\"2025-03-18T06:15:46+00:00\" \/>\n<meta property=\"og:image\" content=\"https:\/\/www.globecar.com\/wp-content\/uploads\/2018\/01\/other-rental.jpg\" \/>\n\t<meta property=\"og:image:width\" content=\"960\" \/>\n\t<meta property=\"og:image:height\" content=\"632\" \/>\n\t<meta property=\"og:image:type\" content=\"image\/jpeg\" \/>\n<meta name=\"twitter:card\" content=\"summary_large_image\" \/>\n<meta name=\"twitter:site\" content=\"@GlobeCar\" \/>\n<meta name=\"twitter:label1\" content=\"Tiempo de lectura\" \/>\n\t<meta name=\"twitter:data1\" content=\"1 minuto\" \/>\n<script type=\"application\/ld+json\" class=\"yoast-schema-graph\">{\"@context\":\"https:\/\/schema.org\",\"@graph\":[{\"@type\":\"WebPage\",\"@id\":\"https:\/\/www.globecar.com\/es\/acerca-de\/alquiler-de-coches-en-interiores\/\",\"url\":\"https:\/\/www.globecar.com\/es\/acerca-de\/alquiler-de-coches-en-interiores\/\",\"name\":\"Recogida Alquiler Interior | Alquiler de coches y camiones Globe en Montreal\",\"isPartOf\":{\"@id\":\"https:\/\/www.globecar.com\/es\/#website\"},\"primaryImageOfPage\":{\"@id\":\"https:\/\/www.globecar.com\/es\/acerca-de\/alquiler-de-coches-en-interiores\/#primaryimage\"},\"image\":{\"@id\":\"https:\/\/www.globecar.com\/es\/acerca-de\/alquiler-de-coches-en-interiores\/#primaryimage\"},\"thumbnailUrl\":\"https:\/\/www.globecar.com\/wp-content\/uploads\/2018\/01\/other-rental.jpg\",\"datePublished\":\"2024-03-19T18:04:59+00:00\",\"dateModified\":\"2025-03-18T06:15:46+00:00\",\"description\":\"Consigue tu coche de alquiler bajo techo. Evita el fr\u00edo, ahora o la lluvia. La entrega de su veh\u00edculo de alquiler se realiza c\u00f3modamente en varias sucursales cercanas a usted.\",\"breadcrumb\":{\"@id\":\"https:\/\/www.globecar.com\/es\/acerca-de\/alquiler-de-coches-en-interiores\/#breadcrumb\"},\"inLanguage\":\"es\",\"potentialAction\":[{\"@type\":\"ReadAction\",\"target\":[\"https:\/\/www.globecar.com\/es\/acerca-de\/alquiler-de-coches-en-interiores\/\"]}]},{\"@type\":\"ImageObject\",\"inLanguage\":\"es\",\"@id\":\"https:\/\/www.globecar.com\/es\/acerca-de\/alquiler-de-coches-en-interiores\/#primaryimage\",\"url\":\"https:\/\/www.globecar.com\/wp-content\/uploads\/2018\/01\/other-rental.jpg\",\"contentUrl\":\"https:\/\/www.globecar.com\/wp-content\/uploads\/2018\/01\/other-rental.jpg\"},{\"@type\":\"BreadcrumbList\",\"@id\":\"https:\/\/www.globecar.com\/es\/acerca-de\/alquiler-de-coches-en-interiores\/#breadcrumb\",\"itemListElement\":[{\"@type\":\"ListItem\",\"position\":1,\"name\":\"Inicio\",\"item\":\"https:\/\/www.globecar.com\/es\/\"},{\"@type\":\"ListItem\",\"position\":2,\"name\":\"Acerca de\",\"item\":\"https:\/\/www.globecar.com\/es\/acerca-de\/\"},{\"@type\":\"ListItem\",\"position\":3,\"name\":\"Entrega de coches de alquiler en interiores\"}]},{\"@type\":\"WebSite\",\"@id\":\"https:\/\/www.globecar.com\/es\/#website\",\"url\":\"https:\/\/www.globecar.com\/es\/\",\"name\":\"Globe Location d'Autos et Camions \u00e0 Montr\u00e9al\",\"description\":\"Drive 4 Less\",\"publisher\":{\"@id\":\"https:\/\/www.globecar.com\/es\/#organization\"},\"alternateName\":\"GlobeCar\",\"potentialAction\":[{\"@type\":\"SearchAction\",\"target\":{\"@type\":\"EntryPoint\",\"urlTemplate\":\"https:\/\/www.globecar.com\/es\/?s={search_term_string}\"},\"query-input\":{\"@type\":\"PropertyValueSpecification\",\"valueRequired\":true,\"valueName\":\"search_term_string\"}}],\"inLanguage\":\"es\"},{\"@type\":\"Organization\",\"@id\":\"https:\/\/www.globecar.com\/es\/#organization\",\"name\":\"Globe Car & Truck Rental\",\"alternateName\":\"GlobeCar\",\"url\":\"https:\/\/www.globecar.com\/es\/\",\"logo\":{\"@type\":\"ImageObject\",\"inLanguage\":\"es\",\"@id\":\"https:\/\/www.globecar.com\/es\/#\/schema\/logo\/image\/\",\"url\":\"https:\/\/www.globecar.com\/wp-content\/uploads\/2023\/12\/thumbnail_logo_final-1.jpg\",\"contentUrl\":\"https:\/\/www.globecar.com\/wp-content\/uploads\/2023\/12\/thumbnail_logo_final-1.jpg\",\"width\":555,\"height\":555,\"caption\":\"Globe Car & Truck Rental\"},\"image\":{\"@id\":\"https:\/\/www.globecar.com\/es\/#\/schema\/logo\/image\/\"},\"sameAs\":[\"https:\/\/www.facebook.com\/GlobeCar\",\"https:\/\/x.com\/GlobeCar\",\"https:\/\/mastodon.social\/@globecar\",\"https:\/\/www.instagram.com\/globecar\/\",\"https:\/\/www.linkedin.com\/company\/globecar\/\",\"https:\/\/www.pinterest.com\/globecar\",\"https:\/\/www.youtube.com\/c\/GlobecarRentals\"]}]}<\/script>\n<!-- \/ Yoast SEO Premium plugin. -->","yoast_head_json":{"title":"Recogida Alquiler Interior | Alquiler de coches y camiones Globe en Montreal","description":"Consigue tu coche de alquiler bajo techo. Evita el fr\u00edo, ahora o la lluvia. La entrega de su veh\u00edculo de alquiler se realiza c\u00f3modamente en varias sucursales cercanas a usted.","robots":{"index":"index","follow":"follow","max-snippet":"max-snippet:-1","max-image-preview":"max-image-preview:large","max-video-preview":"max-video-preview:-1"},"canonical":"https:\/\/www.globecar.com\/es\/acerca-de\/alquiler-de-coches-en-interiores\/","og_locale":"es_ES","og_type":"article","og_title":"Entrega de coches de alquiler en interiores","og_description":"\u00bfEst\u00e1 oscuro, hace viento, llueve o nieva? No hay nada mejor que recoger el coche de alquiler bajo techo. Todas las sucursales de Globe le ofrecen la","og_url":"https:\/\/www.globecar.com\/es\/acerca-de\/alquiler-de-coches-en-interiores\/","og_site_name":"Alquiler de coches y camiones Globe en Montreal","article_publisher":"https:\/\/www.facebook.com\/GlobeCar","article_modified_time":"2025-03-18T06:15:46+00:00","og_image":[{"width":960,"height":632,"url":"https:\/\/www.globecar.com\/wp-content\/uploads\/2018\/01\/other-rental.jpg","type":"image\/jpeg"}],"twitter_card":"summary_large_image","twitter_site":"@GlobeCar","twitter_misc":{"Tiempo de lectura":"1 minuto"},"schema":{"@context":"https:\/\/schema.org","@graph":[{"@type":"WebPage","@id":"https:\/\/www.globecar.com\/es\/acerca-de\/alquiler-de-coches-en-interiores\/","url":"https:\/\/www.globecar.com\/es\/acerca-de\/alquiler-de-coches-en-interiores\/","name":"Recogida Alquiler Interior | Alquiler de coches y camiones Globe en Montreal","isPartOf":{"@id":"https:\/\/www.globecar.com\/es\/#website"},"primaryImageOfPage":{"@id":"https:\/\/www.globecar.com\/es\/acerca-de\/alquiler-de-coches-en-interiores\/#primaryimage"},"image":{"@id":"https:\/\/www.globecar.com\/es\/acerca-de\/alquiler-de-coches-en-interiores\/#primaryimage"},"thumbnailUrl":"https:\/\/www.globecar.com\/wp-content\/uploads\/2018\/01\/other-rental.jpg","datePublished":"2024-03-19T18:04:59+00:00","dateModified":"2025-03-18T06:15:46+00:00","description":"Consigue tu coche de alquiler bajo techo. Evita el fr\u00edo, ahora o la lluvia. La entrega de su veh\u00edculo de alquiler se realiza c\u00f3modamente en varias sucursales cercanas a usted.","breadcrumb":{"@id":"https:\/\/www.globecar.com\/es\/acerca-de\/alquiler-de-coches-en-interiores\/#breadcrumb"},"inLanguage":"es","potentialAction":[{"@type":"ReadAction","target":["https:\/\/www.globecar.com\/es\/acerca-de\/alquiler-de-coches-en-interiores\/"]}]},{"@type":"ImageObject","inLanguage":"es","@id":"https:\/\/www.globecar.com\/es\/acerca-de\/alquiler-de-coches-en-interiores\/#primaryimage","url":"https:\/\/www.globecar.com\/wp-content\/uploads\/2018\/01\/other-rental.jpg","contentUrl":"https:\/\/www.globecar.com\/wp-content\/uploads\/2018\/01\/other-rental.jpg"},{"@type":"BreadcrumbList","@id":"https:\/\/www.globecar.com\/es\/acerca-de\/alquiler-de-coches-en-interiores\/#breadcrumb","itemListElement":[{"@type":"ListItem","position":1,"name":"Inicio","item":"https:\/\/www.globecar.com\/es\/"},{"@type":"ListItem","position":2,"name":"Acerca de","item":"https:\/\/www.globecar.com\/es\/acerca-de\/"},{"@type":"ListItem","position":3,"name":"Entrega de coches de alquiler en interiores"}]},{"@type":"WebSite","@id":"https:\/\/www.globecar.com\/es\/#website","url":"https:\/\/www.globecar.com\/es\/","name":"Globe Location d'Autos et Camions \u00e0 Montr\u00e9al","description":"Drive 4 Less","publisher":{"@id":"https:\/\/www.globecar.com\/es\/#organization"},"alternateName":"GlobeCar","potentialAction":[{"@type":"SearchAction","target":{"@type":"EntryPoint","urlTemplate":"https:\/\/www.globecar.com\/es\/?s={search_term_string}"},"query-input":{"@type":"PropertyValueSpecification","valueRequired":true,"valueName":"search_term_string"}}],"inLanguage":"es"},{"@type":"Organization","@id":"https:\/\/www.globecar.com\/es\/#organization","name":"Globe Car & Truck Rental","alternateName":"GlobeCar","url":"https:\/\/www.globecar.com\/es\/","logo":{"@type":"ImageObject","inLanguage":"es","@id":"https:\/\/www.globecar.com\/es\/#\/schema\/logo\/image\/","url":"https:\/\/www.globecar.com\/wp-content\/uploads\/2023\/12\/thumbnail_logo_final-1.jpg","contentUrl":"https:\/\/www.globecar.com\/wp-content\/uploads\/2023\/12\/thumbnail_logo_final-1.jpg","width":555,"height":555,"caption":"Globe Car & Truck Rental"},"image":{"@id":"https:\/\/www.globecar.com\/es\/#\/schema\/logo\/image\/"},"sameAs":["https:\/\/www.facebook.com\/GlobeCar","https:\/\/x.com\/GlobeCar","https:\/\/mastodon.social\/@globecar","https:\/\/www.instagram.com\/globecar\/","https:\/\/www.linkedin.com\/company\/globecar\/","https:\/\/www.pinterest.com\/globecar","https:\/\/www.youtube.com\/c\/GlobecarRentals"]}]}},"jetpack_sharing_enabled":true,"jetpack_shortlink":"https:\/\/wp.me\/PaiT2D-3wM","_links":{"self":[{"href":"https:\/\/www.globecar.com\/es\/wp-json\/wp\/v2\/pages\/13564","targetHints":{"allow":["GET"]}}],"collection":[{"href":"https:\/\/www.globecar.com\/es\/wp-json\/wp\/v2\/pages"}],"about":[{"href":"https:\/\/www.globecar.com\/es\/wp-json\/wp\/v2\/types\/page"}],"author":[{"embeddable":true,"href":"https:\/\/www.globecar.com\/es\/wp-json\/wp\/v2\/users\/1"}],"replies":[{"embeddable":true,"href":"https:\/\/www.globecar.com\/es\/wp-json\/wp\/v2\/comments?post=13564"}],"version-history":[{"count":0,"href":"https:\/\/www.globecar.com\/es\/wp-json\/wp\/v2\/pages\/13564\/revisions"}],"up":[{"embeddable":true,"href":"https:\/\/www.globecar.com\/es\/wp-json\/wp\/v2\/pages\/13799"}],"wp:attachment":[{"href":"https:\/\/www.globecar.com\/es\/wp-json\/wp\/v2\/media?parent=13564"}],"curies":[{"name":"wp","href":"https:\/\/api.w.org\/{rel}","templated":true}]}}