{"id":13559,"date":"2024-03-19T14:04:58","date_gmt":"2024-03-19T18:04:58","guid":{"rendered":"https:\/\/www.globecar.com\/sillas-de-coche\/"},"modified":"2024-05-08T09:10:12","modified_gmt":"2024-05-08T13:10:12","slug":"sillas-de-coche","status":"publish","type":"page","link":"https:\/\/www.globecar.com\/es\/servicios-adicionales\/sillas-de-coche\/","title":{"rendered":"Asientos de coche"},"content":{"rendered":"<div class=\"wpb-content-wrapper\"><p>[vc_row content_placement=\u00bbmiddle\u00bb is_header=\u00bbtrue\u00bb][vc_column width=\u00bb2\/3&#8243; css=\u00bb.vc_custom_1507234915243{padding-top: 3em !important;padding-bottom: 3em !important;}\u00bb][vc_column_text]<\/p>\n<h1>\u00bfNECESITA UN ASIENTO INFANTIL O UN ASIENTO ELEVADOR?<\/h1>\n<h2>La seguridad de su hijo es la prioridad n\u00famero 1 a la hora de alquilar un coche en Montreal.<\/h2>\n<p>Al elegir el asiento infantil adecuado, te aseguras un viaje lo m\u00e1s seguro posible. Los alquilamos, pero tenga en cuenta que nuestra pol\u00edtica es no instalar todos los asientos por cuestiones de responsabilidad. La mayor\u00eda de nuestros empleados no tienen hijos y no conocen los procedimientos de instalaci\u00f3n adecuados. Por lo tanto, inf\u00f3rmese de las instrucciones oficiales disponibles en el sitio web del <a href=\"https:\/\/www.tc.gc.ca\/en\/services\/road\/child-car-seat-safety.html\">Gobierno de Canad\u00e1<\/a> o acuda a la comisar\u00eda de polic\u00eda m\u00e1s cercana o a Canadian Tire para obtener ayuda.[\/vc_column_text][\/vc_column][vc_column width=\u00bb1\/3&#8243;][vc_single_image image=\u00bb9261&#8243; img_size=\u00bbfull\u00bb alignment=\u00bbcenter\u00bb][\/vc_column][\/vc_row][vc_section is_container=\u00bbtrue\u00bb][vc_row][vc_column][vc_column_text]La ley exige un asiento infantil para todos los ni\u00f1os dentro de una determinada categor\u00eda de peso\/altura, que ocupen un veh\u00edculo de alquiler. Globe ofrece asientos para ni\u00f1os y asientos elevadores. Para saber si necesita un asiento infantil o un elevador, consulte <a href=\"https:\/\/saaq.gouv.qc.ca\/en\/road-safety\/behaviours\/child-safety-seats\/\">la normativa y los requisitos<\/a> de Montreal. Ambos tienen informaci\u00f3n actualizada. No ofrecemos asiento de equipaje de mano para beb\u00e9s (normalmente para ni\u00f1os de 1 a\u00f1o o menos), ya que la mayor\u00eda de los padres tienen uno para llevar a su reci\u00e9n nacido.<\/p>\n<h3>Trae s\u00f3lo lo que necesites. Nada m\u00e1s.<\/h3>\n<p><strong>Viaje ligero:<\/strong> \u00bfPor qu\u00e9 molestarse en cargar con pesados asientos por el metro o los aeropuertos? \u00a1Globe est\u00e1 equipado y listo! Evite gastos de equipaje y da\u00f1os durante el viaje.<\/p>\n<p><strong>Asiento infantil &#8211; de cara a la marcha:<\/strong> Los asientos infantiles Globe orientados hacia delante cuentan con una mejor protecci\u00f3n contra impactos laterales gracias a los contornos laterales acolchados. Pueden reclinarse sin molestar al ni\u00f1o. Adem\u00e1s, el sistema especial de control del cabeceo disminuye el movimiento hacia delante en caso de accidente cuando se instala correctamente en tu coche de alquiler.<\/p>\n<p><strong>Asiento elevador:<\/strong> Los asientos elevadores est\u00e1n dise\u00f1ados para ni\u00f1os m\u00e1s mayores, ya que elevan al ni\u00f1o para que pueda utilizar el cintur\u00f3n de seguridad del coche de forma correcta y c\u00f3moda. Este asiento elevador sujeta totalmente al ni\u00f1o con un cintur\u00f3n de seguridad para adultos que se coloca de forma natural sobre su hombro y pelvis en la parte trasera del veh\u00edculo<\/p>\n<p>Para a\u00f1adir un asiento infantil o elevador a su alquiler de coche, reserve online y seleccione la opci\u00f3n necesaria en el paso 2 del proceso de reserva de su alquiler de coche.[\/vc_column_text][\/vc_column][\/vc_row][\/vc_section]<\/p>\n<\/div>","protected":false},"excerpt":{"rendered":"<p>[vc_row content_placement=\u00bbmiddle\u00bb is_header=\u00bbtrue\u00bb][vc_column width=\u00bb2\/3&#8243; css=\u00bb.vc_custom_1507234915243{padding-top: 3em !important;padding-bottom: 3em !important;}\u00bb][vc_column_text] \u00bfNECESITA UN ASIENTO INFANTIL O UN ASIENTO ELEVADOR? La seguridad de su hijo es la prioridad n\u00famero 1 a la hora de alquilar un coche en Montreal. Al elegir el asiento infantil adecuado, te aseguras un viaje lo m\u00e1s seguro posible. Los alquilamos, pero tenga en [&hellip;]<\/p>\n","protected":false},"author":1,"featured_media":0,"parent":13737,"menu_order":0,"comment_status":"closed","ping_status":"closed","template":"","meta":{"_acf_changed":false,"_genesis_hide_title":false,"_genesis_hide_breadcrumbs":false,"_genesis_hide_singular_image":false,"_genesis_hide_footer_widgets":false,"_genesis_custom_body_class":"","_genesis_custom_post_class":"","_genesis_layout":"","jetpack_post_was_ever_published":false,"footnotes":""},"class_list":{"0":"post-13559","1":"page","2":"type-page","3":"status-publish","5":"entry","6":"has-post-thumbnail"},"acf":[],"yoast_head":"<!-- This site is optimized with the Yoast SEO Premium plugin v27.1 (Yoast SEO v27.1.1) - https:\/\/yoast.com\/product\/yoast-seo-premium-wordpress\/ -->\n<title>Asientos infantiles y elevadores | Alquiler de coches y camiones Globe en Montreal<\/title>\n<meta name=\"description\" content=\"En todos los coches de alquiler se ofrecen asientos para ni\u00f1os y elevadores. S\u00f3lo tiene que seleccionar lo que necesita al hacer la reserva.\" \/>\n<meta name=\"robots\" content=\"index, follow, max-snippet:-1, max-image-preview:large, max-video-preview:-1\" \/>\n<link rel=\"canonical\" href=\"https:\/\/www.globecar.com\/es\/servicios-adicionales\/sillas-de-coche\/\" \/>\n<meta property=\"og:locale\" content=\"es_ES\" \/>\n<meta property=\"og:type\" content=\"article\" \/>\n<meta property=\"og:title\" content=\"Asientos de coche\" \/>\n<meta property=\"og:description\" content=\"\u00bfNECESITA UN ASIENTO INFANTIL O UN ASIENTO ELEVADOR? La seguridad de su hijo es la prioridad n\u00famero 1 a la hora de alquilar un coche en Montreal. Al\" \/>\n<meta property=\"og:url\" content=\"https:\/\/www.globecar.com\/es\/servicios-adicionales\/sillas-de-coche\/\" \/>\n<meta property=\"og:site_name\" content=\"Alquiler de coches y camiones Globe en Montreal\" \/>\n<meta property=\"article:publisher\" content=\"https:\/\/www.facebook.com\/GlobeCar\" \/>\n<meta property=\"article:modified_time\" content=\"2024-05-08T13:10:12+00:00\" \/>\n<meta property=\"og:image\" content=\"https:\/\/www.globecar.com\/wp-content\/uploads\/2023\/12\/thumbnail_logo_final-1.jpg\" \/>\n\t<meta property=\"og:image:width\" content=\"555\" \/>\n\t<meta property=\"og:image:height\" content=\"555\" \/>\n\t<meta property=\"og:image:type\" content=\"image\/jpeg\" \/>\n<meta name=\"twitter:card\" content=\"summary_large_image\" \/>\n<meta name=\"twitter:site\" content=\"@GlobeCar\" \/>\n<meta name=\"twitter:label1\" content=\"Tiempo de lectura\" \/>\n\t<meta name=\"twitter:data1\" content=\"2 minutos\" \/>\n<script type=\"application\/ld+json\" class=\"yoast-schema-graph\">{\"@context\":\"https:\/\/schema.org\",\"@graph\":[{\"@type\":\"WebPage\",\"@id\":\"https:\/\/www.globecar.com\/es\/servicios-adicionales\/sillas-de-coche\/\",\"url\":\"https:\/\/www.globecar.com\/es\/servicios-adicionales\/sillas-de-coche\/\",\"name\":\"Asientos infantiles y elevadores | Alquiler de coches y camiones Globe en Montreal\",\"isPartOf\":{\"@id\":\"https:\/\/www.globecar.com\/es\/#website\"},\"datePublished\":\"2024-03-19T18:04:58+00:00\",\"dateModified\":\"2024-05-08T13:10:12+00:00\",\"description\":\"En todos los coches de alquiler se ofrecen asientos para ni\u00f1os y elevadores. S\u00f3lo tiene que seleccionar lo que necesita al hacer la reserva.\",\"breadcrumb\":{\"@id\":\"https:\/\/www.globecar.com\/es\/servicios-adicionales\/sillas-de-coche\/#breadcrumb\"},\"inLanguage\":\"es\",\"potentialAction\":[{\"@type\":\"ReadAction\",\"target\":[\"https:\/\/www.globecar.com\/es\/servicios-adicionales\/sillas-de-coche\/\"]}]},{\"@type\":\"BreadcrumbList\",\"@id\":\"https:\/\/www.globecar.com\/es\/servicios-adicionales\/sillas-de-coche\/#breadcrumb\",\"itemListElement\":[{\"@type\":\"ListItem\",\"position\":1,\"name\":\"Inicio\",\"item\":\"https:\/\/www.globecar.com\/es\/\"},{\"@type\":\"ListItem\",\"position\":2,\"name\":\"Servicios adicionales\",\"item\":\"https:\/\/www.globecar.com\/es\/servicios-adicionales\/\"},{\"@type\":\"ListItem\",\"position\":3,\"name\":\"Asientos de coche\"}]},{\"@type\":\"WebSite\",\"@id\":\"https:\/\/www.globecar.com\/es\/#website\",\"url\":\"https:\/\/www.globecar.com\/es\/\",\"name\":\"Globe Location d'Autos et Camions \u00e0 Montr\u00e9al\",\"description\":\"Drive 4 Less\",\"publisher\":{\"@id\":\"https:\/\/www.globecar.com\/es\/#organization\"},\"alternateName\":\"GlobeCar\",\"potentialAction\":[{\"@type\":\"SearchAction\",\"target\":{\"@type\":\"EntryPoint\",\"urlTemplate\":\"https:\/\/www.globecar.com\/es\/?s={search_term_string}\"},\"query-input\":{\"@type\":\"PropertyValueSpecification\",\"valueRequired\":true,\"valueName\":\"search_term_string\"}}],\"inLanguage\":\"es\"},{\"@type\":\"Organization\",\"@id\":\"https:\/\/www.globecar.com\/es\/#organization\",\"name\":\"Globe Car & Truck Rental\",\"alternateName\":\"GlobeCar\",\"url\":\"https:\/\/www.globecar.com\/es\/\",\"logo\":{\"@type\":\"ImageObject\",\"inLanguage\":\"es\",\"@id\":\"https:\/\/www.globecar.com\/es\/#\/schema\/logo\/image\/\",\"url\":\"https:\/\/www.globecar.com\/wp-content\/uploads\/2023\/12\/thumbnail_logo_final-1.jpg\",\"contentUrl\":\"https:\/\/www.globecar.com\/wp-content\/uploads\/2023\/12\/thumbnail_logo_final-1.jpg\",\"width\":555,\"height\":555,\"caption\":\"Globe Car & Truck Rental\"},\"image\":{\"@id\":\"https:\/\/www.globecar.com\/es\/#\/schema\/logo\/image\/\"},\"sameAs\":[\"https:\/\/www.facebook.com\/GlobeCar\",\"https:\/\/x.com\/GlobeCar\",\"https:\/\/mastodon.social\/@globecar\",\"https:\/\/www.instagram.com\/globecar\/\",\"https:\/\/www.linkedin.com\/company\/globecar\/\",\"https:\/\/www.pinterest.com\/globecar\",\"https:\/\/www.youtube.com\/c\/GlobecarRentals\"]}]}<\/script>\n<!-- \/ Yoast SEO Premium plugin. -->","yoast_head_json":{"title":"Asientos infantiles y elevadores | Alquiler de coches y camiones Globe en Montreal","description":"En todos los coches de alquiler se ofrecen asientos para ni\u00f1os y elevadores. S\u00f3lo tiene que seleccionar lo que necesita al hacer la reserva.","robots":{"index":"index","follow":"follow","max-snippet":"max-snippet:-1","max-image-preview":"max-image-preview:large","max-video-preview":"max-video-preview:-1"},"canonical":"https:\/\/www.globecar.com\/es\/servicios-adicionales\/sillas-de-coche\/","og_locale":"es_ES","og_type":"article","og_title":"Asientos de coche","og_description":"\u00bfNECESITA UN ASIENTO INFANTIL O UN ASIENTO ELEVADOR? La seguridad de su hijo es la prioridad n\u00famero 1 a la hora de alquilar un coche en Montreal. Al","og_url":"https:\/\/www.globecar.com\/es\/servicios-adicionales\/sillas-de-coche\/","og_site_name":"Alquiler de coches y camiones Globe en Montreal","article_publisher":"https:\/\/www.facebook.com\/GlobeCar","article_modified_time":"2024-05-08T13:10:12+00:00","og_image":[{"width":555,"height":555,"url":"https:\/\/www.globecar.com\/wp-content\/uploads\/2023\/12\/thumbnail_logo_final-1.jpg","type":"image\/jpeg"}],"twitter_card":"summary_large_image","twitter_site":"@GlobeCar","twitter_misc":{"Tiempo de lectura":"2 minutos"},"schema":{"@context":"https:\/\/schema.org","@graph":[{"@type":"WebPage","@id":"https:\/\/www.globecar.com\/es\/servicios-adicionales\/sillas-de-coche\/","url":"https:\/\/www.globecar.com\/es\/servicios-adicionales\/sillas-de-coche\/","name":"Asientos infantiles y elevadores | Alquiler de coches y camiones Globe en Montreal","isPartOf":{"@id":"https:\/\/www.globecar.com\/es\/#website"},"datePublished":"2024-03-19T18:04:58+00:00","dateModified":"2024-05-08T13:10:12+00:00","description":"En todos los coches de alquiler se ofrecen asientos para ni\u00f1os y elevadores. S\u00f3lo tiene que seleccionar lo que necesita al hacer la reserva.","breadcrumb":{"@id":"https:\/\/www.globecar.com\/es\/servicios-adicionales\/sillas-de-coche\/#breadcrumb"},"inLanguage":"es","potentialAction":[{"@type":"ReadAction","target":["https:\/\/www.globecar.com\/es\/servicios-adicionales\/sillas-de-coche\/"]}]},{"@type":"BreadcrumbList","@id":"https:\/\/www.globecar.com\/es\/servicios-adicionales\/sillas-de-coche\/#breadcrumb","itemListElement":[{"@type":"ListItem","position":1,"name":"Inicio","item":"https:\/\/www.globecar.com\/es\/"},{"@type":"ListItem","position":2,"name":"Servicios adicionales","item":"https:\/\/www.globecar.com\/es\/servicios-adicionales\/"},{"@type":"ListItem","position":3,"name":"Asientos de coche"}]},{"@type":"WebSite","@id":"https:\/\/www.globecar.com\/es\/#website","url":"https:\/\/www.globecar.com\/es\/","name":"Globe Location d'Autos et Camions \u00e0 Montr\u00e9al","description":"Drive 4 Less","publisher":{"@id":"https:\/\/www.globecar.com\/es\/#organization"},"alternateName":"GlobeCar","potentialAction":[{"@type":"SearchAction","target":{"@type":"EntryPoint","urlTemplate":"https:\/\/www.globecar.com\/es\/?s={search_term_string}"},"query-input":{"@type":"PropertyValueSpecification","valueRequired":true,"valueName":"search_term_string"}}],"inLanguage":"es"},{"@type":"Organization","@id":"https:\/\/www.globecar.com\/es\/#organization","name":"Globe Car & Truck Rental","alternateName":"GlobeCar","url":"https:\/\/www.globecar.com\/es\/","logo":{"@type":"ImageObject","inLanguage":"es","@id":"https:\/\/www.globecar.com\/es\/#\/schema\/logo\/image\/","url":"https:\/\/www.globecar.com\/wp-content\/uploads\/2023\/12\/thumbnail_logo_final-1.jpg","contentUrl":"https:\/\/www.globecar.com\/wp-content\/uploads\/2023\/12\/thumbnail_logo_final-1.jpg","width":555,"height":555,"caption":"Globe Car & Truck Rental"},"image":{"@id":"https:\/\/www.globecar.com\/es\/#\/schema\/logo\/image\/"},"sameAs":["https:\/\/www.facebook.com\/GlobeCar","https:\/\/x.com\/GlobeCar","https:\/\/mastodon.social\/@globecar","https:\/\/www.instagram.com\/globecar\/","https:\/\/www.linkedin.com\/company\/globecar\/","https:\/\/www.pinterest.com\/globecar","https:\/\/www.youtube.com\/c\/GlobecarRentals"]}]}},"jetpack_sharing_enabled":true,"jetpack_shortlink":"https:\/\/wp.me\/PaiT2D-3wH","_links":{"self":[{"href":"https:\/\/www.globecar.com\/es\/wp-json\/wp\/v2\/pages\/13559","targetHints":{"allow":["GET"]}}],"collection":[{"href":"https:\/\/www.globecar.com\/es\/wp-json\/wp\/v2\/pages"}],"about":[{"href":"https:\/\/www.globecar.com\/es\/wp-json\/wp\/v2\/types\/page"}],"author":[{"embeddable":true,"href":"https:\/\/www.globecar.com\/es\/wp-json\/wp\/v2\/users\/1"}],"replies":[{"embeddable":true,"href":"https:\/\/www.globecar.com\/es\/wp-json\/wp\/v2\/comments?post=13559"}],"version-history":[{"count":0,"href":"https:\/\/www.globecar.com\/es\/wp-json\/wp\/v2\/pages\/13559\/revisions"}],"up":[{"embeddable":true,"href":"https:\/\/www.globecar.com\/es\/wp-json\/wp\/v2\/pages\/13737"}],"wp:attachment":[{"href":"https:\/\/www.globecar.com\/es\/wp-json\/wp\/v2\/media?parent=13559"}],"curies":[{"name":"wp","href":"https:\/\/api.w.org\/{rel}","templated":true}]}}