{"id":13530,"date":"2024-03-19T14:04:56","date_gmt":"2024-03-19T18:04:56","guid":{"rendered":"https:\/\/www.globecar.com\/calendario-de-vacaciones\/"},"modified":"2026-02-02T13:57:54","modified_gmt":"2026-02-02T18:57:54","slug":"calendario-de-vacaciones","status":"publish","type":"page","link":"https:\/\/www.globecar.com\/es\/calendario-de-vacaciones\/","title":{"rendered":"Calendario de vacaciones"},"content":{"rendered":"<div class=\"wpb-content-wrapper\"><p>[vc_row is_header=\u00bbtrue\u00bb css=\u00bb.vc_custom_1513186309738{padding-top: 3em !important;padding-bottom: 3em !important;}\u00bb][vc_column][vc_column_text]<\/p>\n<h1>Calendario de vacaciones<\/h1>\n<p>[\/vc_column_text][\/vc_column][\/vc_row][vc_section is_container=\u00bbtrue\u00bb][vc_row][vc_column width=\u00bb1\/2&#8243;][vc_column_text css=\u00bb\u00bb]<\/p>\n<table style=\"width: 65.8795%; height: 257px;\">\n<tbody>\n<tr style=\"height: 65px;\">\n<td style=\"vertical-align: middle; height: 65px; width: 121.706%;\" colspan=\"2\">\n<h3>2026<\/h3>\n<\/td>\n<\/tr>\n<tr style=\"height: 24px;\">\n<td style=\"text-align: left; vertical-align: top; height: 24px; width: 46.1111%;\">Jueves, 1 de Enero<\/td>\n<td style=\"text-align: left; vertical-align: top; height: 24px; width: 75.5952%;\"><strong>A\u00f1o Nuevo<\/strong><\/td>\n<\/tr>\n<tr style=\"height: 24px;\">\n<td style=\"text-align: left; vertical-align: top; height: 24px; width: 46.1111%;\">Domingo, 5 de Abril<\/td>\n<td style=\"text-align: left; vertical-align: top; height: 24px; width: 75.5952%;\"><strong>Domingo de Pascua<\/strong><\/td>\n<\/tr>\n<tr style=\"height: 24px;\">\n<td style=\"text-align: left; vertical-align: top; height: 24px; width: 46.1111%;\">Lunes, 18 de Mayo<\/td>\n<td style=\"text-align: left; vertical-align: top; height: 24px; width: 75.5952%;\"><strong>D\u00eda de Victoria<\/strong><\/td>\n<\/tr>\n<tr style=\"height: 24px;\">\n<td style=\"text-align: left; vertical-align: top; height: 24px; width: 46.1111%;\">Mi\u00e9rcoles, 24 de Junio<\/td>\n<td style=\"text-align: left; vertical-align: top; height: 24px; width: 75.5952%;\"><strong>San Juan Bautista<\/strong><\/td>\n<\/tr>\n<tr style=\"height: 24px;\">\n<td style=\"text-align: left; vertical-align: top; height: 24px; width: 46.1111%;\">Mi\u00e9rcoles, 1 de Julio<\/td>\n<td style=\"text-align: left; vertical-align: top; height: 24px; width: 75.5952%;\"><strong>D\u00eda de Canad\u00e1<\/strong><\/td>\n<\/tr>\n<tr style=\"height: 24px;\">\n<td style=\"text-align: left; vertical-align: top; height: 24px; width: 46.1111%;\">Lunes, 7 de Septiembre<\/td>\n<td style=\"text-align: left; vertical-align: top; height: 24px; width: 75.5952%;\"><b>D\u00eda del Trabajo<\/b><\/td>\n<\/tr>\n<tr style=\"height: 24px;\">\n<td style=\"text-align: left; vertical-align: top; height: 24px; width: 46.1111%;\">Lunes, 12 de Octubre<\/td>\n<td style=\"text-align: left; vertical-align: top; height: 24px; width: 75.5952%;\"><strong>D\u00eda de Acci\u00f3n de Gracias<\/strong><\/td>\n<\/tr>\n<tr style=\"height: 24px;\">\n<td style=\"text-align: left; vertical-align: top; height: 24px; width: 46.1111%;\">Viernes, 25 de Diciembre<\/td>\n<td style=\"text-align: left; vertical-align: top; height: 24px; width: 75.5952%;\"><strong>D\u00eda de Navidad<\/strong><\/td>\n<\/tr>\n<\/tbody>\n<\/table>\n<p>[\/vc_column_text][\/vc_column][vc_column width=\u00bb1\/2&#8243;][vc_column_text css=\u00bb\u00bb]<\/p>\n<table style=\"width: 65.8795%; height: 257px;\">\n<tbody>\n<tr style=\"height: 65px;\">\n<td style=\"vertical-align: middle; height: 65px; width: 121.706%;\" colspan=\"2\">\n<h3>2027<\/h3>\n<\/td>\n<\/tr>\n<tr style=\"height: 24px;\">\n<td style=\"text-align: left; vertical-align: top; height: 24px; width: 46.1111%;\">Viernes, 1 de Enero<\/td>\n<td style=\"text-align: left; vertical-align: top; height: 24px; width: 75.5952%;\"><strong>A\u00f1o Nuevo<\/strong><\/td>\n<\/tr>\n<tr style=\"height: 24px;\">\n<td style=\"text-align: left; vertical-align: top; height: 24px; width: 46.1111%;\">Domingo, 28 de Marzo<\/td>\n<td style=\"text-align: left; vertical-align: top; height: 24px; width: 75.5952%;\"><strong>Domingo de Pascua<\/strong><\/td>\n<\/tr>\n<tr style=\"height: 24px;\">\n<td style=\"text-align: left; vertical-align: top; height: 24px; width: 46.1111%;\">Lunes, 24 de Mayo<\/td>\n<td style=\"text-align: left; vertical-align: top; height: 24px; width: 75.5952%;\"><strong>D\u00eda de Victoria<\/strong><\/td>\n<\/tr>\n<tr style=\"height: 24px;\">\n<td style=\"text-align: left; vertical-align: top; height: 24px; width: 46.1111%;\">Jueves, 24 de Junio<\/td>\n<td style=\"text-align: left; vertical-align: top; height: 24px; width: 75.5952%;\"><strong>San Juan Bautista<\/strong><\/td>\n<\/tr>\n<tr style=\"height: 24px;\">\n<td style=\"text-align: left; vertical-align: top; height: 24px; width: 46.1111%;\">Jueves, 1 de Julio<\/td>\n<td style=\"text-align: left; vertical-align: top; height: 24px; width: 75.5952%;\"><strong>D\u00eda de Canad\u00e1<\/strong><\/td>\n<\/tr>\n<tr style=\"height: 24px;\">\n<td style=\"text-align: left; vertical-align: top; height: 24px; width: 46.1111%;\">Lunes, 6 de Septiembre<\/td>\n<td style=\"text-align: left; vertical-align: top; height: 24px; width: 75.5952%;\"><b>D\u00eda del Trabajo<\/b><\/td>\n<\/tr>\n<tr style=\"height: 24px;\">\n<td style=\"text-align: left; vertical-align: top; height: 24px; width: 46.1111%;\">Lunes, 11 de Octubre<\/td>\n<td style=\"text-align: left; vertical-align: top; height: 24px; width: 75.5952%;\"><strong>D\u00eda de Acci\u00f3n de Gracias<\/strong><\/td>\n<\/tr>\n<tr style=\"height: 24px;\">\n<td style=\"text-align: left; vertical-align: top; height: 24px; width: 46.1111%;\">Sabado, 25 de Diciembre<\/td>\n<td style=\"text-align: left; vertical-align: top; height: 24px; width: 75.5952%;\"><strong>D\u00eda de Navidad<\/strong><\/td>\n<\/tr>\n<\/tbody>\n<\/table>\n<p>[\/vc_column_text][\/vc_column][\/vc_row][\/vc_section]<\/p>\n<\/div>","protected":false},"excerpt":{"rendered":"<p>[vc_row is_header=\u00bbtrue\u00bb css=\u00bb.vc_custom_1513186309738{padding-top: 3em !important;padding-bottom: 3em !important;}\u00bb][vc_column][vc_column_text] Calendario de vacaciones [\/vc_column_text][\/vc_column][\/vc_row][vc_section is_container=\u00bbtrue\u00bb][vc_row][vc_column width=\u00bb1\/2&#8243;][vc_column_text css=\u00bb\u00bb] 2026 Jueves, 1 de Enero A\u00f1o Nuevo Domingo, 5 de Abril Domingo de Pascua Lunes, 18 de Mayo D\u00eda de Victoria Mi\u00e9rcoles, 24 de Junio San Juan Bautista Mi\u00e9rcoles, 1 de Julio D\u00eda de Canad\u00e1 Lunes, 7 de Septiembre D\u00eda del [&hellip;]<\/p>\n","protected":false},"author":1,"featured_media":0,"parent":0,"menu_order":0,"comment_status":"closed","ping_status":"closed","template":"","meta":{"_acf_changed":false,"_genesis_hide_title":false,"_genesis_hide_breadcrumbs":false,"_genesis_hide_singular_image":false,"_genesis_hide_footer_widgets":false,"_genesis_custom_body_class":"","_genesis_custom_post_class":"","_genesis_layout":"","jetpack_post_was_ever_published":false,"footnotes":""},"class_list":{"0":"post-13530","1":"page","2":"type-page","3":"status-publish","5":"entry"},"acf":[],"yoast_head":"<!-- This site is optimized with the Yoast SEO Premium plugin v27.1 (Yoast SEO v27.1.1) - https:\/\/yoast.com\/product\/yoast-seo-premium-wordpress\/ -->\n<title>Calendario de festivos - Lista | Alquiler de coches y camiones Globe en Montreal<\/title>\n<meta name=\"description\" content=\"Estamos abiertos todo el tiempo, s\u00f3lo nos tomamos unos pocos d\u00edas de vacaciones para dar un descanso a nuestro esforzado personal. Consulte nuestro calendario de vacaciones para saber m\u00e1s.\" \/>\n<meta name=\"robots\" content=\"index, follow, max-snippet:-1, max-image-preview:large, max-video-preview:-1\" \/>\n<link rel=\"canonical\" href=\"https:\/\/www.globecar.com\/es\/calendario-de-vacaciones\/\" \/>\n<meta property=\"og:locale\" content=\"es_ES\" \/>\n<meta property=\"og:type\" content=\"article\" \/>\n<meta property=\"og:title\" content=\"Calendario de vacaciones\" \/>\n<meta property=\"og:description\" content=\"Calendario de vacaciones 2026 Jueves, 1 de Enero A\u00f1o Nuevo Domingo, 5 de Abril Domingo de Pascua Lunes, 18 de Mayo D\u00eda de Victoria Mi\u00e9rcoles, 24 de Junio\" \/>\n<meta property=\"og:url\" content=\"https:\/\/www.globecar.com\/es\/calendario-de-vacaciones\/\" \/>\n<meta property=\"og:site_name\" content=\"Alquiler de coches y camiones Globe en Montreal\" \/>\n<meta property=\"article:publisher\" content=\"https:\/\/www.facebook.com\/GlobeCar\" \/>\n<meta property=\"article:modified_time\" content=\"2026-02-02T18:57:54+00:00\" \/>\n<meta property=\"og:image\" content=\"https:\/\/www.globecar.com\/wp-content\/uploads\/2023\/12\/thumbnail_logo_final-1.jpg\" \/>\n\t<meta property=\"og:image:width\" content=\"555\" \/>\n\t<meta property=\"og:image:height\" content=\"555\" \/>\n\t<meta property=\"og:image:type\" content=\"image\/jpeg\" \/>\n<meta name=\"twitter:card\" content=\"summary_large_image\" \/>\n<meta name=\"twitter:site\" content=\"@GlobeCar\" \/>\n<meta name=\"twitter:label1\" content=\"Tiempo de lectura\" \/>\n\t<meta name=\"twitter:data1\" content=\"1 minuto\" \/>\n<script type=\"application\/ld+json\" class=\"yoast-schema-graph\">{\"@context\":\"https:\/\/schema.org\",\"@graph\":[{\"@type\":\"WebPage\",\"@id\":\"https:\/\/www.globecar.com\/es\/calendario-de-vacaciones\/\",\"url\":\"https:\/\/www.globecar.com\/es\/calendario-de-vacaciones\/\",\"name\":\"Calendario de festivos - Lista | Alquiler de coches y camiones Globe en Montreal\",\"isPartOf\":{\"@id\":\"https:\/\/www.globecar.com\/es\/#website\"},\"datePublished\":\"2024-03-19T18:04:56+00:00\",\"dateModified\":\"2026-02-02T18:57:54+00:00\",\"description\":\"Estamos abiertos todo el tiempo, s\u00f3lo nos tomamos unos pocos d\u00edas de vacaciones para dar un descanso a nuestro esforzado personal. Consulte nuestro calendario de vacaciones para saber m\u00e1s.\",\"breadcrumb\":{\"@id\":\"https:\/\/www.globecar.com\/es\/calendario-de-vacaciones\/#breadcrumb\"},\"inLanguage\":\"es\",\"potentialAction\":[{\"@type\":\"ReadAction\",\"target\":[\"https:\/\/www.globecar.com\/es\/calendario-de-vacaciones\/\"]}]},{\"@type\":\"BreadcrumbList\",\"@id\":\"https:\/\/www.globecar.com\/es\/calendario-de-vacaciones\/#breadcrumb\",\"itemListElement\":[{\"@type\":\"ListItem\",\"position\":1,\"name\":\"Inicio\",\"item\":\"https:\/\/www.globecar.com\/es\/\"},{\"@type\":\"ListItem\",\"position\":2,\"name\":\"Calendario de vacaciones\"}]},{\"@type\":\"WebSite\",\"@id\":\"https:\/\/www.globecar.com\/es\/#website\",\"url\":\"https:\/\/www.globecar.com\/es\/\",\"name\":\"Globe Location d'Autos et Camions \u00e0 Montr\u00e9al\",\"description\":\"Drive 4 Less\",\"publisher\":{\"@id\":\"https:\/\/www.globecar.com\/es\/#organization\"},\"alternateName\":\"GlobeCar\",\"potentialAction\":[{\"@type\":\"SearchAction\",\"target\":{\"@type\":\"EntryPoint\",\"urlTemplate\":\"https:\/\/www.globecar.com\/es\/?s={search_term_string}\"},\"query-input\":{\"@type\":\"PropertyValueSpecification\",\"valueRequired\":true,\"valueName\":\"search_term_string\"}}],\"inLanguage\":\"es\"},{\"@type\":\"Organization\",\"@id\":\"https:\/\/www.globecar.com\/es\/#organization\",\"name\":\"Globe Car & Truck Rental\",\"alternateName\":\"GlobeCar\",\"url\":\"https:\/\/www.globecar.com\/es\/\",\"logo\":{\"@type\":\"ImageObject\",\"inLanguage\":\"es\",\"@id\":\"https:\/\/www.globecar.com\/es\/#\/schema\/logo\/image\/\",\"url\":\"https:\/\/www.globecar.com\/wp-content\/uploads\/2023\/12\/thumbnail_logo_final-1.jpg\",\"contentUrl\":\"https:\/\/www.globecar.com\/wp-content\/uploads\/2023\/12\/thumbnail_logo_final-1.jpg\",\"width\":555,\"height\":555,\"caption\":\"Globe Car & Truck Rental\"},\"image\":{\"@id\":\"https:\/\/www.globecar.com\/es\/#\/schema\/logo\/image\/\"},\"sameAs\":[\"https:\/\/www.facebook.com\/GlobeCar\",\"https:\/\/x.com\/GlobeCar\",\"https:\/\/mastodon.social\/@globecar\",\"https:\/\/www.instagram.com\/globecar\/\",\"https:\/\/www.linkedin.com\/company\/globecar\/\",\"https:\/\/www.pinterest.com\/globecar\",\"https:\/\/www.youtube.com\/c\/GlobecarRentals\"]}]}<\/script>\n<!-- \/ Yoast SEO Premium plugin. -->","yoast_head_json":{"title":"Calendario de festivos - Lista | Alquiler de coches y camiones Globe en Montreal","description":"Estamos abiertos todo el tiempo, s\u00f3lo nos tomamos unos pocos d\u00edas de vacaciones para dar un descanso a nuestro esforzado personal. Consulte nuestro calendario de vacaciones para saber m\u00e1s.","robots":{"index":"index","follow":"follow","max-snippet":"max-snippet:-1","max-image-preview":"max-image-preview:large","max-video-preview":"max-video-preview:-1"},"canonical":"https:\/\/www.globecar.com\/es\/calendario-de-vacaciones\/","og_locale":"es_ES","og_type":"article","og_title":"Calendario de vacaciones","og_description":"Calendario de vacaciones 2026 Jueves, 1 de Enero A\u00f1o Nuevo Domingo, 5 de Abril Domingo de Pascua Lunes, 18 de Mayo D\u00eda de Victoria Mi\u00e9rcoles, 24 de Junio","og_url":"https:\/\/www.globecar.com\/es\/calendario-de-vacaciones\/","og_site_name":"Alquiler de coches y camiones Globe en Montreal","article_publisher":"https:\/\/www.facebook.com\/GlobeCar","article_modified_time":"2026-02-02T18:57:54+00:00","og_image":[{"width":555,"height":555,"url":"https:\/\/www.globecar.com\/wp-content\/uploads\/2023\/12\/thumbnail_logo_final-1.jpg","type":"image\/jpeg"}],"twitter_card":"summary_large_image","twitter_site":"@GlobeCar","twitter_misc":{"Tiempo de lectura":"1 minuto"},"schema":{"@context":"https:\/\/schema.org","@graph":[{"@type":"WebPage","@id":"https:\/\/www.globecar.com\/es\/calendario-de-vacaciones\/","url":"https:\/\/www.globecar.com\/es\/calendario-de-vacaciones\/","name":"Calendario de festivos - Lista | Alquiler de coches y camiones Globe en Montreal","isPartOf":{"@id":"https:\/\/www.globecar.com\/es\/#website"},"datePublished":"2024-03-19T18:04:56+00:00","dateModified":"2026-02-02T18:57:54+00:00","description":"Estamos abiertos todo el tiempo, s\u00f3lo nos tomamos unos pocos d\u00edas de vacaciones para dar un descanso a nuestro esforzado personal. Consulte nuestro calendario de vacaciones para saber m\u00e1s.","breadcrumb":{"@id":"https:\/\/www.globecar.com\/es\/calendario-de-vacaciones\/#breadcrumb"},"inLanguage":"es","potentialAction":[{"@type":"ReadAction","target":["https:\/\/www.globecar.com\/es\/calendario-de-vacaciones\/"]}]},{"@type":"BreadcrumbList","@id":"https:\/\/www.globecar.com\/es\/calendario-de-vacaciones\/#breadcrumb","itemListElement":[{"@type":"ListItem","position":1,"name":"Inicio","item":"https:\/\/www.globecar.com\/es\/"},{"@type":"ListItem","position":2,"name":"Calendario de vacaciones"}]},{"@type":"WebSite","@id":"https:\/\/www.globecar.com\/es\/#website","url":"https:\/\/www.globecar.com\/es\/","name":"Globe Location d'Autos et Camions \u00e0 Montr\u00e9al","description":"Drive 4 Less","publisher":{"@id":"https:\/\/www.globecar.com\/es\/#organization"},"alternateName":"GlobeCar","potentialAction":[{"@type":"SearchAction","target":{"@type":"EntryPoint","urlTemplate":"https:\/\/www.globecar.com\/es\/?s={search_term_string}"},"query-input":{"@type":"PropertyValueSpecification","valueRequired":true,"valueName":"search_term_string"}}],"inLanguage":"es"},{"@type":"Organization","@id":"https:\/\/www.globecar.com\/es\/#organization","name":"Globe Car & Truck Rental","alternateName":"GlobeCar","url":"https:\/\/www.globecar.com\/es\/","logo":{"@type":"ImageObject","inLanguage":"es","@id":"https:\/\/www.globecar.com\/es\/#\/schema\/logo\/image\/","url":"https:\/\/www.globecar.com\/wp-content\/uploads\/2023\/12\/thumbnail_logo_final-1.jpg","contentUrl":"https:\/\/www.globecar.com\/wp-content\/uploads\/2023\/12\/thumbnail_logo_final-1.jpg","width":555,"height":555,"caption":"Globe Car & Truck Rental"},"image":{"@id":"https:\/\/www.globecar.com\/es\/#\/schema\/logo\/image\/"},"sameAs":["https:\/\/www.facebook.com\/GlobeCar","https:\/\/x.com\/GlobeCar","https:\/\/mastodon.social\/@globecar","https:\/\/www.instagram.com\/globecar\/","https:\/\/www.linkedin.com\/company\/globecar\/","https:\/\/www.pinterest.com\/globecar","https:\/\/www.youtube.com\/c\/GlobecarRentals"]}]}},"jetpack_sharing_enabled":true,"jetpack_shortlink":"https:\/\/wp.me\/PaiT2D-3we","_links":{"self":[{"href":"https:\/\/www.globecar.com\/es\/wp-json\/wp\/v2\/pages\/13530","targetHints":{"allow":["GET"]}}],"collection":[{"href":"https:\/\/www.globecar.com\/es\/wp-json\/wp\/v2\/pages"}],"about":[{"href":"https:\/\/www.globecar.com\/es\/wp-json\/wp\/v2\/types\/page"}],"author":[{"embeddable":true,"href":"https:\/\/www.globecar.com\/es\/wp-json\/wp\/v2\/users\/1"}],"replies":[{"embeddable":true,"href":"https:\/\/www.globecar.com\/es\/wp-json\/wp\/v2\/comments?post=13530"}],"version-history":[{"count":11,"href":"https:\/\/www.globecar.com\/es\/wp-json\/wp\/v2\/pages\/13530\/revisions"}],"predecessor-version":[{"id":18373,"href":"https:\/\/www.globecar.com\/es\/wp-json\/wp\/v2\/pages\/13530\/revisions\/18373"}],"wp:attachment":[{"href":"https:\/\/www.globecar.com\/es\/wp-json\/wp\/v2\/media?parent=13530"}],"curies":[{"name":"wp","href":"https:\/\/api.w.org\/{rel}","templated":true}]}}