{"id":13498,"date":"2024-03-19T14:04:51","date_gmt":"2024-03-19T18:04:51","guid":{"rendered":"https:\/\/www.globecar.com\/el-mas-barato-entre-semana\/"},"modified":"2024-12-23T15:13:56","modified_gmt":"2024-12-23T20:13:56","slug":"el-mas-barato-entre-semana","status":"publish","type":"page","link":"https:\/\/www.globecar.com\/es\/alquiler-de-coches\/el-mas-barato-entre-semana\/","title":{"rendered":"M\u00e1s barato entre semana"},"content":{"rendered":"<div class=\"wpb-content-wrapper\"><p>[vc_row content_placement=\u00bbmiddle\u00bb is_header=\u00bbtrue\u00bb][vc_column width=\u00bb2\/3&#8243; css=\u00bb.vc_custom_1507234915243{padding-top: 3em !important;padding-bottom: 3em !important;}\u00bb][vc_custom_heading text=\u00bb\u00a1PSSST! LOS D\u00cdAS LABORABLES SON SIEMPRE M\u00c1S BARATOS EN GLOBE\u00bb font_container=\u00bbtag:h1|font_size:26px|text_align:left\u00bb google_fonts=\u00bbfont_family:Roboto%3A100%2C100italic%2C300%2C300italic%2Cregular%2Citalic%2C500%2C500italic%2C700%2C700italic%2C900%2C900italic|font_style:900%20bold%20regular%3A900%3Anormal\u00bb][vc_column_text]<\/p>\n<h2>\u00bfALQUILER BARATO? ELIJA UNA RECOGIDA EN LUNES, MARTES, MI\u00c9RCOLES O JUEVES Y AHORRE HASTA UN 50%.<\/h2>\n<p>Evite las prisas del fin de semana planificando su viaje y sus recados durante la semana. De este modo, no s\u00f3lo evitar\u00e1 las aglomeraciones, sino que tambi\u00e9n tendr\u00e1 acceso a las mejores ofertas en alquiler de coches. Por ejemplo, si reserva un alquiler de una semana a partir de un lunes, martes o mi\u00e9rcoles, puede conseguir tarifas por debajo de 50 $ al d\u00eda, o s\u00f3lo 350 $ a la semana. El ahorro no acaba ah\u00ed: cuanto m\u00e1s tiempo alquile, m\u00e1s barato le saldr\u00e1 el precio diario, lo que lo convierte en una opci\u00f3n inteligente tanto para viajes cortos como para estancias prolongadas.<\/p>\n<p>\u00bfBuscas un veh\u00edculo m\u00e1s grande? Le ofrecemos <a href=\"https:\/\/www.globecar.com\/es\/veh%C3%ADculos\/monovolumen-7-pasajeros\/\">monovol\u00famenes baratos<\/a> y alquileres asequibles de <a href=\"https:\/\/www.globecar.com\/es\/nuestros-veh%C3%ADculos\/suvs\/\">todoterrenos 4&#215;4<\/a>, ideales para aventuras familiares o salidas en grupo. Adem\u00e1s, nuestros <a href=\"https:\/\/www.globecar.com\/es\/alquiler-de-coches\/mensualmente\/\">alquileres mensuales baratos<\/a> son perfectos para necesidades a largo plazo, ya que ofrecen una flexibilidad y un valor inigualables. Ya sea que est\u00e9 planeando unas vacaciones, un <a href=\"https:\/\/www.globecar.com\/es\/alquiler-de-coches-para-empresas\/\">viaje de negocios<\/a>, o simplemente necesita un veh\u00edculo de reemplazo temporal, nos aseguramos de que usted obtenga <a href=\"https:\/\/www.globecar.com\/es\/acerca-de\/garantia-de-igualacion-de-precios\/\">la mejor tarifa garantizada<\/a>, con precios que son hasta un 50% m\u00e1s bajos que la competencia.<\/p>\n<p>\u00bfSe encuentra en Montreal? Reserve ahora para disfrutar de nuestros exclusivos descuentos locales. No pierda la oportunidad de asegurarse las opciones de alquiler de coches m\u00e1s baratas disponibles. Comience su viaje hoy mismo y disfrute de comodidad, confort y un ahorro excepcional en cada viaje.[\/vc_column_text][\/vc_column][vc_column width=\u00bb1\/3&#8243;][vc_single_image image=\u00bb9261&#8243; img_size=\u00bbfull\u00bb alignment=\u00bbcenter\u00bb][\/vc_column][\/vc_row][vc_section is_container=\u00bbtrue\u00bb][vc_row css=\u00bb.vc_custom_1530203550900{margin-bottom: 2em !important;}\u00bb][vc_column][vc_column_text css=\u00bb.vc_custom_1559658891003{margin-bottom: 1em !important;}\u00bb]<\/p>\n<p style=\"text-align: center;\"><strong>EJEMPLO N\u00ba 1:<\/strong> RECOGIDA <span style=\"text-decoration: underline; color: #ff6c00;\">VIERNES<\/span>, DEVOLUCI\u00d3N DOMINGO<\/p>\n<p>[\/vc_column_text][vc_single_image image=\u00bb9357&#8243; img_size=\u00bbfull\u00bb alignment=\u00bbcenter\u00bb][\/vc_column][\/vc_row][vc_row][vc_column][vc_column_text css=\u00bb.vc_custom_1559658881256{margin-bottom: 1em !important;}\u00bb]<\/p>\n<p style=\"text-align: center;\"><strong>EJEMPLO N\u00ba 2:<\/strong> RECOGIDA <span style=\"color: #ff6c00;\"><span style=\"text-decoration: underline;\">MI\u00c9RCOLES<\/span> <\/span>REGRESO DOMINGO<\/p>\n<p>[\/vc_column_text][vc_single_image image=\u00bb9358&#8243; img_size=\u00bbfull\u00bb alignment=\u00bbcenter\u00bb][\/vc_column][\/vc_row][\/vc_section][vc_section][vc_row full_width=\u00bbstretch_row\u00bb][vc_column]\n\t\t<div class=\"simple-banner align-center\">\n\t\t\t<img decoding=\"async\" width=\"1574\" height=\"495\" src=\"https:\/\/www.globecar.com\/wp-content\/uploads\/2017\/09\/corporate.jpg\" class=\"attachment-full size-full\" alt=\"corporate\" srcset=\"https:\/\/www.globecar.com\/wp-content\/uploads\/2017\/09\/corporate.jpg 1574w, https:\/\/www.globecar.com\/wp-content\/uploads\/2017\/09\/corporate-150x47.jpg 150w, https:\/\/www.globecar.com\/wp-content\/uploads\/2017\/09\/corporate-300x94.jpg 300w, https:\/\/www.globecar.com\/wp-content\/uploads\/2017\/09\/corporate-768x242.jpg 768w, https:\/\/www.globecar.com\/wp-content\/uploads\/2017\/09\/corporate-1024x322.jpg 1024w, https:\/\/www.globecar.com\/wp-content\/uploads\/2017\/09\/corporate-300x94@2x.jpg 600w, https:\/\/www.globecar.com\/wp-content\/uploads\/2017\/09\/corporate-768x242@2x.jpg 1536w\" sizes=\"(max-width: 1574px) 100vw, 1574px\" \/>\n\t\t\t<div class=\"wrap\"><div class=\"mini-wrap\"><h3>\u00bfVES LA DIFERENCIA?<\/h3><a class=\"button onDark full large\" href=\"https:\/\/reserve.globecar.com\/en\/rent-a-car\">ALQUILAR AHORA<\/a><\/div>\t<\/div><\/div>[\/vc_column][\/vc_row][\/vc_section]<\/p>\n<\/div>","protected":false},"excerpt":{"rendered":"<p>[vc_row content_placement=\u00bbmiddle\u00bb is_header=\u00bbtrue\u00bb][vc_column width=\u00bb2\/3&#8243; css=\u00bb.vc_custom_1507234915243{padding-top: 3em !important;padding-bottom: 3em !important;}\u00bb][vc_custom_heading text=\u00bb\u00a1PSSST! LOS D\u00cdAS LABORABLES SON SIEMPRE M\u00c1S BARATOS EN GLOBE\u00bb font_container=\u00bbtag:h1|font_size:26px|text_align:left\u00bb google_fonts=\u00bbfont_family:Roboto%3A100%2C100italic%2C300%2C300italic%2Cregular%2Citalic%2C500%2C500italic%2C700%2C700italic%2C900%2C900italic|font_style:900%20bold%20regular%3A900%3Anormal\u00bb][vc_column_text] \u00bfALQUILER BARATO? ELIJA UNA RECOGIDA EN LUNES, MARTES, MI\u00c9RCOLES O JUEVES Y AHORRE HASTA UN 50%. Evite las prisas del fin de semana planificando su viaje y sus recados durante la semana. De este [&hellip;]<\/p>\n","protected":false},"author":1,"featured_media":0,"parent":13728,"menu_order":0,"comment_status":"closed","ping_status":"closed","template":"","meta":{"_acf_changed":false,"_genesis_hide_title":false,"_genesis_hide_breadcrumbs":false,"_genesis_hide_singular_image":false,"_genesis_hide_footer_widgets":false,"_genesis_custom_body_class":"","_genesis_custom_post_class":"","_genesis_layout":"","jetpack_post_was_ever_published":false,"footnotes":""},"class_list":{"0":"post-13498","1":"page","2":"type-page","3":"status-publish","5":"entry","6":"has-post-thumbnail"},"acf":[],"yoast_head":"<!-- This site is optimized with the Yoast SEO Premium plugin v27.1 (Yoast SEO v27.1.1) - https:\/\/yoast.com\/product\/yoast-seo-premium-wordpress\/ -->\n<title>Alquileres baratos entre semana | Alquiler de coches y camiones Globe en Montreal<\/title>\n<meta name=\"description\" content=\"Los alquileres de coches baratos son m\u00e1s baratos cuando se selecciona una fecha de recogida durante la semana en lugar del fin de semana. Deja de buscar c\u00f3digos de alquiler de coches y reserva ahora con Globe\" \/>\n<meta name=\"robots\" content=\"index, follow, max-snippet:-1, max-image-preview:large, max-video-preview:-1\" \/>\n<link rel=\"canonical\" href=\"https:\/\/www.globecar.com\/es\/alquiler-de-coches\/el-mas-barato-entre-semana\/\" \/>\n<meta property=\"og:locale\" content=\"es_ES\" \/>\n<meta property=\"og:type\" content=\"article\" \/>\n<meta property=\"og:title\" content=\"M\u00e1s barato entre semana\" \/>\n<meta property=\"og:description\" content=\"\u00bfALQUILER BARATO? ELIJA UNA RECOGIDA EN LUNES, MARTES, MI\u00c9RCOLES O JUEVES Y AHORRE HASTA UN 50%. Evite las prisas del fin de semana planificando su viaje\" \/>\n<meta property=\"og:url\" content=\"https:\/\/www.globecar.com\/es\/alquiler-de-coches\/el-mas-barato-entre-semana\/\" \/>\n<meta property=\"og:site_name\" content=\"Alquiler de coches y camiones Globe en Montreal\" \/>\n<meta property=\"article:publisher\" content=\"https:\/\/www.facebook.com\/GlobeCar\" \/>\n<meta property=\"article:modified_time\" content=\"2024-12-23T20:13:56+00:00\" \/>\n<meta property=\"og:image\" content=\"https:\/\/www.globecar.com\/wp-content\/uploads\/2023\/12\/thumbnail_logo_final-1.jpg\" \/>\n\t<meta property=\"og:image:width\" content=\"555\" \/>\n\t<meta property=\"og:image:height\" content=\"555\" \/>\n\t<meta property=\"og:image:type\" content=\"image\/jpeg\" \/>\n<meta name=\"twitter:card\" content=\"summary_large_image\" \/>\n<meta name=\"twitter:site\" content=\"@GlobeCar\" \/>\n<meta name=\"twitter:label1\" content=\"Tiempo de lectura\" \/>\n\t<meta name=\"twitter:data1\" content=\"3 minutos\" \/>\n<script type=\"application\/ld+json\" class=\"yoast-schema-graph\">{\"@context\":\"https:\/\/schema.org\",\"@graph\":[{\"@type\":\"WebPage\",\"@id\":\"https:\/\/www.globecar.com\/es\/alquiler-de-coches\/el-mas-barato-entre-semana\/\",\"url\":\"https:\/\/www.globecar.com\/es\/alquiler-de-coches\/el-mas-barato-entre-semana\/\",\"name\":\"Alquileres baratos entre semana | Alquiler de coches y camiones Globe en Montreal\",\"isPartOf\":{\"@id\":\"https:\/\/www.globecar.com\/es\/#website\"},\"datePublished\":\"2024-03-19T18:04:51+00:00\",\"dateModified\":\"2024-12-23T20:13:56+00:00\",\"description\":\"Los alquileres de coches baratos son m\u00e1s baratos cuando se selecciona una fecha de recogida durante la semana en lugar del fin de semana. Deja de buscar c\u00f3digos de alquiler de coches y reserva ahora con Globe\",\"breadcrumb\":{\"@id\":\"https:\/\/www.globecar.com\/es\/alquiler-de-coches\/el-mas-barato-entre-semana\/#breadcrumb\"},\"inLanguage\":\"es\",\"potentialAction\":[{\"@type\":\"ReadAction\",\"target\":[\"https:\/\/www.globecar.com\/es\/alquiler-de-coches\/el-mas-barato-entre-semana\/\"]}]},{\"@type\":\"BreadcrumbList\",\"@id\":\"https:\/\/www.globecar.com\/es\/alquiler-de-coches\/el-mas-barato-entre-semana\/#breadcrumb\",\"itemListElement\":[{\"@type\":\"ListItem\",\"position\":1,\"name\":\"Inicio\",\"item\":\"https:\/\/www.globecar.com\/es\/\"},{\"@type\":\"ListItem\",\"position\":2,\"name\":\"Alquiler de coches\",\"item\":\"https:\/\/www.globecar.com\/es\/alquiler-de-coches\/\"},{\"@type\":\"ListItem\",\"position\":3,\"name\":\"M\u00e1s barato entre semana\"}]},{\"@type\":\"WebSite\",\"@id\":\"https:\/\/www.globecar.com\/es\/#website\",\"url\":\"https:\/\/www.globecar.com\/es\/\",\"name\":\"Globe Location d'Autos et Camions \u00e0 Montr\u00e9al\",\"description\":\"Drive 4 Less\",\"publisher\":{\"@id\":\"https:\/\/www.globecar.com\/es\/#organization\"},\"alternateName\":\"GlobeCar\",\"potentialAction\":[{\"@type\":\"SearchAction\",\"target\":{\"@type\":\"EntryPoint\",\"urlTemplate\":\"https:\/\/www.globecar.com\/es\/?s={search_term_string}\"},\"query-input\":{\"@type\":\"PropertyValueSpecification\",\"valueRequired\":true,\"valueName\":\"search_term_string\"}}],\"inLanguage\":\"es\"},{\"@type\":\"Organization\",\"@id\":\"https:\/\/www.globecar.com\/es\/#organization\",\"name\":\"Globe Car & Truck Rental\",\"alternateName\":\"GlobeCar\",\"url\":\"https:\/\/www.globecar.com\/es\/\",\"logo\":{\"@type\":\"ImageObject\",\"inLanguage\":\"es\",\"@id\":\"https:\/\/www.globecar.com\/es\/#\/schema\/logo\/image\/\",\"url\":\"https:\/\/www.globecar.com\/wp-content\/uploads\/2023\/12\/thumbnail_logo_final-1.jpg\",\"contentUrl\":\"https:\/\/www.globecar.com\/wp-content\/uploads\/2023\/12\/thumbnail_logo_final-1.jpg\",\"width\":555,\"height\":555,\"caption\":\"Globe Car & Truck Rental\"},\"image\":{\"@id\":\"https:\/\/www.globecar.com\/es\/#\/schema\/logo\/image\/\"},\"sameAs\":[\"https:\/\/www.facebook.com\/GlobeCar\",\"https:\/\/x.com\/GlobeCar\",\"https:\/\/mastodon.social\/@globecar\",\"https:\/\/www.instagram.com\/globecar\/\",\"https:\/\/www.linkedin.com\/company\/globecar\/\",\"https:\/\/www.pinterest.com\/globecar\",\"https:\/\/www.youtube.com\/c\/GlobecarRentals\"]}]}<\/script>\n<!-- \/ Yoast SEO Premium plugin. -->","yoast_head_json":{"title":"Alquileres baratos entre semana | Alquiler de coches y camiones Globe en Montreal","description":"Los alquileres de coches baratos son m\u00e1s baratos cuando se selecciona una fecha de recogida durante la semana en lugar del fin de semana. Deja de buscar c\u00f3digos de alquiler de coches y reserva ahora con Globe","robots":{"index":"index","follow":"follow","max-snippet":"max-snippet:-1","max-image-preview":"max-image-preview:large","max-video-preview":"max-video-preview:-1"},"canonical":"https:\/\/www.globecar.com\/es\/alquiler-de-coches\/el-mas-barato-entre-semana\/","og_locale":"es_ES","og_type":"article","og_title":"M\u00e1s barato entre semana","og_description":"\u00bfALQUILER BARATO? ELIJA UNA RECOGIDA EN LUNES, MARTES, MI\u00c9RCOLES O JUEVES Y AHORRE HASTA UN 50%. Evite las prisas del fin de semana planificando su viaje","og_url":"https:\/\/www.globecar.com\/es\/alquiler-de-coches\/el-mas-barato-entre-semana\/","og_site_name":"Alquiler de coches y camiones Globe en Montreal","article_publisher":"https:\/\/www.facebook.com\/GlobeCar","article_modified_time":"2024-12-23T20:13:56+00:00","og_image":[{"width":555,"height":555,"url":"https:\/\/www.globecar.com\/wp-content\/uploads\/2023\/12\/thumbnail_logo_final-1.jpg","type":"image\/jpeg"}],"twitter_card":"summary_large_image","twitter_site":"@GlobeCar","twitter_misc":{"Tiempo de lectura":"3 minutos"},"schema":{"@context":"https:\/\/schema.org","@graph":[{"@type":"WebPage","@id":"https:\/\/www.globecar.com\/es\/alquiler-de-coches\/el-mas-barato-entre-semana\/","url":"https:\/\/www.globecar.com\/es\/alquiler-de-coches\/el-mas-barato-entre-semana\/","name":"Alquileres baratos entre semana | Alquiler de coches y camiones Globe en Montreal","isPartOf":{"@id":"https:\/\/www.globecar.com\/es\/#website"},"datePublished":"2024-03-19T18:04:51+00:00","dateModified":"2024-12-23T20:13:56+00:00","description":"Los alquileres de coches baratos son m\u00e1s baratos cuando se selecciona una fecha de recogida durante la semana en lugar del fin de semana. Deja de buscar c\u00f3digos de alquiler de coches y reserva ahora con Globe","breadcrumb":{"@id":"https:\/\/www.globecar.com\/es\/alquiler-de-coches\/el-mas-barato-entre-semana\/#breadcrumb"},"inLanguage":"es","potentialAction":[{"@type":"ReadAction","target":["https:\/\/www.globecar.com\/es\/alquiler-de-coches\/el-mas-barato-entre-semana\/"]}]},{"@type":"BreadcrumbList","@id":"https:\/\/www.globecar.com\/es\/alquiler-de-coches\/el-mas-barato-entre-semana\/#breadcrumb","itemListElement":[{"@type":"ListItem","position":1,"name":"Inicio","item":"https:\/\/www.globecar.com\/es\/"},{"@type":"ListItem","position":2,"name":"Alquiler de coches","item":"https:\/\/www.globecar.com\/es\/alquiler-de-coches\/"},{"@type":"ListItem","position":3,"name":"M\u00e1s barato entre semana"}]},{"@type":"WebSite","@id":"https:\/\/www.globecar.com\/es\/#website","url":"https:\/\/www.globecar.com\/es\/","name":"Globe Location d'Autos et Camions \u00e0 Montr\u00e9al","description":"Drive 4 Less","publisher":{"@id":"https:\/\/www.globecar.com\/es\/#organization"},"alternateName":"GlobeCar","potentialAction":[{"@type":"SearchAction","target":{"@type":"EntryPoint","urlTemplate":"https:\/\/www.globecar.com\/es\/?s={search_term_string}"},"query-input":{"@type":"PropertyValueSpecification","valueRequired":true,"valueName":"search_term_string"}}],"inLanguage":"es"},{"@type":"Organization","@id":"https:\/\/www.globecar.com\/es\/#organization","name":"Globe Car & Truck Rental","alternateName":"GlobeCar","url":"https:\/\/www.globecar.com\/es\/","logo":{"@type":"ImageObject","inLanguage":"es","@id":"https:\/\/www.globecar.com\/es\/#\/schema\/logo\/image\/","url":"https:\/\/www.globecar.com\/wp-content\/uploads\/2023\/12\/thumbnail_logo_final-1.jpg","contentUrl":"https:\/\/www.globecar.com\/wp-content\/uploads\/2023\/12\/thumbnail_logo_final-1.jpg","width":555,"height":555,"caption":"Globe Car & Truck Rental"},"image":{"@id":"https:\/\/www.globecar.com\/es\/#\/schema\/logo\/image\/"},"sameAs":["https:\/\/www.facebook.com\/GlobeCar","https:\/\/x.com\/GlobeCar","https:\/\/mastodon.social\/@globecar","https:\/\/www.instagram.com\/globecar\/","https:\/\/www.linkedin.com\/company\/globecar\/","https:\/\/www.pinterest.com\/globecar","https:\/\/www.youtube.com\/c\/GlobecarRentals"]}]}},"jetpack_sharing_enabled":true,"jetpack_shortlink":"https:\/\/wp.me\/PaiT2D-3vI","_links":{"self":[{"href":"https:\/\/www.globecar.com\/es\/wp-json\/wp\/v2\/pages\/13498","targetHints":{"allow":["GET"]}}],"collection":[{"href":"https:\/\/www.globecar.com\/es\/wp-json\/wp\/v2\/pages"}],"about":[{"href":"https:\/\/www.globecar.com\/es\/wp-json\/wp\/v2\/types\/page"}],"author":[{"embeddable":true,"href":"https:\/\/www.globecar.com\/es\/wp-json\/wp\/v2\/users\/1"}],"replies":[{"embeddable":true,"href":"https:\/\/www.globecar.com\/es\/wp-json\/wp\/v2\/comments?post=13498"}],"version-history":[{"count":0,"href":"https:\/\/www.globecar.com\/es\/wp-json\/wp\/v2\/pages\/13498\/revisions"}],"up":[{"embeddable":true,"href":"https:\/\/www.globecar.com\/es\/wp-json\/wp\/v2\/pages\/13728"}],"wp:attachment":[{"href":"https:\/\/www.globecar.com\/es\/wp-json\/wp\/v2\/media?parent=13498"}],"curies":[{"name":"wp","href":"https:\/\/api.w.org\/{rel}","templated":true}]}}